{"id":18967,"date":"2023-08-08T10:22:33","date_gmt":"2023-08-08T10:22:33","guid":{"rendered":"https:\/\/www.iceireland.com\/?page_id=18967"},"modified":"2026-08-20T15:12:44","modified_gmt":"2026-08-20T15:12:44","slug":"campamento-ingles-verano-irlanda","status":"publish","type":"page","link":"https:\/\/www.iceireland.com\/es\/campamento-ingles-verano-irlanda\/","title":{"rendered":"Campamento Junior Internacional de Verano en Irlanda"},"content":{"rendered":"\t\t<div data-elementor-type=\"wp-page\" data-elementor-id=\"18967\" class=\"elementor elementor-18967 elementor-18965\" data-elementor-post-type=\"page\">\n\t\t\t\t\t\t<section class=\"elementor-section elementor-top-section elementor-element elementor-element-7e6a6ded elementor-section-content-middle elementor-section-boxed elementor-section-height-default elementor-section-height-default\" data-id=\"7e6a6ded\" data-element_type=\"section\" data-e-type=\"section\">\n\t\t\t\t\t\t<div class=\"elementor-container elementor-column-gap-no\">\n\t\t\t\t\t<div class=\"elementor-column elementor-col-100 elementor-top-column elementor-element elementor-element-703cede2\" data-id=\"703cede2\" data-element_type=\"column\" data-e-type=\"column\">\n\t\t\t<div class=\"elementor-widget-wrap elementor-element-populated\">\n\t\t\t\t\t\t<div class=\"elementor-element elementor-element-43982b72 elementor-widget elementor-widget-heading\" data-id=\"43982b72\" data-element_type=\"widget\" data-e-type=\"widget\" data-widget_type=\"heading.default\">\n\t\t\t\t<div class=\"elementor-widget-container\">\n\t\t\t\t\t<h1 class=\"elementor-heading-title elementor-size-default\"><br>Campamentos internacionales de verano para j\u00f3venes 2027<\/h1>\t\t\t\t<\/div>\n\t\t\t\t<\/div>\n\t\t\t\t\t<\/div>\n\t\t<\/div>\n\t\t\t\t\t<\/div>\n\t\t<\/section>\n\t\t\t\t<section class=\"elementor-section elementor-top-section elementor-element elementor-element-496c60b elementor-section-boxed elementor-section-height-default elementor-section-height-default\" data-id=\"496c60b\" data-element_type=\"section\" data-e-type=\"section\">\n\t\t\t\t\t\t<div class=\"elementor-container elementor-column-gap-default\">\n\t\t\t\t\t<div class=\"elementor-column elementor-col-100 elementor-top-column elementor-element elementor-element-6fd18cd\" data-id=\"6fd18cd\" data-element_type=\"column\" data-e-type=\"column\">\n\t\t\t<div class=\"elementor-widget-wrap\">\n\t\t\t\t\t\t\t<\/div>\n\t\t<\/div>\n\t\t\t\t\t<\/div>\n\t\t<\/section>\n\t\t\t\t<section class=\"elementor-section elementor-top-section elementor-element elementor-element-4756559 elementor-section-boxed elementor-section-height-default elementor-section-height-default\" data-id=\"4756559\" data-element_type=\"section\" data-e-type=\"section\">\n\t\t\t\t\t\t<div class=\"elementor-container elementor-column-gap-default\">\n\t\t\t\t\t<div class=\"elementor-column elementor-col-100 elementor-top-column elementor-element elementor-element-217ce32\" data-id=\"217ce32\" data-element_type=\"column\" data-e-type=\"column\">\n\t\t\t<div class=\"elementor-widget-wrap elementor-element-populated\">\n\t\t\t\t\t\t<div class=\"elementor-element elementor-element-c9c8ab5 elementor-widget elementor-widget-video\" data-id=\"c9c8ab5\" data-element_type=\"widget\" data-e-type=\"widget\" data-settings=\"{&quot;youtube_url&quot;:&quot;https:\\\/\\\/youtu.be\\\/I9zAocWOu5s&quot;,&quot;autoplay&quot;:&quot;yes&quot;,&quot;play_on_mobile&quot;:&quot;yes&quot;,&quot;mute&quot;:&quot;yes&quot;,&quot;loop&quot;:&quot;yes&quot;,&quot;video_type&quot;:&quot;youtube&quot;,&quot;controls&quot;:&quot;yes&quot;}\" data-widget_type=\"video.default\">\n\t\t\t\t<div class=\"elementor-widget-container\">\n\t\t\t\t\t\t\t<div class=\"elementor-wrapper elementor-open-inline\">\n\t\t\t<div class=\"elementor-video\"><\/div>\t\t<\/div>\n\t\t\t\t\t\t<\/div>\n\t\t\t\t<\/div>\n\t\t\t\t<div class=\"elementor-element elementor-element-e434bec elementor-widget elementor-widget-spacer\" data-id=\"e434bec\" data-element_type=\"widget\" data-e-type=\"widget\" data-widget_type=\"spacer.default\">\n\t\t\t\t<div class=\"elementor-widget-container\">\n\t\t\t\t\t\t\t<div class=\"elementor-spacer\">\n\t\t\t<div class=\"elementor-spacer-inner\"><\/div>\n\t\t<\/div>\n\t\t\t\t\t\t<\/div>\n\t\t\t\t<\/div>\n\t\t\t\t\t<\/div>\n\t\t<\/div>\n\t\t\t\t\t<\/div>\n\t\t<\/section>\n\t\t\t\t<section class=\"elementor-section elementor-top-section elementor-element elementor-element-c18f250 elementor-section-boxed elementor-section-height-default elementor-section-height-default\" data-id=\"c18f250\" data-element_type=\"section\" data-e-type=\"section\">\n\t\t\t\t\t\t<div class=\"elementor-container elementor-column-gap-default\">\n\t\t\t\t\t<div class=\"elementor-column elementor-col-100 elementor-top-column elementor-element elementor-element-d9b5843\" data-id=\"d9b5843\" data-element_type=\"column\" data-e-type=\"column\">\n\t\t\t<div class=\"elementor-widget-wrap elementor-element-populated\">\n\t\t\t\t\t\t<div class=\"elementor-element elementor-element-b160a8b elementor-widget elementor-widget-image\" data-id=\"b160a8b\" data-element_type=\"widget\" data-e-type=\"widget\" data-widget_type=\"image.default\">\n\t\t\t\t<div class=\"elementor-widget-container\">\n\t\t\t\t\t\t\t\t\t\t\t\t\t\t\t<img decoding=\"async\" src=\"https:\/\/www.iceireland.com\/wp-content\/uploads\/elementor\/thumbs\/ICE-Summer-Camp-2025-Banner-Photos-20-e1756114407659-rarsiin3ljbkcjci43behjve2aac63zzdezygsjuko.png\" title=\"_ICE Summer Camp 2025 Banner Photos (20)\" alt=\"_ICE Summer Camp 2025 Banner Photos (20)\" loading=\"lazy\" \/>\t\t\t\t\t\t\t\t\t\t\t\t\t\t\t<\/div>\n\t\t\t\t<\/div>\n\t\t\t\t<div class=\"elementor-element elementor-element-94093d5 elementor-widget elementor-widget-text-editor\" data-id=\"94093d5\" data-element_type=\"widget\" data-e-type=\"widget\" data-widget_type=\"text-editor.default\">\n\t\t\t\t<div class=\"elementor-widget-container\">\n\t\t\t\t\t\t\t\t\t<h4 style=\"text-align: center;\">Del 14 de junio al 22 de agosto de 2027<\/h4><h6 style=\"text-align: center;\">Nuestro programa m\u00e1s popular, Descubra lo mejor de vivir en Dubl\u00edn en una ubicaci\u00f3n ideal y segura &#8211; Malahide, Dubl\u00edn.<\/h6>\t\t\t\t\t\t\t\t<\/div>\n\t\t\t\t<\/div>\n\t\t\t\t<section class=\"elementor-section elementor-inner-section elementor-element elementor-element-1dac702 elementor-section-boxed elementor-section-height-default elementor-section-height-default\" data-id=\"1dac702\" data-element_type=\"section\" data-e-type=\"section\">\n\t\t\t\t\t\t<div class=\"elementor-container elementor-column-gap-default\">\n\t\t\t\t\t<div class=\"elementor-column elementor-col-50 elementor-inner-column elementor-element elementor-element-0c98cd4\" data-id=\"0c98cd4\" data-element_type=\"column\" data-e-type=\"column\">\n\t\t\t<div class=\"elementor-widget-wrap elementor-element-populated\">\n\t\t\t\t\t\t<div class=\"elementor-element elementor-element-4f4e24e elementor-widget elementor-widget-text-editor\" data-id=\"4f4e24e\" data-element_type=\"widget\" data-e-type=\"widget\" data-widget_type=\"text-editor.default\">\n\t\t\t\t<div class=\"elementor-widget-container\">\n\t\t\t\t\t\t\t\t\t<ul><li>Pueblo costero bonito y seguro<\/li><li>Excelente ubicaci\u00f3n &#8211; Cerca de la ciudad de Dubl\u00edn y del aeropuerto<\/li><li>Todas las estancias en casa en un radio de 4 km<\/li><li>Una nacionalidad por domicilio<\/li><li>Todos los anfitriones han sido investigados por la polic\u00eda<\/li><\/ul>\t\t\t\t\t\t\t\t<\/div>\n\t\t\t\t<\/div>\n\t\t\t\t\t<\/div>\n\t\t<\/div>\n\t\t\t\t<div class=\"elementor-column elementor-col-50 elementor-inner-column elementor-element elementor-element-6047aba\" data-id=\"6047aba\" data-element_type=\"column\" data-e-type=\"column\">\n\t\t\t<div class=\"elementor-widget-wrap elementor-element-populated\">\n\t\t\t\t\t\t<div class=\"elementor-element elementor-element-9a29e60 elementor-widget elementor-widget-text-editor\" data-id=\"9a29e60\" data-element_type=\"widget\" data-e-type=\"widget\" data-widget_type=\"text-editor.default\">\n\t\t\t\t<div class=\"elementor-widget-container\">\n\t\t\t\t\t\t\t\t\t<ul><li>Fechas de llegada y salida flexibles<\/li><li>Alojamiento en pensi\u00f3n completa<\/li><li>Max. 15 alumnos por clase <\/li><li>Abono de transporte p\u00fablico de Dubl\u00edn<\/li><li>Traslados al aeropuerto 7 d\u00edas a la semana<\/li><\/ul>\t\t\t\t\t\t\t\t<\/div>\n\t\t\t\t<\/div>\n\t\t\t\t\t<\/div>\n\t\t<\/div>\n\t\t\t\t\t<\/div>\n\t\t<\/section>\n\t\t\t\t<div class=\"elementor-element elementor-element-f5c3ca1 elementor-align-center elementor-widget elementor-widget-button\" data-id=\"f5c3ca1\" data-element_type=\"widget\" data-e-type=\"widget\" data-widget_type=\"button.default\">\n\t\t\t\t<div class=\"elementor-widget-container\">\n\t\t\t\t\t\t\t\t\t<div class=\"elementor-button-wrapper\">\n\t\t\t\t\t<a class=\"elementor-button elementor-button-link elementor-size-sm\" href=\"https:\/\/www.iceireland.com\/es\/campamento-ingles-verano-irlanda\/english-summer-camp-dublin\/\">\n\t\t\t\t\t\t<span class=\"elementor-button-content-wrapper\">\n\t\t\t\t\t\t\t\t\t<span class=\"elementor-button-text\">Homestay Dublin - Ingl\u00e9s y Multiactividad  <\/span>\n\t\t\t\t\t<\/span>\n\t\t\t\t\t<\/a>\n\t\t\t\t<\/div>\n\t\t\t\t\t\t\t\t<\/div>\n\t\t\t\t<\/div>\n\t\t\t\t\t<\/div>\n\t\t<\/div>\n\t\t\t\t\t<\/div>\n\t\t<\/section>\n\t\t\t\t<section class=\"elementor-section elementor-top-section elementor-element elementor-element-9417a8b elementor-section-boxed elementor-section-height-default elementor-section-height-default\" data-id=\"9417a8b\" data-element_type=\"section\" data-e-type=\"section\">\n\t\t\t\t\t\t<div class=\"elementor-container elementor-column-gap-default\">\n\t\t\t\t\t<div class=\"elementor-column elementor-col-100 elementor-top-column elementor-element elementor-element-97a00b1\" data-id=\"97a00b1\" data-element_type=\"column\" data-e-type=\"column\">\n\t\t\t<div class=\"elementor-widget-wrap elementor-element-populated\">\n\t\t\t\t\t\t<div class=\"elementor-element elementor-element-aa12ffc elementor-widget elementor-widget-spacer\" data-id=\"aa12ffc\" data-element_type=\"widget\" data-e-type=\"widget\" data-widget_type=\"spacer.default\">\n\t\t\t\t<div class=\"elementor-widget-container\">\n\t\t\t\t\t\t\t<div class=\"elementor-spacer\">\n\t\t\t<div class=\"elementor-spacer-inner\"><\/div>\n\t\t<\/div>\n\t\t\t\t\t\t<\/div>\n\t\t\t\t<\/div>\n\t\t\t\t<div class=\"elementor-element elementor-element-0c40521 elementor-widget elementor-widget-image\" data-id=\"0c40521\" data-element_type=\"widget\" data-e-type=\"widget\" data-widget_type=\"image.default\">\n\t\t\t\t<div class=\"elementor-widget-container\">\n\t\t\t\t\t\t\t\t\t\t\t\t\t\t\t<img decoding=\"async\" src=\"https:\/\/www.iceireland.com\/wp-content\/uploads\/elementor\/thumbs\/ICE-Summer-Camp-2025-Banner-Photos-16-raj31be0hkqbo9qcri280tzxdzlwvxj5gusowb8cqw.png\" title=\"_ICE Summer Camp 2025 Banner Photos (16)\" alt=\"_ICE Summer Camp 2025 Banner Photos (16)\" loading=\"lazy\" \/>\t\t\t\t\t\t\t\t\t\t\t\t\t\t\t<\/div>\n\t\t\t\t<\/div>\n\t\t\t\t<div class=\"elementor-element elementor-element-7a1c085 elementor-widget elementor-widget-text-editor\" data-id=\"7a1c085\" data-element_type=\"widget\" data-e-type=\"widget\" data-widget_type=\"text-editor.default\">\n\t\t\t\t<div class=\"elementor-widget-container\">\n\t\t\t\t\t\t\t\t\t<h4 style=\"text-align: center;\">Del 28 de junio al 2 de agosto de 2027<\/h4><h6 style=\"text-align: center;\">Programa Residencial de Ingl\u00e9s y Multiactividad en Glenstal Abbey, nuestro Campus Hist\u00f3rico en un Incre\u00edble Entorno Rural<\/h6>\t\t\t\t\t\t\t\t<\/div>\n\t\t\t\t<\/div>\n\t\t\t\t<section class=\"elementor-section elementor-inner-section elementor-element elementor-element-32c94b5 elementor-section-boxed elementor-section-height-default elementor-section-height-default\" data-id=\"32c94b5\" data-element_type=\"section\" data-e-type=\"section\">\n\t\t\t\t\t\t<div class=\"elementor-container elementor-column-gap-default\">\n\t\t\t\t\t<div class=\"elementor-column elementor-col-50 elementor-inner-column elementor-element elementor-element-3eae796\" data-id=\"3eae796\" data-element_type=\"column\" data-e-type=\"column\">\n\t\t\t<div class=\"elementor-widget-wrap elementor-element-populated\">\n\t\t\t\t\t\t<div class=\"elementor-element elementor-element-f70357f elementor-widget elementor-widget-text-editor\" data-id=\"f70357f\" data-element_type=\"widget\" data-e-type=\"widget\" data-widget_type=\"text-editor.default\">\n\t\t\t\t<div class=\"elementor-widget-container\">\n\t\t\t\t\t\t\t\t\t<ul><li>Hermoso Campus del Castillo<\/li><li>Entorno hist\u00f3rico con instalaciones modernas  <\/li><li>Aproximadamente a 2 horas del aeropuerto de Dubl\u00edn <\/li><li>A 30 minutos de la ciudad de Limerick<\/li><li>Traslados al aeropuerto los domingos de 8 a 20 h<\/li><\/ul>\t\t\t\t\t\t\t\t<\/div>\n\t\t\t\t<\/div>\n\t\t\t\t\t<\/div>\n\t\t<\/div>\n\t\t\t\t<div class=\"elementor-column elementor-col-50 elementor-inner-column elementor-element elementor-element-50cb7b3\" data-id=\"50cb7b3\" data-element_type=\"column\" data-e-type=\"column\">\n\t\t\t<div class=\"elementor-widget-wrap elementor-element-populated\">\n\t\t\t\t\t\t<div class=\"elementor-element elementor-element-577d0fe elementor-widget elementor-widget-text-editor\" data-id=\"577d0fe\" data-element_type=\"widget\" data-e-type=\"widget\" data-widget_type=\"text-editor.default\">\n\t\t\t\t<div class=\"elementor-widget-container\">\n\t\t\t\t\t\t\t\t\t<ul><li>Campamento residencial seguro<\/li><li>Dormitorios compartidos internacionales<\/li><li>Max. 15 alumnos por clase <\/li><li>Catering profesional in situ<\/li><li>Todos los transportes en autocar privado<\/li><\/ul>\t\t\t\t\t\t\t\t<\/div>\n\t\t\t\t<\/div>\n\t\t\t\t\t<\/div>\n\t\t<\/div>\n\t\t\t\t\t<\/div>\n\t\t<\/section>\n\t\t\t\t<div class=\"elementor-element elementor-element-1498801 elementor-align-center elementor-widget elementor-widget-button\" data-id=\"1498801\" data-element_type=\"widget\" data-e-type=\"widget\" data-widget_type=\"button.default\">\n\t\t\t\t<div class=\"elementor-widget-container\">\n\t\t\t\t\t\t\t\t\t<div class=\"elementor-button-wrapper\">\n\t\t\t\t\t<a class=\"elementor-button elementor-button-link elementor-size-sm\" href=\"https:\/\/www.iceireland.com\/es\/campamento-ingles-verano-irlanda\/residential-english-camp-ireland\/\">\n\t\t\t\t\t\t<span class=\"elementor-button-content-wrapper\">\n\t\t\t\t\t\t\t\t\t<span class=\"elementor-button-text\">Internado - Glenstal Abbey - Ingl\u00e9s y multiactividad<\/span>\n\t\t\t\t\t<\/span>\n\t\t\t\t\t<\/a>\n\t\t\t\t<\/div>\n\t\t\t\t\t\t\t\t<\/div>\n\t\t\t\t<\/div>\n\t\t\t\t\t<\/div>\n\t\t<\/div>\n\t\t\t\t\t<\/div>\n\t\t<\/section>\n\t\t\t\t<section class=\"elementor-section elementor-top-section elementor-element elementor-element-b4645b6 elementor-section-boxed elementor-section-height-default elementor-section-height-default\" data-id=\"b4645b6\" data-element_type=\"section\" data-e-type=\"section\">\n\t\t\t\t\t\t<div class=\"elementor-container elementor-column-gap-default\">\n\t\t\t\t\t<div class=\"elementor-column elementor-col-100 elementor-top-column elementor-element elementor-element-8f488fa\" data-id=\"8f488fa\" data-element_type=\"column\" data-e-type=\"column\">\n\t\t\t<div class=\"elementor-widget-wrap elementor-element-populated\">\n\t\t\t\t\t\t<div class=\"elementor-element elementor-element-4f7ec4e elementor-widget elementor-widget-spacer\" data-id=\"4f7ec4e\" data-element_type=\"widget\" data-e-type=\"widget\" data-widget_type=\"spacer.default\">\n\t\t\t\t<div class=\"elementor-widget-container\">\n\t\t\t\t\t\t\t<div class=\"elementor-spacer\">\n\t\t\t<div class=\"elementor-spacer-inner\"><\/div>\n\t\t<\/div>\n\t\t\t\t\t\t<\/div>\n\t\t\t\t<\/div>\n\t\t\t\t<div class=\"elementor-element elementor-element-ef69ba5 elementor-widget elementor-widget-image\" data-id=\"ef69ba5\" data-element_type=\"widget\" data-e-type=\"widget\" data-widget_type=\"image.default\">\n\t\t\t\t<div class=\"elementor-widget-container\">\n\t\t\t\t\t\t\t\t\t\t\t\t\t\t\t<img decoding=\"async\" src=\"https:\/\/www.iceireland.com\/wp-content\/uploads\/elementor\/thumbs\/ICE-Summer-Camp-2025-Banner-Photos-17-raj38xuvx761ueno8spa8wqiui13bjsrulah13xea0.png\" title=\"_ICE Summer Camp 2025 Banner Photos (17)\" alt=\"_ICE Summer Camp 2025 Banner Photos (17)\" loading=\"lazy\" \/>\t\t\t\t\t\t\t\t\t\t\t\t\t\t\t<\/div>\n\t\t\t\t<\/div>\n\t\t\t\t<div class=\"elementor-element elementor-element-ce5864d elementor-widget elementor-widget-text-editor\" data-id=\"ce5864d\" data-element_type=\"widget\" data-e-type=\"widget\" data-widget_type=\"text-editor.default\">\n\t\t\t\t<div class=\"elementor-widget-container\">\n\t\t\t\t\t\t\t\t\t<h4 style=\"text-align: center;\">Del 4 de julio al 1 de agosto de 2027<\/h4><h6 style=\"text-align: center;\">Programa residencial de ingl\u00e9s y actividades m\u00faltiples en Clongowes Wood College, el internado m\u00e1s famoso de Irlanda<\/h6>\t\t\t\t\t\t\t\t<\/div>\n\t\t\t\t<\/div>\n\t\t\t\t<section class=\"elementor-section elementor-inner-section elementor-element elementor-element-f26f93a elementor-section-boxed elementor-section-height-default elementor-section-height-default\" data-id=\"f26f93a\" data-element_type=\"section\" data-e-type=\"section\">\n\t\t\t\t\t\t<div class=\"elementor-container elementor-column-gap-default\">\n\t\t\t\t\t<div class=\"elementor-column elementor-col-50 elementor-inner-column elementor-element elementor-element-ebc45ba\" data-id=\"ebc45ba\" data-element_type=\"column\" data-e-type=\"column\">\n\t\t\t<div class=\"elementor-widget-wrap elementor-element-populated\">\n\t\t\t\t\t\t<div class=\"elementor-element elementor-element-a7c5997 elementor-widget elementor-widget-text-editor\" data-id=\"a7c5997\" data-element_type=\"widget\" data-e-type=\"widget\" data-widget_type=\"text-editor.default\">\n\t\t\t\t<div class=\"elementor-widget-container\">\n\t\t\t\t\t\t\t\t\t<ul><li>Hermoso Campus Hist\u00f3rico<\/li><li>Instalaciones deportivas excepcionales  <\/li><li>A s\u00f3lo 40 minutos del aeropuerto de Dubl\u00edn<\/li><li>A s\u00f3lo 40 minutos de la ciudad de Dubl\u00edn<\/li><li>Traslados al aeropuerto los domingos de 8 a 20 h<\/li><\/ul>\t\t\t\t\t\t\t\t<\/div>\n\t\t\t\t<\/div>\n\t\t\t\t\t<\/div>\n\t\t<\/div>\n\t\t\t\t<div class=\"elementor-column elementor-col-50 elementor-inner-column elementor-element elementor-element-55d7c63\" data-id=\"55d7c63\" data-element_type=\"column\" data-e-type=\"column\">\n\t\t\t<div class=\"elementor-widget-wrap elementor-element-populated\">\n\t\t\t\t\t\t<div class=\"elementor-element elementor-element-73e7750 elementor-widget elementor-widget-text-editor\" data-id=\"73e7750\" data-element_type=\"widget\" data-e-type=\"widget\" data-widget_type=\"text-editor.default\">\n\t\t\t\t<div class=\"elementor-widget-container\">\n\t\t\t\t\t\t\t\t\t<ul><li>Campamento residencial seguro<\/li><li>Habitaciones individuales y dobles\/Cub\u00edculos<\/li><li>Max. 15 alumnos por clase <\/li><li>Catering profesional in situ<\/li><li>Todos los transportes en autocar privado<\/li><\/ul>\t\t\t\t\t\t\t\t<\/div>\n\t\t\t\t<\/div>\n\t\t\t\t\t<\/div>\n\t\t<\/div>\n\t\t\t\t\t<\/div>\n\t\t<\/section>\n\t\t\t\t<div class=\"elementor-element elementor-element-3d29323 elementor-align-center elementor-widget elementor-widget-button\" data-id=\"3d29323\" data-element_type=\"widget\" data-e-type=\"widget\" data-widget_type=\"button.default\">\n\t\t\t\t<div class=\"elementor-widget-container\">\n\t\t\t\t\t\t\t\t\t<div class=\"elementor-button-wrapper\">\n\t\t\t\t\t<a class=\"elementor-button elementor-button-link elementor-size-sm\" href=\"https:\/\/www.iceireland.com\/es\/campamento-ingles-verano-irlanda\/campamento-ingles-residencial-dublin\/\">\n\t\t\t\t\t\t<span class=\"elementor-button-content-wrapper\">\n\t\t\t\t\t\t\t\t\t<span class=\"elementor-button-text\">Internado - Clongowes Wood College - Ingl\u00e9s y Multiactividad<\/span>\n\t\t\t\t\t<\/span>\n\t\t\t\t\t<\/a>\n\t\t\t\t<\/div>\n\t\t\t\t\t\t\t\t<\/div>\n\t\t\t\t<\/div>\n\t\t\t\t\t<\/div>\n\t\t<\/div>\n\t\t\t\t\t<\/div>\n\t\t<\/section>\n\t\t\t\t<section class=\"elementor-section elementor-top-section elementor-element elementor-element-7aa148d elementor-section-boxed elementor-section-height-default elementor-section-height-default\" data-id=\"7aa148d\" data-element_type=\"section\" data-e-type=\"section\">\n\t\t\t\t\t\t<div class=\"elementor-container elementor-column-gap-default\">\n\t\t\t\t\t<div class=\"elementor-column elementor-col-100 elementor-top-column elementor-element elementor-element-3a3a6b5\" data-id=\"3a3a6b5\" data-element_type=\"column\" data-e-type=\"column\">\n\t\t\t<div class=\"elementor-widget-wrap elementor-element-populated\">\n\t\t\t\t\t\t<div class=\"elementor-element elementor-element-a88201d elementor-widget elementor-widget-spacer\" data-id=\"a88201d\" data-element_type=\"widget\" data-e-type=\"widget\" data-widget_type=\"spacer.default\">\n\t\t\t\t<div class=\"elementor-widget-container\">\n\t\t\t\t\t\t\t<div class=\"elementor-spacer\">\n\t\t\t<div class=\"elementor-spacer-inner\"><\/div>\n\t\t<\/div>\n\t\t\t\t\t\t<\/div>\n\t\t\t\t<\/div>\n\t\t\t\t<div class=\"elementor-element elementor-element-e17910e elementor-widget elementor-widget-image\" data-id=\"e17910e\" data-element_type=\"widget\" data-e-type=\"widget\" data-widget_type=\"image.default\">\n\t\t\t\t<div class=\"elementor-widget-container\">\n\t\t\t\t\t\t\t\t\t\t\t\t\t\t\t<img decoding=\"async\" src=\"https:\/\/www.iceireland.com\/wp-content\/uploads\/elementor\/thumbs\/ICE-Summer-Camp-2025-Banner-Photos-15-raj2yysjehiind58hhhssfcfxb6vn67b582zpepsaw.png\" title=\"_ICE Summer Camp 2025 Banner Photos (15)\" alt=\"_ICE Summer Camp 2025 Banner Photos (15)\" loading=\"lazy\" \/>\t\t\t\t\t\t\t\t\t\t\t\t\t\t\t<\/div>\n\t\t\t\t<\/div>\n\t\t\t\t<div class=\"elementor-element elementor-element-72b89a7 elementor-widget elementor-widget-text-editor\" data-id=\"72b89a7\" data-element_type=\"widget\" data-e-type=\"widget\" data-widget_type=\"text-editor.default\">\n\t\t\t\t<div class=\"elementor-widget-container\">\n\t\t\t\t\t\t\t\t\t<h4 style=\"text-align: center;\">Del 5 de julio al 1 de agosto de 2027<\/h4><h6 style=\"text-align: center;\">Ingl\u00e9s y Equitaci\u00f3n combina nuestro programa acad\u00e9mico estrella con cuatro tardes de equitaci\u00f3n a la semana en el Centro Ecuestre Monks&#8217; Field<\/h6>\t\t\t\t\t\t\t\t<\/div>\n\t\t\t\t<\/div>\n\t\t\t\t<section class=\"elementor-section elementor-inner-section elementor-element elementor-element-a001b99 elementor-section-boxed elementor-section-height-default elementor-section-height-default\" data-id=\"a001b99\" data-element_type=\"section\" data-e-type=\"section\">\n\t\t\t\t\t\t<div class=\"elementor-container elementor-column-gap-default\">\n\t\t\t\t\t<div class=\"elementor-column elementor-col-50 elementor-inner-column elementor-element elementor-element-96f14c1\" data-id=\"96f14c1\" data-element_type=\"column\" data-e-type=\"column\">\n\t\t\t<div class=\"elementor-widget-wrap elementor-element-populated\">\n\t\t\t\t\t\t<div class=\"elementor-element elementor-element-26d5922 elementor-widget elementor-widget-text-editor\" data-id=\"26d5922\" data-element_type=\"widget\" data-e-type=\"widget\" data-widget_type=\"text-editor.default\">\n\t\t\t\t<div class=\"elementor-widget-container\">\n\t\t\t\t\t\t\t\t\t<ul><li>Clases de equitaci\u00f3n profesionales para todos los niveles, desde principiante hasta avanzado<\/li><li>Ideal para estudiantes que quieran combinar el aprendizaje del idioma<br\/>con la pasi\u00f3n por la equitaci\u00f3n.  <\/li><li>Caballos seguros y bien entrenados e instructores experimentados<\/li><li>Pueblo costero bonito y seguro<\/li><li>Todas las estancias en casa en un radio de 4 km<\/li><\/ul>\t\t\t\t\t\t\t\t<\/div>\n\t\t\t\t<\/div>\n\t\t\t\t\t<\/div>\n\t\t<\/div>\n\t\t\t\t<div class=\"elementor-column elementor-col-50 elementor-inner-column elementor-element elementor-element-1c0fe95\" data-id=\"1c0fe95\" data-element_type=\"column\" data-e-type=\"column\">\n\t\t\t<div class=\"elementor-widget-wrap elementor-element-populated\">\n\t\t\t\t\t\t<div class=\"elementor-element elementor-element-221ccc3 elementor-widget elementor-widget-text-editor\" data-id=\"221ccc3\" data-element_type=\"widget\" data-e-type=\"widget\" data-widget_type=\"text-editor.default\">\n\t\t\t\t<div class=\"elementor-widget-container\">\n\t\t\t\t\t\t\t\t\t<ul><li>Fechas de llegada y salida flexibles<\/li><li>Alojamiento en pensi\u00f3n completa<\/li><li>Max. 15 alumnos por clase <\/li><li>Abono de transporte p\u00fablico de Dubl\u00edn<\/li><li>Traslados al aeropuerto 7 d\u00edas a la semana<\/li><li>Una nacionalidad por domicilio<\/li><li>Todos los anfitriones han sido investigados por la polic\u00eda<\/li><li>Excelente ubicaci\u00f3n &#8211; Cerca de la ciudad de Dubl\u00edn y del aeropuerto<\/li><\/ul>\t\t\t\t\t\t\t\t<\/div>\n\t\t\t\t<\/div>\n\t\t\t\t\t<\/div>\n\t\t<\/div>\n\t\t\t\t\t<\/div>\n\t\t<\/section>\n\t\t\t\t<div class=\"elementor-element elementor-element-e44f43c elementor-widget elementor-widget-spacer\" data-id=\"e44f43c\" data-element_type=\"widget\" data-e-type=\"widget\" data-widget_type=\"spacer.default\">\n\t\t\t\t<div class=\"elementor-widget-container\">\n\t\t\t\t\t\t\t<div class=\"elementor-spacer\">\n\t\t\t<div class=\"elementor-spacer-inner\"><\/div>\n\t\t<\/div>\n\t\t\t\t\t\t<\/div>\n\t\t\t\t<\/div>\n\t\t\t\t<div class=\"elementor-element elementor-element-7098f53 elementor-align-center elementor-widget elementor-widget-button\" data-id=\"7098f53\" data-element_type=\"widget\" data-e-type=\"widget\" data-widget_type=\"button.default\">\n\t\t\t\t<div class=\"elementor-widget-container\">\n\t\t\t\t\t\t\t\t\t<div class=\"elementor-button-wrapper\">\n\t\t\t\t\t<a class=\"elementor-button elementor-button-link elementor-size-sm\" href=\"https:\/\/www.iceireland.com\/es\/campamento-ingles-verano-irlanda\/horse-riding-and-english-language\/\">\n\t\t\t\t\t\t<span class=\"elementor-button-content-wrapper\">\n\t\t\t\t\t\t\t\t\t<span class=\"elementor-button-text\">Ingl\u00e9s y equitaci\u00f3n<\/span>\n\t\t\t\t\t<\/span>\n\t\t\t\t\t<\/a>\n\t\t\t\t<\/div>\n\t\t\t\t\t\t\t\t<\/div>\n\t\t\t\t<\/div>\n\t\t\t\t\t<\/div>\n\t\t<\/div>\n\t\t\t\t\t<\/div>\n\t\t<\/section>\n\t\t\t\t<section class=\"elementor-section elementor-top-section elementor-element elementor-element-c6b5c57 elementor-section-boxed elementor-section-height-default elementor-section-height-default\" data-id=\"c6b5c57\" data-element_type=\"section\" data-e-type=\"section\">\n\t\t\t\t\t\t<div class=\"elementor-container elementor-column-gap-default\">\n\t\t\t\t\t<div class=\"elementor-column elementor-col-100 elementor-top-column elementor-element elementor-element-1c87f8b\" data-id=\"1c87f8b\" data-element_type=\"column\" data-e-type=\"column\">\n\t\t\t<div class=\"elementor-widget-wrap elementor-element-populated\">\n\t\t\t\t\t\t<div class=\"elementor-element elementor-element-4df7292 elementor-widget elementor-widget-spacer\" data-id=\"4df7292\" data-element_type=\"widget\" data-e-type=\"widget\" data-widget_type=\"spacer.default\">\n\t\t\t\t<div class=\"elementor-widget-container\">\n\t\t\t\t\t\t\t<div class=\"elementor-spacer\">\n\t\t\t<div class=\"elementor-spacer-inner\"><\/div>\n\t\t<\/div>\n\t\t\t\t\t\t<\/div>\n\t\t\t\t<\/div>\n\t\t\t\t<div class=\"elementor-element elementor-element-12450c8 elementor-widget elementor-widget-image\" data-id=\"12450c8\" data-element_type=\"widget\" data-e-type=\"widget\" data-widget_type=\"image.default\">\n\t\t\t\t<div class=\"elementor-widget-container\">\n\t\t\t\t\t\t\t\t\t\t\t\t\t\t\t<img decoding=\"async\" src=\"https:\/\/www.iceireland.com\/wp-content\/uploads\/elementor\/thumbs\/ICE-Summer-Camp-2025-Banner-Photos-13-raj2sr2y7x09w666rsslazsqjltir7j6ygtfhjxhfs.png\" title=\"_ICE Summer Camp 2025 Banner Photos (13)\" alt=\"_ICE Summer Camp 2025 Banner Photos (13)\" loading=\"lazy\" \/>\t\t\t\t\t\t\t\t\t\t\t\t\t\t\t<\/div>\n\t\t\t\t<\/div>\n\t\t\t\t<div class=\"elementor-element elementor-element-01aafab elementor-widget elementor-widget-text-editor\" data-id=\"01aafab\" data-element_type=\"widget\" data-e-type=\"widget\" data-widget_type=\"text-editor.default\">\n\t\t\t\t<div class=\"elementor-widget-container\">\n\t\t\t\t\t\t\t\t\t<h4 style=\"text-align: center;\">Del 13 al 26 de julio de 2027<\/h4><h6 style=\"text-align: center;\">Ingl\u00e9s y Vela combina nuestro programa de ingl\u00e9s con dos tardes de vela a la semana en el Club N\u00e1utico de Howth<br\/><\/h6>\t\t\t\t\t\t\t\t<\/div>\n\t\t\t\t<\/div>\n\t\t\t\t<section class=\"elementor-section elementor-inner-section elementor-element elementor-element-5c22d69 elementor-section-boxed elementor-section-height-default elementor-section-height-default\" data-id=\"5c22d69\" data-element_type=\"section\" data-e-type=\"section\">\n\t\t\t\t\t\t<div class=\"elementor-container elementor-column-gap-default\">\n\t\t\t\t\t<div class=\"elementor-column elementor-col-50 elementor-inner-column elementor-element elementor-element-9567bd9\" data-id=\"9567bd9\" data-element_type=\"column\" data-e-type=\"column\">\n\t\t\t<div class=\"elementor-widget-wrap elementor-element-populated\">\n\t\t\t\t\t\t<div class=\"elementor-element elementor-element-fe618c6 elementor-widget elementor-widget-text-editor\" data-id=\"fe618c6\" data-element_type=\"widget\" data-e-type=\"widget\" data-widget_type=\"text-editor.default\">\n\t\t\t\t<div class=\"elementor-widget-container\">\n\t\t\t\t\t\t\t\t\t<ul><li>Dirigidos por instructores de vela titulados y con experiencia.<\/li><li>Fomenta el trabajo en equipo, la confianza y las habilidades de seguridad en el agua.  <\/li><li>Ideal para estudiantes aventureros amantes del mar y de las actividades al aire libre.<\/li><li>Pueblo costero bonito y seguro<\/li><li>Todas las estancias en casa en un radio de 4 km<\/li><\/ul>\t\t\t\t\t\t\t\t<\/div>\n\t\t\t\t<\/div>\n\t\t\t\t\t<\/div>\n\t\t<\/div>\n\t\t\t\t<div class=\"elementor-column elementor-col-50 elementor-inner-column elementor-element elementor-element-aeb4598\" data-id=\"aeb4598\" data-element_type=\"column\" data-e-type=\"column\">\n\t\t\t<div class=\"elementor-widget-wrap elementor-element-populated\">\n\t\t\t\t\t\t<div class=\"elementor-element elementor-element-824ec1a elementor-widget elementor-widget-text-editor\" data-id=\"824ec1a\" data-element_type=\"widget\" data-e-type=\"widget\" data-widget_type=\"text-editor.default\">\n\t\t\t\t<div class=\"elementor-widget-container\">\n\t\t\t\t\t\t\t\t\t<ul><li>Fechas de llegada y salida flexibles<\/li><li>Alojamiento en pensi\u00f3n completa<\/li><li>Max. 15 alumnos por clase <\/li><li>Abono de transporte p\u00fablico de Dubl\u00edn<\/li><li>Traslados al aeropuerto 7 d\u00edas a la semana<\/li><li>Una nacionalidad por domicilio<\/li><li>Todos los anfitriones han sido investigados por la polic\u00eda<\/li><li>Excelente ubicaci\u00f3n &#8211; Cerca de la ciudad de Dubl\u00edn y del aeropuerto<\/li><\/ul>\t\t\t\t\t\t\t\t<\/div>\n\t\t\t\t<\/div>\n\t\t\t\t\t<\/div>\n\t\t<\/div>\n\t\t\t\t\t<\/div>\n\t\t<\/section>\n\t\t\t\t<div class=\"elementor-element elementor-element-9b33eb6 elementor-widget elementor-widget-spacer\" data-id=\"9b33eb6\" data-element_type=\"widget\" data-e-type=\"widget\" data-widget_type=\"spacer.default\">\n\t\t\t\t<div class=\"elementor-widget-container\">\n\t\t\t\t\t\t\t<div class=\"elementor-spacer\">\n\t\t\t<div class=\"elementor-spacer-inner\"><\/div>\n\t\t<\/div>\n\t\t\t\t\t\t<\/div>\n\t\t\t\t<\/div>\n\t\t\t\t<div class=\"elementor-element elementor-element-573bd69 elementor-align-center elementor-widget elementor-widget-button\" data-id=\"573bd69\" data-element_type=\"widget\" data-e-type=\"widget\" data-widget_type=\"button.default\">\n\t\t\t\t<div class=\"elementor-widget-container\">\n\t\t\t\t\t\t\t\t\t<div class=\"elementor-button-wrapper\">\n\t\t\t\t\t<a class=\"elementor-button elementor-button-link elementor-size-sm\" href=\"https:\/\/www.iceireland.com\/es\/campamento-ingles-verano-irlanda\/sailing-and-english-language\/\">\n\t\t\t\t\t\t<span class=\"elementor-button-content-wrapper\">\n\t\t\t\t\t\t\t\t\t<span class=\"elementor-button-text\">Ingl\u00e9s y Vela<\/span>\n\t\t\t\t\t<\/span>\n\t\t\t\t\t<\/a>\n\t\t\t\t<\/div>\n\t\t\t\t\t\t\t\t<\/div>\n\t\t\t\t<\/div>\n\t\t\t\t\t<\/div>\n\t\t<\/div>\n\t\t\t\t\t<\/div>\n\t\t<\/section>\n\t\t<div class=\"elementor-element elementor-element-bbb9c83 e-flex e-con-boxed e-con e-parent\" data-id=\"bbb9c83\" data-element_type=\"container\" data-e-type=\"container\">\n\t\t\t\t\t<div class=\"e-con-inner\">\n\t\t\t\t\t<\/div>\n\t\t\t\t<\/div>\n\t\t\t\t<section class=\"elementor-section elementor-top-section elementor-element elementor-element-8944572 elementor-section-stretched brochures elementor-section-boxed elementor-section-height-default elementor-section-height-default\" data-id=\"8944572\" data-element_type=\"section\" data-e-type=\"section\" data-settings=\"{&quot;background_background&quot;:&quot;classic&quot;,&quot;stretch_section&quot;:&quot;section-stretched&quot;,&quot;shape_divider_top&quot;:&quot;mountains&quot;}\">\n\t\t\t\t\t<div class=\"elementor-shape elementor-shape-top\" aria-hidden=\"true\" data-negative=\"false\">\n\t\t\t<svg xmlns=\"http:\/\/www.w3.org\/2000\/svg\" viewBox=\"0 0 1000 100\" preserveAspectRatio=\"none\">\n\t<path class=\"elementor-shape-fill\" opacity=\"0.33\" d=\"M473,67.3c-203.9,88.3-263.1-34-320.3,0C66,119.1,0,59.7,0,59.7V0h1000v59.7 c0,0-62.1,26.1-94.9,29.3c-32.8,3.3-62.8-12.3-75.8-22.1C806,49.6,745.3,8.7,694.9,4.7S492.4,59,473,67.3z\"\/>\n\t<path class=\"elementor-shape-fill\" opacity=\"0.66\" d=\"M734,67.3c-45.5,0-77.2-23.2-129.1-39.1c-28.6-8.7-150.3-10.1-254,39.1 s-91.7-34.4-149.2,0C115.7,118.3,0,39.8,0,39.8V0h1000v36.5c0,0-28.2-18.5-92.1-18.5C810.2,18.1,775.7,67.3,734,67.3z\"\/>\n\t<path class=\"elementor-shape-fill\" d=\"M766.1,28.9c-200-57.5-266,65.5-395.1,19.5C242,1.8,242,5.4,184.8,20.6C128,35.8,132.3,44.9,89.9,52.5C28.6,63.7,0,0,0,0 h1000c0,0-9.9,40.9-83.6,48.1S829.6,47,766.1,28.9z\"\/>\n<\/svg>\t\t<\/div>\n\t\t\t\t\t<div class=\"elementor-container elementor-column-gap-default\">\n\t\t\t\t\t<div class=\"elementor-column elementor-col-100 elementor-top-column elementor-element elementor-element-e25f901\" data-id=\"e25f901\" data-element_type=\"column\" data-e-type=\"column\">\n\t\t\t<div class=\"elementor-widget-wrap elementor-element-populated\">\n\t\t\t\t\t\t<section class=\"elementor-section elementor-inner-section elementor-element elementor-element-049eaed elementor-section-boxed elementor-section-height-default elementor-section-height-default\" data-id=\"049eaed\" data-element_type=\"section\" data-e-type=\"section\">\n\t\t\t\t\t\t<div class=\"elementor-container elementor-column-gap-wide\">\n\t\t\t\t\t<div class=\"elementor-column elementor-col-50 elementor-inner-column elementor-element elementor-element-542ed96\" data-id=\"542ed96\" data-element_type=\"column\" data-e-type=\"column\">\n\t\t\t<div class=\"elementor-widget-wrap elementor-element-populated\">\n\t\t\t\t\t\t<div class=\"elementor-element elementor-element-8e7eb1b elementor-invisible elementor-widget elementor-widget-global elementor-global-33355 elementor-global-20831 elementor-widget-image\" data-id=\"8e7eb1b\" data-element_type=\"widget\" data-e-type=\"widget\" data-settings=\"{&quot;_animation&quot;:&quot;slideInLeft&quot;}\" data-widget_type=\"image.default\">\n\t\t\t\t<div class=\"elementor-widget-container\">\n\t\t\t\t\t\t\t\t\t\t\t\t\t\t\t\t<a href=\"https:\/\/online.fliphtml5.com\/fbxmh\/apva\/\" target=\"_blank\">\n\t\t\t\t\t\t\t<img fetchpriority=\"high\" decoding=\"async\" width=\"768\" height=\"1085\" src=\"https:\/\/www.iceireland.com\/wp-content\/uploads\/2026\/08\/ICE-Brochure-2027-768x1085.png\" class=\"attachment-medium_large size-medium_large wp-image-37865\" alt=\"\" srcset=\"https:\/\/www.iceireland.com\/wp-content\/uploads\/2026\/08\/ICE-Brochure-2027-768x1085.png 768w, https:\/\/www.iceireland.com\/wp-content\/uploads\/2026\/08\/ICE-Brochure-2027-212x300.png 212w, https:\/\/www.iceireland.com\/wp-content\/uploads\/2026\/08\/ICE-Brochure-2027-725x1024.png 725w, https:\/\/www.iceireland.com\/wp-content\/uploads\/2026\/08\/ICE-Brochure-2027-1087x1536.png 1087w, https:\/\/www.iceireland.com\/wp-content\/uploads\/2026\/08\/ICE-Brochure-2027-1450x2048.png 1450w, https:\/\/www.iceireland.com\/wp-content\/uploads\/2026\/08\/ICE-Brochure-2027.png 1618w\" sizes=\"(max-width: 768px) 100vw, 768px\" \/>\t\t\t\t\t\t\t\t<\/a>\n\t\t\t\t\t\t\t\t\t\t\t\t\t\t\t<\/div>\n\t\t\t\t<\/div>\n\t\t\t\t\t<\/div>\n\t\t<\/div>\n\t\t\t\t<div class=\"elementor-column elementor-col-50 elementor-inner-column elementor-element elementor-element-14bd5d9\" data-id=\"14bd5d9\" data-element_type=\"column\" data-e-type=\"column\">\n\t\t\t<div class=\"elementor-widget-wrap elementor-element-populated\">\n\t\t\t\t\t\t<div class=\"elementor-element elementor-element-7465edd e-transform elementor-invisible elementor-widget elementor-widget-global elementor-global-34911 elementor-global-20834 elementor-widget-image\" data-id=\"7465edd\" data-element_type=\"widget\" data-e-type=\"widget\" data-settings=\"{&quot;_animation&quot;:&quot;slideInRight&quot;,&quot;_transform_scaleX_effect&quot;:{&quot;unit&quot;:&quot;px&quot;,&quot;size&quot;:&quot;&quot;,&quot;sizes&quot;:[]},&quot;_transform_scaleX_effect_tablet&quot;:{&quot;unit&quot;:&quot;px&quot;,&quot;size&quot;:&quot;&quot;,&quot;sizes&quot;:[]},&quot;_transform_scaleX_effect_mobile&quot;:{&quot;unit&quot;:&quot;px&quot;,&quot;size&quot;:&quot;&quot;,&quot;sizes&quot;:[]},&quot;_transform_scaleY_effect&quot;:{&quot;unit&quot;:&quot;px&quot;,&quot;size&quot;:&quot;&quot;,&quot;sizes&quot;:[]},&quot;_transform_scaleY_effect_tablet&quot;:{&quot;unit&quot;:&quot;px&quot;,&quot;size&quot;:&quot;&quot;,&quot;sizes&quot;:[]},&quot;_transform_scaleY_effect_mobile&quot;:{&quot;unit&quot;:&quot;px&quot;,&quot;size&quot;:&quot;&quot;,&quot;sizes&quot;:[]}}\" data-widget_type=\"image.default\">\n\t\t\t\t<div class=\"elementor-widget-container\">\n\t\t\t\t\t\t\t\t\t\t\t\t\t\t\t\t<a href=\"https:\/\/online.fliphtml5.com\/fbxmh\/hixj\/\" target=\"_blank\">\n\t\t\t\t\t\t\t<img decoding=\"async\" width=\"768\" height=\"1086\" src=\"https:\/\/www.iceireland.com\/wp-content\/uploads\/2026\/08\/ICE-Courses-Fees-2027-768x1086.png\" class=\"attachment-medium_large size-medium_large wp-image-38355\" alt=\"\" srcset=\"https:\/\/www.iceireland.com\/wp-content\/uploads\/2026\/08\/ICE-Courses-Fees-2027-768x1086.png 768w, https:\/\/www.iceireland.com\/wp-content\/uploads\/2026\/08\/ICE-Courses-Fees-2027-212x300.png 212w, https:\/\/www.iceireland.com\/wp-content\/uploads\/2026\/08\/ICE-Courses-Fees-2027-724x1024.png 724w, https:\/\/www.iceireland.com\/wp-content\/uploads\/2026\/08\/ICE-Courses-Fees-2027-1086x1536.png 1086w, https:\/\/www.iceireland.com\/wp-content\/uploads\/2026\/08\/ICE-Courses-Fees-2027.png 1414w\" sizes=\"(max-width: 768px) 100vw, 768px\" \/>\t\t\t\t\t\t\t\t<\/a>\n\t\t\t\t\t\t\t\t\t\t\t\t\t\t\t<\/div>\n\t\t\t\t<\/div>\n\t\t\t\t\t<\/div>\n\t\t<\/div>\n\t\t\t\t\t<\/div>\n\t\t<\/section>\n\t\t\t\t<div class=\"elementor-element elementor-element-f7fa252 elementor-align-center elementor-widget elementor-widget-global elementor-global-33385 elementor-global-20828 elementor-widget-button\" data-id=\"f7fa252\" data-element_type=\"widget\" data-e-type=\"widget\" data-widget_type=\"button.default\">\n\t\t\t\t<div class=\"elementor-widget-container\">\n\t\t\t\t\t\t\t\t\t<div class=\"elementor-button-wrapper\">\n\t\t\t\t\t<a class=\"elementor-button elementor-button-link elementor-size-xl elementor-animation-grow\" href=\"https:\/\/www.bookingiceireland.com\/\" target=\"_blank\" id=\"enroll\">\n\t\t\t\t\t\t<span class=\"elementor-button-content-wrapper\">\n\t\t\t\t\t\t\t\t\t<span class=\"elementor-button-text\">Inscr\u00edbete ahora<\/span>\n\t\t\t\t\t<\/span>\n\t\t\t\t\t<\/a>\n\t\t\t\t<\/div>\n\t\t\t\t\t\t\t\t<\/div>\n\t\t\t\t<\/div>\n\t\t\t\t\t<\/div>\n\t\t<\/div>\n\t\t\t\t\t<\/div>\n\t\t<\/section>\n\t\t\t\t<section class=\"elementor-section elementor-top-section elementor-element elementor-element-8378be6 elementor-section-boxed elementor-section-height-default elementor-section-height-default\" data-id=\"8378be6\" data-element_type=\"section\" data-e-type=\"section\">\n\t\t\t\t\t\t<div class=\"elementor-container elementor-column-gap-default\">\n\t\t\t\t\t<div class=\"elementor-column elementor-col-100 elementor-top-column elementor-element elementor-element-9db98e4\" data-id=\"9db98e4\" data-element_type=\"column\" data-e-type=\"column\">\n\t\t\t<div class=\"elementor-widget-wrap elementor-element-populated\">\n\t\t\t\t\t\t<div class=\"elementor-element elementor-element-b18ea95 elementor-widget elementor-widget-text-editor\" data-id=\"b18ea95\" data-element_type=\"widget\" data-e-type=\"widget\" data-widget_type=\"text-editor.default\">\n\t\t\t\t<div class=\"elementor-widget-container\">\n\t\t\t\t\t\t\t\t\t<h2>Informaci\u00f3n adicional<\/h2>\t\t\t\t\t\t\t\t<\/div>\n\t\t\t\t<\/div>\n\t\t\t\t\t<\/div>\n\t\t<\/div>\n\t\t\t\t\t<\/div>\n\t\t<\/section>\n\t\t\t\t<section class=\"elementor-section elementor-top-section elementor-element elementor-element-64e2465 elementor-section-full_width elementor-section-height-default elementor-section-height-default\" data-id=\"64e2465\" data-element_type=\"section\" data-e-type=\"section\">\n\t\t\t\t\t\t<div class=\"elementor-container elementor-column-gap-default\">\n\t\t\t\t\t<div class=\"elementor-column elementor-col-100 elementor-top-column elementor-element elementor-element-14f146d\" data-id=\"14f146d\" data-element_type=\"column\" data-e-type=\"column\">\n\t\t\t<div class=\"elementor-widget-wrap elementor-element-populated\">\n\t\t\t\t\t\t<div class=\"elementor-element elementor-element-0b7692f elementor-widget elementor-widget-text-editor\" data-id=\"0b7692f\" data-element_type=\"widget\" data-e-type=\"widget\" data-widget_type=\"text-editor.default\">\n\t\t\t\t<div class=\"elementor-widget-container\">\n\t\t\t\t\t\t\t\t\t<p style=\"text-align: center;\"><span style=\"text-decoration: underline;\"><span style=\"color: #003300; text-decoration: underline;\"><a style=\"color: #003300; text-decoration: underline;\" href=\"https:\/\/www.iceireland.com\/es\/fees-subsistence-enrolment-refunds\/\">Tasas, dietas, inscripci\u00f3n y reembolsos<\/a><\/span><\/span><\/p><p style=\"text-align: center;\"><span style=\"text-decoration: underline;\"><span style=\"color: #003300; text-decoration: underline;\"><a style=\"color: #003300; text-decoration: underline;\" href=\"https:\/\/www.iceireland.com\/es\/access-transfer-and-progression-junior-summer-camps\/\">Acceso, Transferencia y Progresi\u00f3n &#8211; Campamentos de Verano Junior<\/a><\/span><\/span><\/p><p style=\"text-align: center;\"><span style=\"text-decoration: underline;\"><span style=\"color: #003300; text-decoration: underline;\"><a style=\"font-family: var( --e-global-typography-text-font-family ), Sans-serif; font-weight: var( --e-global-typography-text-font-weight ); background-color: white; color: #003300; text-decoration: underline;\" href=\"https:\/\/www.iceireland.com\/es\/access-transfer-and-progression-adult-courses\/\">Acceso, Transferencia y Progresi\u00f3n &#8211; Cursos para Adultos<\/a><\/span><\/span><\/p><p style=\"text-align: center;\"><span style=\"text-decoration: underline;\"><span style=\"color: #003300; text-decoration: underline;\"><a style=\"font-family: var( --e-global-typography-text-font-family ), Sans-serif; font-weight: var( --e-global-typography-text-font-weight ); background-color: white; color: #003300; text-decoration: underline;\" href=\"https:\/\/www.iceireland.com\/es\/student-support-and-engagement\/\">Apoyo y compromiso de los estudiantes<\/a><\/span><\/span><\/p><p style=\"text-align: center;\"><span style=\"text-decoration: underline;\"><span style=\"color: #003300; text-decoration: underline;\"><a style=\"font-family: var( --e-global-typography-text-font-family ), Sans-serif; font-weight: var( --e-global-typography-text-font-weight ); background-color: white; color: #003300; text-decoration: underline;\" href=\"https:\/\/www.iceireland.com\/es\/course-purpose-intended-learning-outcome-junior-students\/\">Prop\u00f3sito del curso y resultados de aprendizaje previstos &#8211; Campamentos de verano junior<\/a><\/span><\/span><\/p><p style=\"text-align: center;\"><span style=\"text-decoration: underline;\"><span style=\"color: #003300; text-decoration: underline;\"><a style=\"font-family: var( --e-global-typography-text-font-family ), Sans-serif; font-weight: var( --e-global-typography-text-font-weight ); background-color: white; color: #003300; text-decoration: underline;\" href=\"https:\/\/www.iceireland.com\/es\/course-purpose-intended-learning-outcomes-adult-courses\/\">Prop\u00f3sito del curso y resultados de aprendizaje previstos &#8211; Cursos para adultos<\/a><\/span><\/span><\/p><p style=\"text-align: center;\"><span style=\"text-decoration: underline;\"><span style=\"color: #003300; text-decoration: underline;\"><a style=\"font-family: var( --e-global-typography-text-font-family ), Sans-serif; font-weight: var( --e-global-typography-text-font-weight ); background-color: white; color: #003300; text-decoration: underline;\" href=\"https:\/\/www.iceireland.com\/es\/academic-management-and-alignment-with-the-common-european-framework-of-reference-for-languages-cefr\/\">Marco Com\u00fan Europeo de Referencia para las Lenguas (MCER)<\/a><\/span><\/span><\/p>\t\t\t\t\t\t\t\t<\/div>\n\t\t\t\t<\/div>\n\t\t\t\t<div class=\"elementor-element elementor-element-0da32ba elementor-widget elementor-widget-spacer\" data-id=\"0da32ba\" data-element_type=\"widget\" data-e-type=\"widget\" data-widget_type=\"spacer.default\">\n\t\t\t\t<div class=\"elementor-widget-container\">\n\t\t\t\t\t\t\t<div class=\"elementor-spacer\">\n\t\t\t<div class=\"elementor-spacer-inner\"><\/div>\n\t\t<\/div>\n\t\t\t\t\t\t<\/div>\n\t\t\t\t<\/div>\n\t\t\t\t\t<\/div>\n\t\t<\/div>\n\t\t\t\t\t<\/div>\n\t\t<\/section>\n\t\t\t\t<\/div>\n\t\t","protected":false},"excerpt":{"rendered":"<p>Campamentos internacionales de verano para j\u00f3venes 2027 Del 14 de junio al 22 de agosto de 2027 Nuestro programa m\u00e1s popular, Descubra lo mejor de vivir en Dubl\u00edn en una ubicaci\u00f3n ideal y segura &#8211; Malahide, Dubl\u00edn. Pueblo costero bonito y seguro Excelente ubicaci\u00f3n &#8211; Cerca de la ciudad de Dubl\u00edn y del aeropuerto Todas [&hellip;]<\/p>\n","protected":false},"author":3,"featured_media":0,"parent":0,"menu_order":0,"comment_status":"closed","ping_status":"closed","template":"","meta":{"content-type":"","footnotes":""},"class_list":["post-18967","page","type-page","status-publish","hentry"],"yoast_head":"<!-- This site is optimized with the Yoast SEO plugin v27.8 - https:\/\/yoast.com\/product\/yoast-seo-wordpress\/ -->\n<title>Campamento de verano de ingl\u00e9s para j\u00f3venes en Irlanda 2026 - Casa de familia y residencia<\/title>\n<meta name=\"description\" content=\"Especialistas en campamentos de ingl\u00e9s para adolescentes. Escuela de Ingl\u00e9s galardonada que ofrece Campamento de Verano de Ingl\u00e9s Junior en Dubl\u00edn con Estancia en Casa a un Paso\/Viaje en Autob\u00fas Muy Corto y Verano Residencial de Ingl\u00e9s en Irlanda.\" \/>\n<meta name=\"robots\" content=\"index, follow, max-snippet:-1, max-image-preview:large, max-video-preview:-1\" \/>\n<link rel=\"canonical\" href=\"https:\/\/www.iceireland.com\/es\/campamento-ingles-verano-irlanda\/\" \/>\n<meta property=\"og:locale\" content=\"es_ES\" \/>\n<meta property=\"og:type\" content=\"article\" \/>\n<meta property=\"og:title\" content=\"Campamento de verano de ingl\u00e9s para j\u00f3venes en Irlanda 2026 - Casa de familia y residencia\" \/>\n<meta property=\"og:description\" content=\"Especialistas en campamentos de ingl\u00e9s para adolescentes. Escuela de Ingl\u00e9s galardonada que ofrece Campamento de Verano de Ingl\u00e9s Junior en Dubl\u00edn con Estancia en Casa a un Paso\/Viaje en Autob\u00fas Muy Corto y Verano Residencial de Ingl\u00e9s en Irlanda.\" \/>\n<meta property=\"og:url\" content=\"https:\/\/www.iceireland.com\/es\/campamento-ingles-verano-irlanda\/\" \/>\n<meta property=\"og:site_name\" content=\"Irish College of English\" \/>\n<meta property=\"article:modified_time\" content=\"2026-08-20T15:12:44+00:00\" \/>\n<meta property=\"og:image\" content=\"https:\/\/www.iceireland.com\/wp-content\/uploads\/elementor\/thumbs\/ICE-Summer-Camp-2025-Banner-Photos-20-e1756114407659-rarsiin3ljbkcjci43behjve2aac63zzdezygsjuko.png\" \/>\n<meta name=\"twitter:label1\" content=\"Tiempo de lectura\" \/>\n\t<meta name=\"twitter:data1\" content=\"3 minutos\" \/>\n<script type=\"application\/ld+json\" class=\"yoast-schema-graph\">{\"@context\":\"https:\\\/\\\/schema.org\",\"@graph\":[{\"@type\":\"WebPage\",\"@id\":\"https:\\\/\\\/www.iceireland.com\\\/es\\\/campamento-ingles-verano-irlanda\\\/\",\"url\":\"https:\\\/\\\/www.iceireland.com\\\/es\\\/campamento-ingles-verano-irlanda\\\/\",\"name\":\"Campamento de verano de ingl\u00e9s para j\u00f3venes en Irlanda 2026 - Casa de familia y residencia\",\"isPartOf\":{\"@id\":\"https:\\\/\\\/www.iceireland.com\\\/es\\\/#website\"},\"primaryImageOfPage\":{\"@id\":\"https:\\\/\\\/www.iceireland.com\\\/es\\\/campamento-ingles-verano-irlanda\\\/#primaryimage\"},\"image\":{\"@id\":\"https:\\\/\\\/www.iceireland.com\\\/es\\\/campamento-ingles-verano-irlanda\\\/#primaryimage\"},\"thumbnailUrl\":\"https:\\\/\\\/www.iceireland.com\\\/wp-content\\\/uploads\\\/elementor\\\/thumbs\\\/ICE-Summer-Camp-2025-Banner-Photos-20-e1756114407659-rarsiin3ljbkcjci43behjve2aac63zzdezygsjuko.png\",\"datePublished\":\"2023-08-08T10:22:33+00:00\",\"dateModified\":\"2026-08-20T15:12:44+00:00\",\"description\":\"Especialistas en campamentos de ingl\u00e9s para adolescentes. Escuela de Ingl\u00e9s galardonada que ofrece Campamento de Verano de Ingl\u00e9s Junior en Dubl\u00edn con Estancia en Casa a un Paso\\\/Viaje en Autob\u00fas Muy Corto y Verano Residencial de Ingl\u00e9s en Irlanda.\",\"breadcrumb\":{\"@id\":\"https:\\\/\\\/www.iceireland.com\\\/es\\\/campamento-ingles-verano-irlanda\\\/#breadcrumb\"},\"inLanguage\":\"es\",\"potentialAction\":[{\"@type\":\"ReadAction\",\"target\":[\"https:\\\/\\\/www.iceireland.com\\\/es\\\/campamento-ingles-verano-irlanda\\\/\"]}]},{\"@type\":\"ImageObject\",\"inLanguage\":\"es\",\"@id\":\"https:\\\/\\\/www.iceireland.com\\\/es\\\/campamento-ingles-verano-irlanda\\\/#primaryimage\",\"url\":\"https:\\\/\\\/www.iceireland.com\\\/wp-content\\\/uploads\\\/elementor\\\/thumbs\\\/ICE-Summer-Camp-2025-Banner-Photos-20-e1756114407659-rarsiin3ljbkcjci43behjve2aac63zzdezygsjuko.png\",\"contentUrl\":\"https:\\\/\\\/www.iceireland.com\\\/wp-content\\\/uploads\\\/elementor\\\/thumbs\\\/ICE-Summer-Camp-2025-Banner-Photos-20-e1756114407659-rarsiin3ljbkcjci43behjve2aac63zzdezygsjuko.png\"},{\"@type\":\"BreadcrumbList\",\"@id\":\"https:\\\/\\\/www.iceireland.com\\\/es\\\/campamento-ingles-verano-irlanda\\\/#breadcrumb\",\"itemListElement\":[{\"@type\":\"ListItem\",\"position\":1,\"name\":\"Home\",\"item\":\"https:\\\/\\\/www.iceireland.com\\\/es\\\/\"},{\"@type\":\"ListItem\",\"position\":2,\"name\":\"Campamento Junior Internacional de Verano en Irlanda\"}]},{\"@type\":\"WebSite\",\"@id\":\"https:\\\/\\\/www.iceireland.com\\\/es\\\/#website\",\"url\":\"https:\\\/\\\/www.iceireland.com\\\/es\\\/\",\"name\":\"Irish College of English\",\"description\":\"English School in Dublin, Malahide\",\"publisher\":{\"@id\":\"https:\\\/\\\/www.iceireland.com\\\/es\\\/#organization\"},\"potentialAction\":[{\"@type\":\"SearchAction\",\"target\":{\"@type\":\"EntryPoint\",\"urlTemplate\":\"https:\\\/\\\/www.iceireland.com\\\/es\\\/?s={search_term_string}\"},\"query-input\":{\"@type\":\"PropertyValueSpecification\",\"valueRequired\":true,\"valueName\":\"search_term_string\"}}],\"inLanguage\":\"es\"},{\"@type\":\"Organization\",\"@id\":\"https:\\\/\\\/www.iceireland.com\\\/es\\\/#organization\",\"name\":\"Irish College of English\",\"url\":\"https:\\\/\\\/www.iceireland.com\\\/es\\\/\",\"logo\":{\"@type\":\"ImageObject\",\"inLanguage\":\"es\",\"@id\":\"https:\\\/\\\/www.iceireland.com\\\/es\\\/#\\\/schema\\\/logo\\\/image\\\/\",\"url\":\"https:\\\/\\\/www.iceireland.com\\\/wp-content\\\/uploads\\\/2022\\\/03\\\/logo.png\",\"contentUrl\":\"https:\\\/\\\/www.iceireland.com\\\/wp-content\\\/uploads\\\/2022\\\/03\\\/logo.png\",\"width\":593,\"height\":92,\"caption\":\"Irish College of English\"},\"image\":{\"@id\":\"https:\\\/\\\/www.iceireland.com\\\/es\\\/#\\\/schema\\\/logo\\\/image\\\/\"}}]}<\/script>\n<!-- \/ Yoast SEO plugin. -->","yoast_head_json":{"title":"Campamento de verano de ingl\u00e9s para j\u00f3venes en Irlanda 2026 - Casa de familia y residencia","description":"Especialistas en campamentos de ingl\u00e9s para adolescentes. Escuela de Ingl\u00e9s galardonada que ofrece Campamento de Verano de Ingl\u00e9s Junior en Dubl\u00edn con Estancia en Casa a un Paso\/Viaje en Autob\u00fas Muy Corto y Verano Residencial de Ingl\u00e9s en Irlanda.","robots":{"index":"index","follow":"follow","max-snippet":"max-snippet:-1","max-image-preview":"max-image-preview:large","max-video-preview":"max-video-preview:-1"},"canonical":"https:\/\/www.iceireland.com\/es\/campamento-ingles-verano-irlanda\/","og_locale":"es_ES","og_type":"article","og_title":"Campamento de verano de ingl\u00e9s para j\u00f3venes en Irlanda 2026 - Casa de familia y residencia","og_description":"Especialistas en campamentos de ingl\u00e9s para adolescentes. Escuela de Ingl\u00e9s galardonada que ofrece Campamento de Verano de Ingl\u00e9s Junior en Dubl\u00edn con Estancia en Casa a un Paso\/Viaje en Autob\u00fas Muy Corto y Verano Residencial de Ingl\u00e9s en Irlanda.","og_url":"https:\/\/www.iceireland.com\/es\/campamento-ingles-verano-irlanda\/","og_site_name":"Irish College of English","article_modified_time":"2026-08-20T15:12:44+00:00","og_image":[{"url":"https:\/\/www.iceireland.com\/wp-content\/uploads\/elementor\/thumbs\/ICE-Summer-Camp-2025-Banner-Photos-20-e1756114407659-rarsiin3ljbkcjci43behjve2aac63zzdezygsjuko.png","type":"","width":"","height":""}],"twitter_misc":{"Tiempo de lectura":"3 minutos"},"schema":{"@context":"https:\/\/schema.org","@graph":[{"@type":"WebPage","@id":"https:\/\/www.iceireland.com\/es\/campamento-ingles-verano-irlanda\/","url":"https:\/\/www.iceireland.com\/es\/campamento-ingles-verano-irlanda\/","name":"Campamento de verano de ingl\u00e9s para j\u00f3venes en Irlanda 2026 - Casa de familia y residencia","isPartOf":{"@id":"https:\/\/www.iceireland.com\/es\/#website"},"primaryImageOfPage":{"@id":"https:\/\/www.iceireland.com\/es\/campamento-ingles-verano-irlanda\/#primaryimage"},"image":{"@id":"https:\/\/www.iceireland.com\/es\/campamento-ingles-verano-irlanda\/#primaryimage"},"thumbnailUrl":"https:\/\/www.iceireland.com\/wp-content\/uploads\/elementor\/thumbs\/ICE-Summer-Camp-2025-Banner-Photos-20-e1756114407659-rarsiin3ljbkcjci43behjve2aac63zzdezygsjuko.png","datePublished":"2023-08-08T10:22:33+00:00","dateModified":"2026-08-20T15:12:44+00:00","description":"Especialistas en campamentos de ingl\u00e9s para adolescentes. Escuela de Ingl\u00e9s galardonada que ofrece Campamento de Verano de Ingl\u00e9s Junior en Dubl\u00edn con Estancia en Casa a un Paso\/Viaje en Autob\u00fas Muy Corto y Verano Residencial de Ingl\u00e9s en Irlanda.","breadcrumb":{"@id":"https:\/\/www.iceireland.com\/es\/campamento-ingles-verano-irlanda\/#breadcrumb"},"inLanguage":"es","potentialAction":[{"@type":"ReadAction","target":["https:\/\/www.iceireland.com\/es\/campamento-ingles-verano-irlanda\/"]}]},{"@type":"ImageObject","inLanguage":"es","@id":"https:\/\/www.iceireland.com\/es\/campamento-ingles-verano-irlanda\/#primaryimage","url":"https:\/\/www.iceireland.com\/wp-content\/uploads\/elementor\/thumbs\/ICE-Summer-Camp-2025-Banner-Photos-20-e1756114407659-rarsiin3ljbkcjci43behjve2aac63zzdezygsjuko.png","contentUrl":"https:\/\/www.iceireland.com\/wp-content\/uploads\/elementor\/thumbs\/ICE-Summer-Camp-2025-Banner-Photos-20-e1756114407659-rarsiin3ljbkcjci43behjve2aac63zzdezygsjuko.png"},{"@type":"BreadcrumbList","@id":"https:\/\/www.iceireland.com\/es\/campamento-ingles-verano-irlanda\/#breadcrumb","itemListElement":[{"@type":"ListItem","position":1,"name":"Home","item":"https:\/\/www.iceireland.com\/es\/"},{"@type":"ListItem","position":2,"name":"Campamento Junior Internacional de Verano en Irlanda"}]},{"@type":"WebSite","@id":"https:\/\/www.iceireland.com\/es\/#website","url":"https:\/\/www.iceireland.com\/es\/","name":"Irish College of English","description":"English School in Dublin, Malahide","publisher":{"@id":"https:\/\/www.iceireland.com\/es\/#organization"},"potentialAction":[{"@type":"SearchAction","target":{"@type":"EntryPoint","urlTemplate":"https:\/\/www.iceireland.com\/es\/?s={search_term_string}"},"query-input":{"@type":"PropertyValueSpecification","valueRequired":true,"valueName":"search_term_string"}}],"inLanguage":"es"},{"@type":"Organization","@id":"https:\/\/www.iceireland.com\/es\/#organization","name":"Irish College of English","url":"https:\/\/www.iceireland.com\/es\/","logo":{"@type":"ImageObject","inLanguage":"es","@id":"https:\/\/www.iceireland.com\/es\/#\/schema\/logo\/image\/","url":"https:\/\/www.iceireland.com\/wp-content\/uploads\/2022\/03\/logo.png","contentUrl":"https:\/\/www.iceireland.com\/wp-content\/uploads\/2022\/03\/logo.png","width":593,"height":92,"caption":"Irish College of English"},"image":{"@id":"https:\/\/www.iceireland.com\/es\/#\/schema\/logo\/image\/"}}]}},"_links":{"self":[{"href":"https:\/\/www.iceireland.com\/es\/wp-json\/wp\/v2\/pages\/18967","targetHints":{"allow":["GET"]}}],"collection":[{"href":"https:\/\/www.iceireland.com\/es\/wp-json\/wp\/v2\/pages"}],"about":[{"href":"https:\/\/www.iceireland.com\/es\/wp-json\/wp\/v2\/types\/page"}],"author":[{"embeddable":true,"href":"https:\/\/www.iceireland.com\/es\/wp-json\/wp\/v2\/users\/3"}],"replies":[{"embeddable":true,"href":"https:\/\/www.iceireland.com\/es\/wp-json\/wp\/v2\/comments?post=18967"}],"version-history":[{"count":17,"href":"https:\/\/www.iceireland.com\/es\/wp-json\/wp\/v2\/pages\/18967\/revisions"}],"predecessor-version":[{"id":38034,"href":"https:\/\/www.iceireland.com\/es\/wp-json\/wp\/v2\/pages\/18967\/revisions\/38034"}],"wp:attachment":[{"href":"https:\/\/www.iceireland.com\/es\/wp-json\/wp\/v2\/media?parent=18967"}],"curies":[{"name":"wp","href":"https:\/\/api.w.org\/{rel}","templated":true}]}}