{"id":38140,"date":"2023-08-08T10:30:33","date_gmt":"2023-08-08T10:30:33","guid":{"rendered":"https:\/\/www.iceireland.com\/acampamento-de-verao-de-ingles-na-irlanda\/acampamento-de-ingles-residencial-na-irlanda-a-informacao-da-irlanda\/"},"modified":"2026-08-24T09:43:36","modified_gmt":"2026-08-24T09:43:36","slug":"acampamento-de-ingles-residencial-na-irlanda-a-informacao-da-irlanda","status":"publish","type":"page","link":"https:\/\/www.iceireland.com\/pt-br\/acampamento-de-verao-de-ingles-na-irlanda\/acampamento-de-ingles-residencial-na-irlanda-a-informacao-da-irlanda\/","title":{"rendered":"Abadia de Glenstal"},"content":{"rendered":"\t\t<div data-elementor-type=\"wp-page\" data-elementor-id=\"38140\" class=\"elementor elementor-38140 elementor-18991\" data-elementor-post-type=\"page\">\n\t\t\t\t\t\t<section class=\"elementor-section elementor-top-section elementor-element elementor-element-341fc93 elementor-section-boxed elementor-section-height-default elementor-section-height-default\" data-id=\"341fc93\" data-element_type=\"section\" data-e-type=\"section\">\n\t\t\t\t\t\t<div class=\"elementor-container elementor-column-gap-default\">\n\t\t\t\t\t<div class=\"elementor-column elementor-col-100 elementor-top-column elementor-element elementor-element-d59ed98\" data-id=\"d59ed98\" data-element_type=\"column\" data-e-type=\"column\">\n\t\t\t<div class=\"elementor-widget-wrap elementor-element-populated\">\n\t\t\t\t\t\t<div class=\"elementor-element elementor-element-f5f9da2 elementor-widget elementor-widget-heading\" data-id=\"f5f9da2\" data-element_type=\"widget\" data-e-type=\"widget\" data-widget_type=\"heading.default\">\n\t\t\t\t<div class=\"elementor-widget-container\">\n\t\t\t\t\t<h2 class=\"elementor-heading-title elementor-size-default\"><b>Abadia de Glenstal<\/b><br \/><b>Programa Residencial 2027<\/b><\/h2>\t\t\t\t<\/div>\n\t\t\t\t<\/div>\n\t\t\t\t\t<\/div>\n\t\t<\/div>\n\t\t\t\t\t<\/div>\n\t\t<\/section>\n\t\t\t\t<section class=\"elementor-section elementor-top-section elementor-element elementor-element-bf36b79 elementor-section-boxed elementor-section-height-default elementor-section-height-default\" data-id=\"bf36b79\" data-element_type=\"section\" data-e-type=\"section\">\n\t\t\t\t\t\t<div class=\"elementor-container elementor-column-gap-default\">\n\t\t\t\t\t<div class=\"elementor-column elementor-col-100 elementor-top-column elementor-element elementor-element-ba962b0\" data-id=\"ba962b0\" data-element_type=\"column\" data-e-type=\"column\">\n\t\t\t<div class=\"elementor-widget-wrap elementor-element-populated\">\n\t\t\t\t\t\t<div class=\"elementor-element elementor-element-a7e1974 elementor-widget elementor-widget-heading\" data-id=\"a7e1974\" data-element_type=\"widget\" data-e-type=\"widget\" data-widget_type=\"heading.default\">\n\t\t\t\t<div class=\"elementor-widget-container\">\n\t\t\t\t\t<h3 class=\"elementor-heading-title elementor-size-default\">Limerick \u2013 Irlanda<br \/>4 de julho \u2013 1\u00ba de agosto<br \/>11 a 17 anos<br \/>Programa de Ingl\u00eas e Atividades Diversas<\/h3>\t\t\t\t<\/div>\n\t\t\t\t<\/div>\n\t\t\t\t\t<\/div>\n\t\t<\/div>\n\t\t\t\t\t<\/div>\n\t\t<\/section>\n\t\t\t\t<section class=\"elementor-section elementor-top-section elementor-element elementor-element-0672977 elementor-section-boxed elementor-section-height-default elementor-section-height-default\" data-id=\"0672977\" data-element_type=\"section\" data-e-type=\"section\">\n\t\t\t\t\t\t<div class=\"elementor-container elementor-column-gap-default\">\n\t\t\t\t\t<div class=\"elementor-column elementor-col-100 elementor-top-column elementor-element elementor-element-c933e5a\" data-id=\"c933e5a\" data-element_type=\"column\" data-e-type=\"column\">\n\t\t\t<div class=\"elementor-widget-wrap elementor-element-populated\">\n\t\t\t\t\t\t<div class=\"elementor-element elementor-element-c8d3980 elementor-widget elementor-widget-text-editor\" data-id=\"c8d3980\" data-element_type=\"widget\" data-e-type=\"widget\" data-widget_type=\"text-editor.default\">\n\t\t\t\t<div class=\"elementor-widget-container\">\n\t\t\t\t\t\t\t\t\t<p style=\"text-align: center;\">A Abadia de Glenstal \u00e9 um dos internatos mais famosos da Irlanda. Os alunos que participarem do nosso Acampamento Internacional de Ver\u00e3o para Jovens em Glenstal v\u00e3o conhecer de perto a vida nesse campus incr\u00edvel. Eles v\u00e3o mergulhar no estilo de vida de um internato irland\u00eas hist\u00f3rico e aprender novas habilidades para a vida, desafiar a si mesmos e ganhar confian\u00e7a, respeito e independ\u00eancia.<\/p>\t\t\t\t\t\t\t\t<\/div>\n\t\t\t\t<\/div>\n\t\t\t\t\t<\/div>\n\t\t<\/div>\n\t\t\t\t\t<\/div>\n\t\t<\/section>\n\t\t\t\t<section class=\"elementor-section elementor-top-section elementor-element elementor-element-6510db7 elementor-section-boxed elementor-section-height-default elementor-section-height-default\" data-id=\"6510db7\" data-element_type=\"section\" data-e-type=\"section\">\n\t\t\t\t\t\t<div class=\"elementor-container elementor-column-gap-default\">\n\t\t\t\t\t<div class=\"elementor-column elementor-col-100 elementor-top-column elementor-element elementor-element-ffc36f1\" data-id=\"ffc36f1\" data-element_type=\"column\" data-e-type=\"column\">\n\t\t\t<div class=\"elementor-widget-wrap elementor-element-populated\">\n\t\t\t\t\t\t<div class=\"elementor-element elementor-element-03853b3 elementor-widget elementor-widget-video\" data-id=\"03853b3\" data-element_type=\"widget\" data-e-type=\"widget\" data-settings=\"{&quot;autoplay&quot;:&quot;yes&quot;,&quot;play_on_mobile&quot;:&quot;yes&quot;,&quot;mute&quot;:&quot;yes&quot;,&quot;loop&quot;:&quot;yes&quot;,&quot;video_type&quot;:&quot;vimeo&quot;}\" data-widget_type=\"video.default\">\n\t\t\t\t<div class=\"elementor-widget-container\">\n\t\t\t\t\t\t\t<div class=\"elementor-wrapper elementor-open-inline\">\n\t\t\t<iframe class=\"elementor-video-iframe\" allowfullscreen allow=\"autoplay\" title=\"Reprodutor de v\u00eddeo vimeo\" src=\"https:\/\/player.vimeo.com\/video\/229567737?autoplay=1&amp;playsinline=1&amp;color&amp;autopause=0&amp;loop=1&amp;muted=1&amp;title=0&amp;portrait=0&amp;byline=0#t=\"><\/iframe>\t\t<\/div>\n\t\t\t\t\t\t<\/div>\n\t\t\t\t<\/div>\n\t\t\t\t<div class=\"elementor-element elementor-element-b9e3a68 elementor-widget elementor-widget-spacer\" data-id=\"b9e3a68\" data-element_type=\"widget\" data-e-type=\"widget\" data-widget_type=\"spacer.default\">\n\t\t\t\t<div class=\"elementor-widget-container\">\n\t\t\t\t\t\t\t<div class=\"elementor-spacer\">\n\t\t\t<div class=\"elementor-spacer-inner\"><\/div>\n\t\t<\/div>\n\t\t\t\t\t\t<\/div>\n\t\t\t\t<\/div>\n\t\t\t\t\t<\/div>\n\t\t<\/div>\n\t\t\t\t\t<\/div>\n\t\t<\/section>\n\t\t\t\t<section class=\"elementor-section elementor-top-section elementor-element elementor-element-b5261f4 elementor-hidden-mobile elementor-section-boxed elementor-section-height-default elementor-section-height-default\" data-id=\"b5261f4\" data-element_type=\"section\" data-e-type=\"section\" data-settings=\"{&quot;background_background&quot;:&quot;classic&quot;}\">\n\t\t\t\t\t\t<div class=\"elementor-container elementor-column-gap-narrow\">\n\t\t\t\t\t<div class=\"elementor-column elementor-col-33 elementor-top-column elementor-element elementor-element-f42cb8a\" data-id=\"f42cb8a\" data-element_type=\"column\" data-e-type=\"column\">\n\t\t\t<div class=\"elementor-widget-wrap elementor-element-populated\">\n\t\t\t\t\t\t<div class=\"elementor-element elementor-element-d89a693 elementor-widget elementor-widget-text-editor\" data-id=\"d89a693\" data-element_type=\"widget\" data-e-type=\"widget\" data-widget_type=\"text-editor.default\">\n\t\t\t\t<div class=\"elementor-widget-container\">\n\t\t\t\t\t\t\t\t\t<h2 style=\"text-align: center;\"><span style=\"color: #ffffff;\"><strong>Escola premiada<\/strong><\/span><\/h2>\t\t\t\t\t\t\t\t<\/div>\n\t\t\t\t<\/div>\n\t\t\t\t\t<\/div>\n\t\t<\/div>\n\t\t\t\t<div class=\"elementor-column elementor-col-33 elementor-top-column elementor-element elementor-element-0ad1cc4\" data-id=\"0ad1cc4\" data-element_type=\"column\" data-e-type=\"column\">\n\t\t\t<div class=\"elementor-widget-wrap elementor-element-populated\">\n\t\t\t\t\t\t<div class=\"elementor-element elementor-element-c06d062 elementor-widget elementor-widget-text-editor\" data-id=\"c06d062\" data-element_type=\"widget\" data-e-type=\"widget\" data-widget_type=\"text-editor.default\">\n\t\t\t\t<div class=\"elementor-widget-container\">\n\t\t\t\t\t\t\t\t\t<h2 style=\"text-align: center;\"><b>Um campus lindo e hist\u00f3rico<\/b><\/h2>\t\t\t\t\t\t\t\t<\/div>\n\t\t\t\t<\/div>\n\t\t\t\t\t<\/div>\n\t\t<\/div>\n\t\t\t\t<div class=\"elementor-column elementor-col-33 elementor-top-column elementor-element elementor-element-17428fb\" data-id=\"17428fb\" data-element_type=\"column\" data-e-type=\"column\">\n\t\t\t<div class=\"elementor-widget-wrap elementor-element-populated\">\n\t\t\t\t\t\t<div class=\"elementor-element elementor-element-f8b79a5 elementor-widget elementor-widget-text-editor\" data-id=\"f8b79a5\" data-element_type=\"widget\" data-e-type=\"widget\" data-widget_type=\"text-editor.default\">\n\t\t\t\t<div class=\"elementor-widget-container\">\n\t\t\t\t\t\t\t\t\t<h2><span style=\"color: #ffffff;\"><strong>Descubra o Wild Atlantic Way<\/strong><\/span><\/h2>\t\t\t\t\t\t\t\t<\/div>\n\t\t\t\t<\/div>\n\t\t\t\t\t<\/div>\n\t\t<\/div>\n\t\t\t\t\t<\/div>\n\t\t<\/section>\n\t\t\t\t<section class=\"elementor-section elementor-top-section elementor-element elementor-element-47a0841 elementor-section-boxed elementor-section-height-default elementor-section-height-default\" data-id=\"47a0841\" data-element_type=\"section\" data-e-type=\"section\">\n\t\t\t\t\t\t<div class=\"elementor-container elementor-column-gap-default\">\n\t\t\t\t\t<div class=\"elementor-column elementor-col-100 elementor-top-column elementor-element elementor-element-735c1c9\" data-id=\"735c1c9\" data-element_type=\"column\" data-e-type=\"column\">\n\t\t\t<div class=\"elementor-widget-wrap elementor-element-populated\">\n\t\t\t\t\t\t<div class=\"elementor-element elementor-element-4a51dcf elementor-widget elementor-widget-spacer\" data-id=\"4a51dcf\" data-element_type=\"widget\" data-e-type=\"widget\" data-widget_type=\"spacer.default\">\n\t\t\t\t<div class=\"elementor-widget-container\">\n\t\t\t\t\t\t\t<div class=\"elementor-spacer\">\n\t\t\t<div class=\"elementor-spacer-inner\"><\/div>\n\t\t<\/div>\n\t\t\t\t\t\t<\/div>\n\t\t\t\t<\/div>\n\t\t\t\t<div class=\"elementor-element elementor-element-9cad094 elementor-widget elementor-widget-heading\" data-id=\"9cad094\" data-element_type=\"widget\" data-e-type=\"widget\" data-widget_type=\"heading.default\">\n\t\t\t\t<div class=\"elementor-widget-container\">\n\t\t\t\t\t<h2 class=\"elementor-heading-title elementor-size-default\">O deslumbrante campus do castelo<\/h2>\t\t\t\t<\/div>\n\t\t\t\t<\/div>\n\t\t\t\t\t<\/div>\n\t\t<\/div>\n\t\t\t\t\t<\/div>\n\t\t<\/section>\n\t\t\t\t<section class=\"elementor-section elementor-top-section elementor-element elementor-element-c7dad8a elementor-section-boxed elementor-section-height-default elementor-section-height-default\" data-id=\"c7dad8a\" data-element_type=\"section\" data-e-type=\"section\">\n\t\t\t\t\t\t<div class=\"elementor-container elementor-column-gap-default\">\n\t\t\t\t\t<div class=\"elementor-column elementor-col-100 elementor-top-column elementor-element elementor-element-9469dab\" data-id=\"9469dab\" data-element_type=\"column\" data-e-type=\"column\">\n\t\t\t<div class=\"elementor-widget-wrap elementor-element-populated\">\n\t\t\t\t\t\t<div class=\"elementor-element elementor-element-90b0d58 elementor-widget elementor-widget-heading\" data-id=\"90b0d58\" data-element_type=\"widget\" data-e-type=\"widget\" data-widget_type=\"heading.default\">\n\t\t\t\t<div class=\"elementor-widget-container\">\n\t\t\t\t\t<h3 class=\"elementor-heading-title elementor-size-default\">Conhe\u00e7a o melhor de Dublin e da Irlanda<\/h3>\t\t\t\t<\/div>\n\t\t\t\t<\/div>\n\t\t\t\t\t<\/div>\n\t\t<\/div>\n\t\t\t\t\t<\/div>\n\t\t<\/section>\n\t\t\t\t<section class=\"elementor-section elementor-top-section elementor-element elementor-element-c6b8710 elementor-section-boxed elementor-section-height-default elementor-section-height-default\" data-id=\"c6b8710\" data-element_type=\"section\" data-e-type=\"section\">\n\t\t\t\t\t\t<div class=\"elementor-container elementor-column-gap-default\">\n\t\t\t\t\t<div class=\"elementor-column elementor-col-100 elementor-top-column elementor-element elementor-element-5067aa8\" data-id=\"5067aa8\" data-element_type=\"column\" data-e-type=\"column\">\n\t\t\t<div class=\"elementor-widget-wrap elementor-element-populated\">\n\t\t\t\t\t\t<div class=\"elementor-element elementor-element-0d330f3 elementor-widget elementor-widget-text-editor\" data-id=\"0d330f3\" data-element_type=\"widget\" data-e-type=\"widget\" data-widget_type=\"text-editor.default\">\n\t\t\t\t<div class=\"elementor-widget-container\">\n\t\t\t\t\t\t\t\t\t<p style=\"text-align: center;\">A Abadia de Glenstal \u00e9 um dos internatos mais famosos da Irlanda. Constru\u00edda na d\u00e9cada de 1830 e projetada como um castelo no rom\u00e2ntico estilo normando do s\u00e9culo XII, a abadia fica em uma propriedade de 500 acres com riachos, lagos e trilhas na floresta.  Os alunos que participarem do nosso Acampamento Internacional de Ver\u00e3o para Jovens na Abadia de Glenstal v\u00e3o curtir a vida nesse campus incr\u00edvel. Eles v\u00e3o mergulhar no estilo de vida de um hist\u00f3rico col\u00e9gio interno irland\u00eas, aprender novas habilidades para a vida e ganhar confian\u00e7a e independ\u00eancia. Al\u00e9m disso, v\u00e3o conhecer o melhor do oeste da Irlanda e participar de atividades de aventura.  <\/p>\t\t\t\t\t\t\t\t<\/div>\n\t\t\t\t<\/div>\n\t\t\t\t\t<\/div>\n\t\t<\/div>\n\t\t\t\t\t<\/div>\n\t\t<\/section>\n\t\t\t\t<section class=\"elementor-section elementor-top-section elementor-element elementor-element-251c897 elementor-section-boxed elementor-section-height-default elementor-section-height-default\" data-id=\"251c897\" data-element_type=\"section\" data-e-type=\"section\">\n\t\t\t\t\t\t<div class=\"elementor-container elementor-column-gap-default\">\n\t\t\t\t\t<div class=\"elementor-column elementor-col-100 elementor-top-column elementor-element elementor-element-89059b3\" data-id=\"89059b3\" data-element_type=\"column\" data-e-type=\"column\">\n\t\t\t<div class=\"elementor-widget-wrap elementor-element-populated\">\n\t\t\t\t\t\t<div class=\"elementor-element elementor-element-99e7826 elementor-widget elementor-widget-gallery\" data-id=\"99e7826\" data-element_type=\"widget\" data-e-type=\"widget\" data-settings=\"{&quot;gallery_layout&quot;:&quot;justified&quot;,&quot;lazyload&quot;:&quot;yes&quot;,&quot;ideal_row_height&quot;:{&quot;unit&quot;:&quot;px&quot;,&quot;size&quot;:200,&quot;sizes&quot;:[]},&quot;ideal_row_height_tablet&quot;:{&quot;unit&quot;:&quot;px&quot;,&quot;size&quot;:150,&quot;sizes&quot;:[]},&quot;ideal_row_height_mobile&quot;:{&quot;unit&quot;:&quot;px&quot;,&quot;size&quot;:150,&quot;sizes&quot;:[]},&quot;gap&quot;:{&quot;unit&quot;:&quot;px&quot;,&quot;size&quot;:10,&quot;sizes&quot;:[]},&quot;gap_tablet&quot;:{&quot;unit&quot;:&quot;px&quot;,&quot;size&quot;:10,&quot;sizes&quot;:[]},&quot;gap_mobile&quot;:{&quot;unit&quot;:&quot;px&quot;,&quot;size&quot;:10,&quot;sizes&quot;:[]},&quot;link_to&quot;:&quot;file&quot;,&quot;overlay_background&quot;:&quot;yes&quot;,&quot;content_hover_animation&quot;:&quot;fade-in&quot;}\" data-widget_type=\"gallery.default\">\n\t\t\t\t<div class=\"elementor-widget-container\">\n\t\t\t\t\t\t\t<div class=\"elementor-gallery__container\">\n\t\t\t\t\t\t\t<a class=\"e-gallery-item elementor-gallery-item elementor-animated-content\" href=\"https:\/\/www.iceireland.com\/wp-content\/uploads\/2025\/08\/ICE-Summer-Camp-2025-Banner-Photos-16.png\" data-elementor-open-lightbox=\"yes\" data-elementor-lightbox-slideshow=\"99e7826\" data-e-action-hash=\"#elementor-action%3Aaction%3Dlightbox%26settings%3DeyJpZCI6MzAwNjYsInVybCI6Imh0dHBzOlwvXC93d3cuaWNlaXJlbGFuZC5jb21cL3dwLWNvbnRlbnRcL3VwbG9hZHNcLzIwMjVcLzA4XC9JQ0UtU3VtbWVyLUNhbXAtMjAyNS1CYW5uZXItUGhvdG9zLTE2LnBuZyIsInNsaWRlc2hvdyI6Ijk5ZTc4MjYifQ%3D%3D\">\n\t\t\t\t\t<div class=\"e-gallery-image elementor-gallery-item__image\" data-thumbnail=\"https:\/\/www.iceireland.com\/wp-content\/uploads\/2025\/08\/ICE-Summer-Camp-2025-Banner-Photos-16.png\" data-width=\"1500\" data-height=\"1000\" aria-label=\"\" role=\"img\" ><\/div>\n\t\t\t\t\t\t\t\t\t\t\t<div class=\"elementor-gallery-item__overlay\"><\/div>\n\t\t\t\t\t\t\t\t\t\t\t\t\t\t<\/a>\n\t\t\t\t\t\t\t<a class=\"e-gallery-item elementor-gallery-item elementor-animated-content\" href=\"https:\/\/www.iceireland.com\/wp-content\/uploads\/2025\/08\/ICE-Summer-Camp-2025-Banner-Photos-8.png\" data-elementor-open-lightbox=\"yes\" data-elementor-lightbox-slideshow=\"99e7826\" data-e-action-hash=\"#elementor-action%3Aaction%3Dlightbox%26settings%3DeyJpZCI6MzAwMDIsInVybCI6Imh0dHBzOlwvXC93d3cuaWNlaXJlbGFuZC5jb21cL3dwLWNvbnRlbnRcL3VwbG9hZHNcLzIwMjVcLzA4XC9JQ0UtU3VtbWVyLUNhbXAtMjAyNS1CYW5uZXItUGhvdG9zLTgucG5nIiwic2xpZGVzaG93IjoiOTllNzgyNiJ9\">\n\t\t\t\t\t<div class=\"e-gallery-image elementor-gallery-item__image\" data-thumbnail=\"https:\/\/www.iceireland.com\/wp-content\/uploads\/2025\/08\/ICE-Summer-Camp-2025-Banner-Photos-8.png\" data-width=\"1500\" data-height=\"1000\" aria-label=\"\" role=\"img\" ><\/div>\n\t\t\t\t\t\t\t\t\t\t\t<div class=\"elementor-gallery-item__overlay\"><\/div>\n\t\t\t\t\t\t\t\t\t\t\t\t\t\t<\/a>\n\t\t\t\t\t\t\t<a class=\"e-gallery-item elementor-gallery-item elementor-animated-content\" href=\"https:\/\/www.iceireland.com\/wp-content\/uploads\/2025\/08\/ICE-Summer-Camp-2026-Banner-Photos-7.png\" data-elementor-open-lightbox=\"yes\" data-elementor-lightbox-slideshow=\"99e7826\" data-e-action-hash=\"#elementor-action%3Aaction%3Dlightbox%26settings%3DeyJpZCI6Mjk4OTgsInVybCI6Imh0dHBzOlwvXC93d3cuaWNlaXJlbGFuZC5jb21cL3dwLWNvbnRlbnRcL3VwbG9hZHNcLzIwMjVcLzA4XC9JQ0UtU3VtbWVyLUNhbXAtMjAyNi1CYW5uZXItUGhvdG9zLTcucG5nIiwic2xpZGVzaG93IjoiOTllNzgyNiJ9\">\n\t\t\t\t\t<div class=\"e-gallery-image elementor-gallery-item__image\" data-thumbnail=\"https:\/\/www.iceireland.com\/wp-content\/uploads\/2025\/08\/ICE-Summer-Camp-2026-Banner-Photos-7.png\" data-width=\"1500\" data-height=\"1000\" aria-label=\"\" role=\"img\" ><\/div>\n\t\t\t\t\t\t\t\t\t\t\t<div class=\"elementor-gallery-item__overlay\"><\/div>\n\t\t\t\t\t\t\t\t\t\t\t\t\t\t<\/a>\n\t\t\t\t\t\t\t<a class=\"e-gallery-item elementor-gallery-item elementor-animated-content\" href=\"https:\/\/www.iceireland.com\/wp-content\/uploads\/2025\/08\/Copy-of-ICE-Summer-Camp-Brochure-2026-13.png\" data-elementor-open-lightbox=\"yes\" data-elementor-lightbox-slideshow=\"99e7826\" data-e-action-hash=\"#elementor-action%3Aaction%3Dlightbox%26settings%3DeyJpZCI6MzEwMDEsInVybCI6Imh0dHBzOlwvXC93d3cuaWNlaXJlbGFuZC5jb21cL3dwLWNvbnRlbnRcL3VwbG9hZHNcLzIwMjVcLzA4XC9Db3B5LW9mLUlDRS1TdW1tZXItQ2FtcC1Ccm9jaHVyZS0yMDI2LTEzLnBuZyIsInNsaWRlc2hvdyI6Ijk5ZTc4MjYifQ%3D%3D\">\n\t\t\t\t\t<div class=\"e-gallery-image elementor-gallery-item__image\" data-thumbnail=\"https:\/\/www.iceireland.com\/wp-content\/uploads\/2025\/08\/Copy-of-ICE-Summer-Camp-Brochure-2026-13.png\" data-width=\"1414\" data-height=\"1497\" aria-label=\"\" role=\"img\" ><\/div>\n\t\t\t\t\t\t\t\t\t\t\t<div class=\"elementor-gallery-item__overlay\"><\/div>\n\t\t\t\t\t\t\t\t\t\t\t\t\t\t<\/a>\n\t\t\t\t\t\t\t<a class=\"e-gallery-item elementor-gallery-item elementor-animated-content\" href=\"https:\/\/www.iceireland.com\/wp-content\/uploads\/2025\/08\/Copy-of-ICE-Summer-Camp-Brochure-2026-14.png\" data-elementor-open-lightbox=\"yes\" data-elementor-lightbox-slideshow=\"99e7826\" data-e-action-hash=\"#elementor-action%3Aaction%3Dlightbox%26settings%3DeyJpZCI6MzEwMDksInVybCI6Imh0dHBzOlwvXC93d3cuaWNlaXJlbGFuZC5jb21cL3dwLWNvbnRlbnRcL3VwbG9hZHNcLzIwMjVcLzA4XC9Db3B5LW9mLUlDRS1TdW1tZXItQ2FtcC1Ccm9jaHVyZS0yMDI2LTE0LnBuZyIsInNsaWRlc2hvdyI6Ijk5ZTc4MjYifQ%3D%3D\">\n\t\t\t\t\t<div class=\"e-gallery-image elementor-gallery-item__image\" data-thumbnail=\"https:\/\/www.iceireland.com\/wp-content\/uploads\/2025\/08\/Copy-of-ICE-Summer-Camp-Brochure-2026-14.png\" data-width=\"1414\" data-height=\"1481\" aria-label=\"\" role=\"img\" ><\/div>\n\t\t\t\t\t\t\t\t\t\t\t<div class=\"elementor-gallery-item__overlay\"><\/div>\n\t\t\t\t\t\t\t\t\t\t\t\t\t\t<\/a>\n\t\t\t\t\t\t\t<a class=\"e-gallery-item elementor-gallery-item elementor-animated-content\" href=\"https:\/\/www.iceireland.com\/wp-content\/uploads\/2025\/08\/Copy-of-ICE-Summer-Camp-Brochure-2026-15.png\" data-elementor-open-lightbox=\"yes\" data-elementor-lightbox-slideshow=\"99e7826\" data-e-action-hash=\"#elementor-action%3Aaction%3Dlightbox%26settings%3DeyJpZCI6MzEwMjAsInVybCI6Imh0dHBzOlwvXC93d3cuaWNlaXJlbGFuZC5jb21cL3dwLWNvbnRlbnRcL3VwbG9hZHNcLzIwMjVcLzA4XC9Db3B5LW9mLUlDRS1TdW1tZXItQ2FtcC1Ccm9jaHVyZS0yMDI2LTE1LnBuZyIsInNsaWRlc2hvdyI6Ijk5ZTc4MjYifQ%3D%3D\">\n\t\t\t\t\t<div class=\"e-gallery-image elementor-gallery-item__image\" data-thumbnail=\"https:\/\/www.iceireland.com\/wp-content\/uploads\/2025\/08\/Copy-of-ICE-Summer-Camp-Brochure-2026-15.png\" data-width=\"1000\" data-height=\"1029\" aria-label=\"\" role=\"img\" ><\/div>\n\t\t\t\t\t\t\t\t\t\t\t<div class=\"elementor-gallery-item__overlay\"><\/div>\n\t\t\t\t\t\t\t\t\t\t\t\t\t\t<\/a>\n\t\t\t\t\t\t\t<a class=\"e-gallery-item elementor-gallery-item elementor-animated-content\" href=\"https:\/\/www.iceireland.com\/wp-content\/uploads\/2025\/08\/Copy-of-Junior-Summer-Camps-Brochure-2024-3.png\" data-elementor-open-lightbox=\"yes\" data-elementor-lightbox-slideshow=\"99e7826\" data-e-action-hash=\"#elementor-action%3Aaction%3Dlightbox%26settings%3DeyJpZCI6MzEwMjksInVybCI6Imh0dHBzOlwvXC93d3cuaWNlaXJlbGFuZC5jb21cL3dwLWNvbnRlbnRcL3VwbG9hZHNcLzIwMjVcLzA4XC9Db3B5LW9mLUp1bmlvci1TdW1tZXItQ2FtcHMtQnJvY2h1cmUtMjAyNC0zLnBuZyIsInNsaWRlc2hvdyI6Ijk5ZTc4MjYifQ%3D%3D\">\n\t\t\t\t\t<div class=\"e-gallery-image elementor-gallery-item__image\" data-thumbnail=\"https:\/\/www.iceireland.com\/wp-content\/uploads\/2025\/08\/Copy-of-Junior-Summer-Camps-Brochure-2024-3.png\" data-width=\"1414\" data-height=\"656\" aria-label=\"\" role=\"img\" ><\/div>\n\t\t\t\t\t\t\t\t\t\t\t<div class=\"elementor-gallery-item__overlay\"><\/div>\n\t\t\t\t\t\t\t\t\t\t\t\t\t\t<\/a>\n\t\t\t\t\t<\/div>\n\t\t\t\t\t<\/div>\n\t\t\t\t<\/div>\n\t\t\t\t<div class=\"elementor-element elementor-element-f0c143c elementor-widget elementor-widget-spacer\" data-id=\"f0c143c\" data-element_type=\"widget\" data-e-type=\"widget\" data-widget_type=\"spacer.default\">\n\t\t\t\t<div class=\"elementor-widget-container\">\n\t\t\t\t\t\t\t<div class=\"elementor-spacer\">\n\t\t\t<div class=\"elementor-spacer-inner\"><\/div>\n\t\t<\/div>\n\t\t\t\t\t\t<\/div>\n\t\t\t\t<\/div>\n\t\t\t\t\t<\/div>\n\t\t<\/div>\n\t\t\t\t\t<\/div>\n\t\t<\/section>\n\t\t\t\t<section class=\"elementor-section elementor-top-section elementor-element elementor-element-8f29a22 elementor-section-boxed elementor-section-height-default elementor-section-height-default\" data-id=\"8f29a22\" data-element_type=\"section\" data-e-type=\"section\">\n\t\t\t\t\t\t<div class=\"elementor-container elementor-column-gap-default\">\n\t\t\t\t\t<div class=\"elementor-column elementor-col-100 elementor-top-column elementor-element elementor-element-60fcf00\" data-id=\"60fcf00\" data-element_type=\"column\" data-e-type=\"column\">\n\t\t\t<div class=\"elementor-widget-wrap elementor-element-populated\">\n\t\t\t\t\t\t<div class=\"elementor-element elementor-element-7d69a52 elementor-widget elementor-widget-heading\" data-id=\"7d69a52\" data-element_type=\"widget\" data-e-type=\"widget\" data-widget_type=\"heading.default\">\n\t\t\t\t<div class=\"elementor-widget-container\">\n\t\t\t\t\t<h2 class=\"elementor-heading-title elementor-size-default\">Vis\u00e3o geral do programa da Abadia de Glenstal<\/h2>\t\t\t\t<\/div>\n\t\t\t\t<\/div>\n\t\t\t\t\t<\/div>\n\t\t<\/div>\n\t\t\t\t\t<\/div>\n\t\t<\/section>\n\t\t\t\t<section class=\"elementor-section elementor-top-section elementor-element elementor-element-4e20ca3 elementor-section-boxed elementor-section-height-default elementor-section-height-default\" data-id=\"4e20ca3\" data-element_type=\"section\" data-e-type=\"section\">\n\t\t\t\t\t\t<div class=\"elementor-container elementor-column-gap-default\">\n\t\t\t\t\t<div class=\"elementor-column elementor-col-100 elementor-top-column elementor-element elementor-element-db2d8fa\" data-id=\"db2d8fa\" data-element_type=\"column\" data-e-type=\"column\">\n\t\t\t<div class=\"elementor-widget-wrap elementor-element-populated\">\n\t\t\t\t\t\t<div class=\"elementor-element elementor-element-aea6867 elementor-widget elementor-widget-image\" data-id=\"aea6867\" data-element_type=\"widget\" data-e-type=\"widget\" data-widget_type=\"image.default\">\n\t\t\t\t<div class=\"elementor-widget-container\">\n\t\t\t\t\t\t\t\t\t\t\t\t\t\t\t<img fetchpriority=\"high\" decoding=\"async\" width=\"1500\" height=\"1000\" src=\"https:\/\/www.iceireland.com\/wp-content\/uploads\/2026\/08\/Glenstal-Programme-2027.png\" class=\"attachment-2048x2048 size-2048x2048 wp-image-38158\" alt=\"\" srcset=\"https:\/\/www.iceireland.com\/wp-content\/uploads\/2026\/08\/Glenstal-Programme-2027.png 1500w, https:\/\/www.iceireland.com\/wp-content\/uploads\/2026\/08\/Glenstal-Programme-2027-300x200.png 300w, https:\/\/www.iceireland.com\/wp-content\/uploads\/2026\/08\/Glenstal-Programme-2027-1024x683.png 1024w, https:\/\/www.iceireland.com\/wp-content\/uploads\/2026\/08\/Glenstal-Programme-2027-768x512.png 768w\" sizes=\"(max-width: 1500px) 100vw, 1500px\" \/>\t\t\t\t\t\t\t\t\t\t\t\t\t\t\t<\/div>\n\t\t\t\t<\/div>\n\t\t\t\t\t<\/div>\n\t\t<\/div>\n\t\t\t\t\t<\/div>\n\t\t<\/section>\n\t\t\t\t<section class=\"elementor-section elementor-top-section elementor-element elementor-element-748ab14 elementor-section-boxed elementor-section-height-default elementor-section-height-default\" data-id=\"748ab14\" data-element_type=\"section\" data-e-type=\"section\">\n\t\t\t\t\t\t<div class=\"elementor-container elementor-column-gap-default\">\n\t\t\t\t\t<div class=\"elementor-column elementor-col-100 elementor-top-column elementor-element elementor-element-55bc0e7\" data-id=\"55bc0e7\" data-element_type=\"column\" data-e-type=\"column\">\n\t\t\t<div class=\"elementor-widget-wrap elementor-element-populated\">\n\t\t\t\t\t\t<div class=\"elementor-element elementor-element-e149df8 elementor-widget elementor-widget-gallery\" data-id=\"e149df8\" data-element_type=\"widget\" data-e-type=\"widget\" data-settings=\"{&quot;gallery_layout&quot;:&quot;justified&quot;,&quot;lazyload&quot;:&quot;yes&quot;,&quot;ideal_row_height&quot;:{&quot;unit&quot;:&quot;px&quot;,&quot;size&quot;:200,&quot;sizes&quot;:[]},&quot;ideal_row_height_tablet&quot;:{&quot;unit&quot;:&quot;px&quot;,&quot;size&quot;:150,&quot;sizes&quot;:[]},&quot;ideal_row_height_mobile&quot;:{&quot;unit&quot;:&quot;px&quot;,&quot;size&quot;:150,&quot;sizes&quot;:[]},&quot;gap&quot;:{&quot;unit&quot;:&quot;px&quot;,&quot;size&quot;:10,&quot;sizes&quot;:[]},&quot;gap_tablet&quot;:{&quot;unit&quot;:&quot;px&quot;,&quot;size&quot;:10,&quot;sizes&quot;:[]},&quot;gap_mobile&quot;:{&quot;unit&quot;:&quot;px&quot;,&quot;size&quot;:10,&quot;sizes&quot;:[]},&quot;link_to&quot;:&quot;file&quot;,&quot;overlay_background&quot;:&quot;yes&quot;,&quot;content_hover_animation&quot;:&quot;fade-in&quot;}\" data-widget_type=\"gallery.default\">\n\t\t\t\t<div class=\"elementor-widget-container\">\n\t\t\t\t\t\t\t<div class=\"elementor-gallery__container\">\n\t\t\t\t\t\t\t<a class=\"e-gallery-item elementor-gallery-item elementor-animated-content\" href=\"https:\/\/www.iceireland.com\/wp-content\/uploads\/2025\/08\/ICE-Summer-Camp-2026-Banner-Photos-9.png\" data-elementor-open-lightbox=\"yes\" data-elementor-lightbox-slideshow=\"e149df8\" data-e-action-hash=\"#elementor-action%3Aaction%3Dlightbox%26settings%3DeyJpZCI6Mjk5MTQsInVybCI6Imh0dHBzOlwvXC93d3cuaWNlaXJlbGFuZC5jb21cL3dwLWNvbnRlbnRcL3VwbG9hZHNcLzIwMjVcLzA4XC9JQ0UtU3VtbWVyLUNhbXAtMjAyNi1CYW5uZXItUGhvdG9zLTkucG5nIiwic2xpZGVzaG93IjoiZTE0OWRmOCJ9\">\n\t\t\t\t\t<div class=\"e-gallery-image elementor-gallery-item__image\" data-thumbnail=\"https:\/\/www.iceireland.com\/wp-content\/uploads\/2025\/08\/ICE-Summer-Camp-2026-Banner-Photos-9.png\" data-width=\"1500\" data-height=\"1000\" aria-label=\"\" role=\"img\" ><\/div>\n\t\t\t\t\t\t\t\t\t\t\t<div class=\"elementor-gallery-item__overlay\"><\/div>\n\t\t\t\t\t\t\t\t\t\t\t\t\t\t<\/a>\n\t\t\t\t\t\t\t<a class=\"e-gallery-item elementor-gallery-item elementor-animated-content\" href=\"https:\/\/www.iceireland.com\/wp-content\/uploads\/2025\/08\/ICE-Summer-Camp-2026-Banner-Photos-8.png\" data-elementor-open-lightbox=\"yes\" data-elementor-lightbox-slideshow=\"e149df8\" data-e-action-hash=\"#elementor-action%3Aaction%3Dlightbox%26settings%3DeyJpZCI6Mjk5MDYsInVybCI6Imh0dHBzOlwvXC93d3cuaWNlaXJlbGFuZC5jb21cL3dwLWNvbnRlbnRcL3VwbG9hZHNcLzIwMjVcLzA4XC9JQ0UtU3VtbWVyLUNhbXAtMjAyNi1CYW5uZXItUGhvdG9zLTgucG5nIiwic2xpZGVzaG93IjoiZTE0OWRmOCJ9\">\n\t\t\t\t\t<div class=\"e-gallery-image elementor-gallery-item__image\" data-thumbnail=\"https:\/\/www.iceireland.com\/wp-content\/uploads\/2025\/08\/ICE-Summer-Camp-2026-Banner-Photos-8.png\" data-width=\"1500\" data-height=\"1000\" aria-label=\"\" role=\"img\" ><\/div>\n\t\t\t\t\t\t\t\t\t\t\t<div class=\"elementor-gallery-item__overlay\"><\/div>\n\t\t\t\t\t\t\t\t\t\t\t\t\t\t<\/a>\n\t\t\t\t\t\t\t<a class=\"e-gallery-item elementor-gallery-item elementor-animated-content\" href=\"https:\/\/www.iceireland.com\/wp-content\/uploads\/2025\/08\/ICE-Summer-Camp-2025-Banner-Photos-4.png\" data-elementor-open-lightbox=\"yes\" data-elementor-lightbox-slideshow=\"e149df8\" data-e-action-hash=\"#elementor-action%3Aaction%3Dlightbox%26settings%3DeyJpZCI6Mjk5NjIsInVybCI6Imh0dHBzOlwvXC93d3cuaWNlaXJlbGFuZC5jb21cL3dwLWNvbnRlbnRcL3VwbG9hZHNcLzIwMjVcLzA4XC9JQ0UtU3VtbWVyLUNhbXAtMjAyNS1CYW5uZXItUGhvdG9zLTQucG5nIiwic2xpZGVzaG93IjoiZTE0OWRmOCJ9\">\n\t\t\t\t\t<div class=\"e-gallery-image elementor-gallery-item__image\" data-thumbnail=\"https:\/\/www.iceireland.com\/wp-content\/uploads\/2025\/08\/ICE-Summer-Camp-2025-Banner-Photos-4.png\" data-width=\"1500\" data-height=\"1000\" aria-label=\"\" role=\"img\" ><\/div>\n\t\t\t\t\t\t\t\t\t\t\t<div class=\"elementor-gallery-item__overlay\"><\/div>\n\t\t\t\t\t\t\t\t\t\t\t\t\t\t<\/a>\n\t\t\t\t\t\t\t<a class=\"e-gallery-item elementor-gallery-item elementor-animated-content\" href=\"https:\/\/www.iceireland.com\/wp-content\/uploads\/2025\/08\/Copy-of-ICE-Summer-Camp-2026-Banner-Photos.png\" data-elementor-open-lightbox=\"yes\" data-elementor-lightbox-slideshow=\"e149df8\" data-e-action-hash=\"#elementor-action%3Aaction%3Dlightbox%26settings%3DeyJpZCI6MzgxNDUsInVybCI6Imh0dHBzOlwvXC93d3cuaWNlaXJlbGFuZC5jb21cL3dwLWNvbnRlbnRcL3VwbG9hZHNcLzIwMjVcLzA4XC9Db3B5LW9mLUlDRS1TdW1tZXItQ2FtcC0yMDI2LUJhbm5lci1QaG90b3MucG5nIiwic2xpZGVzaG93IjoiZTE0OWRmOCJ9\">\n\t\t\t\t\t<div class=\"e-gallery-image elementor-gallery-item__image\" data-thumbnail=\"https:\/\/www.iceireland.com\/wp-content\/uploads\/2025\/08\/Copy-of-ICE-Summer-Camp-2026-Banner-Photos.png\" data-width=\"1105\" data-height=\"1000\" aria-label=\"\" role=\"img\" ><\/div>\n\t\t\t\t\t\t\t\t\t\t\t<div class=\"elementor-gallery-item__overlay\"><\/div>\n\t\t\t\t\t\t\t\t\t\t\t\t\t\t<\/a>\n\t\t\t\t\t\t\t<a class=\"e-gallery-item elementor-gallery-item elementor-animated-content\" href=\"https:\/\/www.iceireland.com\/wp-content\/uploads\/2025\/08\/Copy-of-Junior-Summer-Camps-Brochure-2024-4.png\" data-elementor-open-lightbox=\"yes\" data-elementor-lightbox-slideshow=\"e149df8\" data-e-action-hash=\"#elementor-action%3Aaction%3Dlightbox%26settings%3DeyJpZCI6MzgxNDYsInVybCI6Imh0dHBzOlwvXC93d3cuaWNlaXJlbGFuZC5jb21cL3dwLWNvbnRlbnRcL3VwbG9hZHNcLzIwMjVcLzA4XC9Db3B5LW9mLUp1bmlvci1TdW1tZXItQ2FtcHMtQnJvY2h1cmUtMjAyNC00LnBuZyIsInNsaWRlc2hvdyI6ImUxNDlkZjgifQ%3D%3D\">\n\t\t\t\t\t<div class=\"e-gallery-image elementor-gallery-item__image\" data-thumbnail=\"https:\/\/www.iceireland.com\/wp-content\/uploads\/2025\/08\/Copy-of-Junior-Summer-Camps-Brochure-2024-4.png\" data-width=\"1365\" data-height=\"634\" aria-label=\"\" role=\"img\" ><\/div>\n\t\t\t\t\t\t\t\t\t\t\t<div class=\"elementor-gallery-item__overlay\"><\/div>\n\t\t\t\t\t\t\t\t\t\t\t\t\t\t<\/a>\n\t\t\t\t\t\t\t<a class=\"e-gallery-item elementor-gallery-item elementor-animated-content\" href=\"https:\/\/www.iceireland.com\/wp-content\/uploads\/2023\/10\/irish-dancing-p.jpg\" data-elementor-open-lightbox=\"yes\" data-elementor-lightbox-slideshow=\"e149df8\" data-e-action-hash=\"#elementor-action%3Aaction%3Dlightbox%26settings%3DeyJpZCI6MjM3NDksInVybCI6Imh0dHBzOlwvXC93d3cuaWNlaXJlbGFuZC5jb21cL3dwLWNvbnRlbnRcL3VwbG9hZHNcLzIwMjNcLzEwXC9pcmlzaC1kYW5jaW5nLXAuanBnIiwic2xpZGVzaG93IjoiZTE0OWRmOCJ9\">\n\t\t\t\t\t<div class=\"e-gallery-image elementor-gallery-item__image\" data-thumbnail=\"https:\/\/www.iceireland.com\/wp-content\/uploads\/2023\/10\/irish-dancing-p.jpg\" data-width=\"999\" data-height=\"1500\" aria-label=\"\" role=\"img\" ><\/div>\n\t\t\t\t\t\t\t\t\t\t\t<div class=\"elementor-gallery-item__overlay\"><\/div>\n\t\t\t\t\t\t\t\t\t\t\t\t\t\t<\/a>\n\t\t\t\t\t\t\t<a class=\"e-gallery-item elementor-gallery-item elementor-animated-content\" href=\"https:\/\/www.iceireland.com\/wp-content\/uploads\/2025\/08\/Copy-of-ICE-Summer-Camp-Brochure-2026-16.png\" data-elementor-open-lightbox=\"yes\" data-elementor-lightbox-slideshow=\"e149df8\" data-e-action-hash=\"#elementor-action%3Aaction%3Dlightbox%26settings%3DeyJpZCI6MzgxNDcsInVybCI6Imh0dHBzOlwvXC93d3cuaWNlaXJlbGFuZC5jb21cL3dwLWNvbnRlbnRcL3VwbG9hZHNcLzIwMjVcLzA4XC9Db3B5LW9mLUlDRS1TdW1tZXItQ2FtcC1Ccm9jaHVyZS0yMDI2LTE2LnBuZyIsInNsaWRlc2hvdyI6ImUxNDlkZjgifQ%3D%3D\">\n\t\t\t\t\t<div class=\"e-gallery-image elementor-gallery-item__image\" data-thumbnail=\"https:\/\/www.iceireland.com\/wp-content\/uploads\/2025\/08\/Copy-of-ICE-Summer-Camp-Brochure-2026-16.png\" data-width=\"1414\" data-height=\"1167\" aria-label=\"\" role=\"img\" ><\/div>\n\t\t\t\t\t\t\t\t\t\t\t<div class=\"elementor-gallery-item__overlay\"><\/div>\n\t\t\t\t\t\t\t\t\t\t\t\t\t\t<\/a>\n\t\t\t\t\t<\/div>\n\t\t\t\t\t<\/div>\n\t\t\t\t<\/div>\n\t\t\t\t\t<\/div>\n\t\t<\/div>\n\t\t\t\t\t<\/div>\n\t\t<\/section>\n\t\t\t\t<section class=\"elementor-section elementor-top-section elementor-element elementor-element-190ec5c elementor-section-full_width elementor-section-height-default elementor-section-height-default\" data-id=\"190ec5c\" data-element_type=\"section\" data-e-type=\"section\">\n\t\t\t\t\t\t<div class=\"elementor-container elementor-column-gap-default\">\n\t\t\t\t\t<div class=\"elementor-column elementor-col-100 elementor-top-column elementor-element elementor-element-145da4e\" data-id=\"145da4e\" data-element_type=\"column\" data-e-type=\"column\">\n\t\t\t<div class=\"elementor-widget-wrap elementor-element-populated\">\n\t\t\t\t\t\t<div class=\"elementor-element elementor-element-6fb4a0c elementor-widget elementor-widget-spacer\" data-id=\"6fb4a0c\" data-element_type=\"widget\" data-e-type=\"widget\" data-widget_type=\"spacer.default\">\n\t\t\t\t<div class=\"elementor-widget-container\">\n\t\t\t\t\t\t\t<div class=\"elementor-spacer\">\n\t\t\t<div class=\"elementor-spacer-inner\"><\/div>\n\t\t<\/div>\n\t\t\t\t\t\t<\/div>\n\t\t\t\t<\/div>\n\t\t\t\t<div class=\"elementor-element elementor-element-10a162d elementor-widget elementor-widget-heading\" data-id=\"10a162d\" data-element_type=\"widget\" data-e-type=\"widget\" data-widget_type=\"heading.default\">\n\t\t\t\t<div class=\"elementor-widget-container\">\n\t\t\t\t\t<h2 class=\"elementor-heading-title elementor-size-default\">Exemplo de programa de 2 semanas<\/h2>\t\t\t\t<\/div>\n\t\t\t\t<\/div>\n\t\t\t\t<div class=\"elementor-element elementor-element-04f66af elementor-widget elementor-widget-image\" data-id=\"04f66af\" data-element_type=\"widget\" data-e-type=\"widget\" data-widget_type=\"image.default\">\n\t\t\t\t<div class=\"elementor-widget-container\">\n\t\t\t\t\t\t\t\t\t\t\t\t\t\t\t<img decoding=\"async\" width=\"1349\" height=\"997\" src=\"https:\/\/www.iceireland.com\/wp-content\/uploads\/2026\/08\/Glenstal-Sample-Programme-2027.png\" class=\"attachment-2048x2048 size-2048x2048 wp-image-38168\" alt=\"\" srcset=\"https:\/\/www.iceireland.com\/wp-content\/uploads\/2026\/08\/Glenstal-Sample-Programme-2027.png 1349w, https:\/\/www.iceireland.com\/wp-content\/uploads\/2026\/08\/Glenstal-Sample-Programme-2027-300x222.png 300w, https:\/\/www.iceireland.com\/wp-content\/uploads\/2026\/08\/Glenstal-Sample-Programme-2027-1024x757.png 1024w, https:\/\/www.iceireland.com\/wp-content\/uploads\/2026\/08\/Glenstal-Sample-Programme-2027-768x568.png 768w\" sizes=\"(max-width: 1349px) 100vw, 1349px\" \/>\t\t\t\t\t\t\t\t\t\t\t\t\t\t\t<\/div>\n\t\t\t\t<\/div>\n\t\t\t\t\t<\/div>\n\t\t<\/div>\n\t\t\t\t\t<\/div>\n\t\t<\/section>\n\t\t\t\t<section class=\"elementor-section elementor-top-section elementor-element elementor-element-5be35caf elementor-section-stretched elementor-section-boxed elementor-section-height-default elementor-section-height-default\" data-id=\"5be35caf\" data-element_type=\"section\" data-e-type=\"section\" data-settings=\"{&quot;background_background&quot;:&quot;classic&quot;,&quot;stretch_section&quot;:&quot;section-stretched&quot;,&quot;shape_divider_top&quot;:&quot;mountains&quot;}\">\n\t\t\t\t\t<div class=\"elementor-shape elementor-shape-top\" aria-hidden=\"true\" data-negative=\"false\">\n\t\t\t<svg xmlns=\"http:\/\/www.w3.org\/2000\/svg\" viewBox=\"0 0 1000 100\" preserveAspectRatio=\"none\">\n\t<path class=\"elementor-shape-fill\" opacity=\"0.33\" d=\"M473,67.3c-203.9,88.3-263.1-34-320.3,0C66,119.1,0,59.7,0,59.7V0h1000v59.7 c0,0-62.1,26.1-94.9,29.3c-32.8,3.3-62.8-12.3-75.8-22.1C806,49.6,745.3,8.7,694.9,4.7S492.4,59,473,67.3z\"\/>\n\t<path class=\"elementor-shape-fill\" opacity=\"0.66\" d=\"M734,67.3c-45.5,0-77.2-23.2-129.1-39.1c-28.6-8.7-150.3-10.1-254,39.1 s-91.7-34.4-149.2,0C115.7,118.3,0,39.8,0,39.8V0h1000v36.5c0,0-28.2-18.5-92.1-18.5C810.2,18.1,775.7,67.3,734,67.3z\"\/>\n\t<path class=\"elementor-shape-fill\" d=\"M766.1,28.9c-200-57.5-266,65.5-395.1,19.5C242,1.8,242,5.4,184.8,20.6C128,35.8,132.3,44.9,89.9,52.5C28.6,63.7,0,0,0,0 h1000c0,0-9.9,40.9-83.6,48.1S829.6,47,766.1,28.9z\"\/>\n<\/svg>\t\t<\/div>\n\t\t\t\t\t<div class=\"elementor-container elementor-column-gap-default\">\n\t\t\t\t\t<div class=\"elementor-column elementor-col-100 elementor-top-column elementor-element elementor-element-16ebf607\" data-id=\"16ebf607\" data-element_type=\"column\" data-e-type=\"column\">\n\t\t\t<div class=\"elementor-widget-wrap elementor-element-populated\">\n\t\t\t\t\t\t<div class=\"elementor-element elementor-element-77279e3b elementor-widget elementor-widget-global elementor-global-20855 elementor-widget-heading\" data-id=\"77279e3b\" data-element_type=\"widget\" data-e-type=\"widget\" data-widget_type=\"heading.default\">\n\t\t\t\t<div class=\"elementor-widget-container\">\n\t\t\t\t\t<h2 class=\"elementor-heading-title elementor-size-default\">What's Included<\/h2>\t\t\t\t<\/div>\n\t\t\t\t<\/div>\n\t\t\t\t<div class=\"elementor-element elementor-element-7a09c5bb elementor-widget__width-initial elementor-widget elementor-widget-global elementor-global-20858 elementor-widget-text-editor\" data-id=\"7a09c5bb\" data-element_type=\"widget\" data-e-type=\"widget\" data-widget_type=\"text-editor.default\">\n\t\t\t\t<div class=\"elementor-widget-container\">\n\t\t\t\t\t\t\t\t\t<p style=\"text-align: center;\"><span style=\"font-size: 26px; font-weight: bold;\">All Inclusive<\/span><\/p><p style=\"text-align: center;\">We believe in offering an all inclusive course price. Everything is included, there are no extra charges for assessment registration or administration. All activities, travel passes, entrance fees and meals are included.<\/p>\t\t\t\t\t\t\t\t<\/div>\n\t\t\t\t<\/div>\n\t\t\t\t\t<\/div>\n\t\t<\/div>\n\t\t\t\t\t<\/div>\n\t\t<\/section>\n\t\t\t\t<section class=\"elementor-section elementor-top-section elementor-element elementor-element-47c4e0ce elementor-section-boxed elementor-section-height-default elementor-section-height-default\" data-id=\"47c4e0ce\" data-element_type=\"section\" data-e-type=\"section\">\n\t\t\t\t\t\t<div class=\"elementor-container elementor-column-gap-default\">\n\t\t\t\t\t<div class=\"elementor-column elementor-col-33 elementor-top-column elementor-element elementor-element-42c21920\" data-id=\"42c21920\" data-element_type=\"column\" data-e-type=\"column\">\n\t\t\t<div class=\"elementor-widget-wrap elementor-element-populated\">\n\t\t\t\t\t\t<div class=\"elementor-element elementor-element-52c8e0e6 elementor-position-inline-start elementor-view-stacked elementor-shape-circle elementor-widget elementor-widget-global elementor-global-20876 elementor-widget-icon-box\" data-id=\"52c8e0e6\" data-element_type=\"widget\" data-e-type=\"widget\" data-widget_type=\"icon-box.default\">\n\t\t\t\t<div class=\"elementor-widget-container\">\n\t\t\t\t\t\t\t<div class=\"elementor-icon-box-wrapper\">\n\n\t\t\t\t\t\t<div class=\"elementor-icon-box-icon\">\n\t\t\t\t<span  class=\"elementor-icon elementor-animation-grow\">\n\t\t\t\t<i aria-hidden=\"true\" class=\"fas fa-star\"><\/i>\t\t\t\t<\/span>\n\t\t\t<\/div>\n\t\t\t\n\t\t\t\t\t\t<div class=\"elementor-icon-box-content\">\n\n\t\t\t\t\t\t\t\t\t<h3 class=\"elementor-icon-box-title\">\n\t\t\t\t\t\t<span  >\n\t\t\t\t\t\t\tClasses\t\t\t\t\t\t<\/span>\n\t\t\t\t\t<\/h3>\n\t\t\t\t\n\t\t\t\t\n\t\t\t<\/div>\n\t\t\t\n\t\t<\/div>\n\t\t\t\t\t\t<\/div>\n\t\t\t\t<\/div>\n\t\t\t\t<div class=\"elementor-element elementor-element-23723164 elementor-widget elementor-widget-text-editor\" data-id=\"23723164\" data-element_type=\"widget\" data-e-type=\"widget\" data-widget_type=\"text-editor.default\">\n\t\t\t\t<div class=\"elementor-widget-container\">\n\t\t\t\t\t\t\t\t\t<p><b style=\"color: var( --e-global-color-text );\">Mensalidade: <br\/><\/b><span style=\"color: var( --e-global-color-text );\"><br\/>Temos um programa de estudos infantil especialmente elaborado para estimular o progresso e a autoconfian\u00e7a do seu filho. Acreditamos no uso de materiais reais e em fazer com que ele passe a amar o idioma ao viv\u00ea-lo no dia a dia. As turmas s\u00e3o internacionais e t\u00eam no m\u00e1ximo 15 alunos por turma. <\/span><\/p><ul><li>Carga hor\u00e1ria: 15 horas letivas por semana<\/li><li>Hor\u00e1rio: das 9h15 \u00e0s 12h30, todos os dias da semana, com um intervalo de 15 minutos.<span style=\"font-weight: bold;\"> <\/span><\/li><li>N\u00famero m\u00e1ximo de alunos por turma:<span style=\"font-weight: bold;\"> <span style=\"font-weight: 400;\">15 alunos<\/span><br\/><\/span><\/li><li>N\u00edveis de entrada: Pr\u00e9-intermedi\u00e1rio (A2) a avan\u00e7ado (C1).<\/li><\/ul><p> <\/p><p><strong>Programa Intercultural para Adolescentes na Irlanda<\/strong><\/p><p>Como parte dos nossos esfor\u00e7os cont\u00ednuos para manter aulas de alta qualidade e aprimorar a experi\u00eancia intercultural dos nossos alunos, oferecemos aulas semanais chamadas de Programa Intercultural para Adolescentes.  Adolescentes irlandeses participam das aulas para conduzir uma atividade junto com o professor, o que d\u00e1 aos nossos alunos a chance de interagir com adolescentes irlandeses, seus colegas, e a resposta a esse programa tem sido incrivelmente positiva.<\/p><p><b>Relat\u00f3rio e Certificado do Aluno<\/b><\/p><p>No final do curso, os alunos recebem um Certificado de Participa\u00e7\u00e3o e Conclus\u00e3o, al\u00e9m de um relat\u00f3rio individual do professor sobre o progresso de cada um.<\/p>\t\t\t\t\t\t\t\t<\/div>\n\t\t\t\t<\/div>\n\t\t\t\t\t<\/div>\n\t\t<\/div>\n\t\t\t\t<div class=\"elementor-column elementor-col-33 elementor-top-column elementor-element elementor-element-5499068a\" data-id=\"5499068a\" data-element_type=\"column\" data-e-type=\"column\">\n\t\t\t<div class=\"elementor-widget-wrap elementor-element-populated\">\n\t\t\t\t\t\t<div class=\"elementor-element elementor-element-2c741a11 elementor-position-inline-start elementor-view-stacked elementor-shape-circle elementor-widget elementor-widget-global elementor-global-20879 elementor-widget-icon-box\" data-id=\"2c741a11\" data-element_type=\"widget\" data-e-type=\"widget\" data-widget_type=\"icon-box.default\">\n\t\t\t\t<div class=\"elementor-widget-container\">\n\t\t\t\t\t\t\t<div class=\"elementor-icon-box-wrapper\">\n\n\t\t\t\t\t\t<div class=\"elementor-icon-box-icon\">\n\t\t\t\t<span  class=\"elementor-icon elementor-animation-grow\">\n\t\t\t\t<i aria-hidden=\"true\" class=\"fas fa-star\"><\/i>\t\t\t\t<\/span>\n\t\t\t<\/div>\n\t\t\t\n\t\t\t\t\t\t<div class=\"elementor-icon-box-content\">\n\n\t\t\t\t\t\t\t\t\t<h3 class=\"elementor-icon-box-title\">\n\t\t\t\t\t\t<span  >\n\t\t\t\t\t\t\tAccommodation\t\t\t\t\t\t<\/span>\n\t\t\t\t\t<\/h3>\n\t\t\t\t\n\t\t\t\t\n\t\t\t<\/div>\n\t\t\t\n\t\t<\/div>\n\t\t\t\t\t\t<\/div>\n\t\t\t\t<\/div>\n\t\t\t\t<div class=\"elementor-element elementor-element-b0d187e elementor-widget elementor-widget-text-editor\" data-id=\"b0d187e\" data-element_type=\"widget\" data-e-type=\"widget\" data-widget_type=\"text-editor.default\">\n\t\t\t\t<div class=\"elementor-widget-container\">\n\t\t\t\t\t\t\t\t\t<div class=\"node-camp-full__field-about-the-package about-section__about-the-package-component\"><div class=\"node-camp-full__field-about-the-package-item about-section__item about-section__content\"><p><b><strong>Acomoda\u00e7\u00e3o: <\/strong><\/b>Resid\u00eancia<\/p><p>Na Abadia de Glenstal, nosso alojamento fica dentro da escola, ent\u00e3o os alunos vivem a verdadeira experi\u00eancia de morar em um campus hist\u00f3rico. Alunos da mesma idade e do mesmo sexo ficam juntos, e misturamos nacionalidades. Os quartos geralmente acomodam de 2 a 8 alunos, com banheiros e chuveiros ao lado dos quartos. O servi\u00e7o de lavanderia para os alunos, uma vez por semana, est\u00e1 inclu\u00eddo.<\/p><p><b>Refei\u00e7\u00f5es<\/b><\/p><p>Na Glenstal Abbey, a comida \u00e9 um dos pontos altos da estadia dos alunos. A equipe de alimenta\u00e7\u00e3o oferece op\u00e7\u00f5es de refei\u00e7\u00f5es quentes no caf\u00e9 da manh\u00e3, almo\u00e7o e jantar, al\u00e9m de um lanche \u00e0 noite. <\/p> <p>A comida \u00e9 de alta qualidade, com ingredientes de origem local, e h\u00e1 uma grande variedade dispon\u00edvel. <span style=\"color: var( --e-global-color-text );\">Na chegada, os alunos tamb\u00e9m recebem uma garrafa de \u00e1gua recarreg\u00e1vel para a estadia. <\/span><\/p><p>Podemos atender a necessidades alimentares especiais, mediante solicita\u00e7\u00e3o.<\/p> <\/div><\/div>\t\t\t\t\t\t\t\t<\/div>\n\t\t\t\t<\/div>\n\t\t\t\t\t<\/div>\n\t\t<\/div>\n\t\t\t\t<div class=\"elementor-column elementor-col-33 elementor-top-column elementor-element elementor-element-7ec9bff5\" data-id=\"7ec9bff5\" data-element_type=\"column\" data-e-type=\"column\">\n\t\t\t<div class=\"elementor-widget-wrap elementor-element-populated\">\n\t\t\t\t\t\t<div class=\"elementor-element elementor-element-3cbcb4a9 elementor-position-inline-start elementor-view-stacked elementor-shape-circle elementor-widget elementor-widget-global elementor-global-20882 elementor-widget-icon-box\" data-id=\"3cbcb4a9\" data-element_type=\"widget\" data-e-type=\"widget\" data-widget_type=\"icon-box.default\">\n\t\t\t\t<div class=\"elementor-widget-container\">\n\t\t\t\t\t\t\t<div class=\"elementor-icon-box-wrapper\">\n\n\t\t\t\t\t\t<div class=\"elementor-icon-box-icon\">\n\t\t\t\t<span  class=\"elementor-icon elementor-animation-grow\">\n\t\t\t\t<i aria-hidden=\"true\" class=\"fas fa-star\"><\/i>\t\t\t\t<\/span>\n\t\t\t<\/div>\n\t\t\t\n\t\t\t\t\t\t<div class=\"elementor-icon-box-content\">\n\n\t\t\t\t\t\t\t\t\t<h3 class=\"elementor-icon-box-title\">\n\t\t\t\t\t\t<span  >\n\t\t\t\t\t\t\tActivities\t\t\t\t\t\t<\/span>\n\t\t\t\t\t<\/h3>\n\t\t\t\t\n\t\t\t\t\n\t\t\t<\/div>\n\t\t\t\n\t\t<\/div>\n\t\t\t\t\t\t<\/div>\n\t\t\t\t<\/div>\n\t\t\t\t<div class=\"elementor-element elementor-element-4677eaef elementor-widget elementor-widget-text-editor\" data-id=\"4677eaef\" data-element_type=\"widget\" data-e-type=\"widget\" data-widget_type=\"text-editor.default\">\n\t\t\t\t<div class=\"elementor-widget-container\">\n\t\t\t\t\t\t\t\t\t<p><b>Atividades durante a semana<\/b><\/p><p>Os alunos t\u00eam uma programa\u00e7\u00e3o cheia de atividades e passeios. Achamos que \u00e9 essencial que os alunos que moram no campus tenham muitas oportunidades de passeios e atividades fora do campus pra garantir uma estadia gratificante e divertida na Irlanda.<\/p><p>Os alunos saem do campus 2 a 3 tardes por semana para passeios variados, incluindo atividades de aventura. Aqui no campus, organizamos atividades esportivas e ao ar livre.<\/p><p>Al\u00e9m disso, temos um programa noturno de desenvolvimento de habilidades para aprender coisas novas, al\u00e9m de outras atividades divertidas e de integra\u00e7\u00e3o.<\/p><p><b>Passeios de dia inteiro<\/b><\/p> <p>A Glenstal Abbey fica na pitoresca regi\u00e3o oeste da Irlanda, e nossos alunos t\u00eam a oportunidade de percorrer a Rota do Atl\u00e2ntico Selvagem e conhecer os pontos altos desse litoral incr\u00edvel. Os alunos fazem uma excurs\u00e3o de dia inteiro todo fim de semana.<\/p><p>Exemplos de passeios: Penhascos de Moher, Pen\u00ednsula de Dingle, cidade de Galway, centro de Dublin.<\/p><p><b>Dia de relaxamento<\/b><\/p><p>Aos domingos, nossos alunos t\u00eam a chance de relaxar e participar de atividades divertidas no campus.<\/p><p><b>Transporte<\/b><\/p><p>Todo o transporte para nossas atividades \u00e9 feito em \u00f4nibus particular.<\/p>\t\t\t\t\t\t\t\t<\/div>\n\t\t\t\t<\/div>\n\t\t\t\t\t<\/div>\n\t\t<\/div>\n\t\t\t\t\t<\/div>\n\t\t<\/section>\n\t\t\t\t<section class=\"elementor-section elementor-top-section elementor-element elementor-element-a97a5f3 elementor-section-stretched elementor-section-boxed elementor-section-height-default elementor-section-height-default\" data-id=\"a97a5f3\" data-element_type=\"section\" data-e-type=\"section\" data-settings=\"{&quot;stretch_section&quot;:&quot;section-stretched&quot;}\">\n\t\t\t\t\t\t<div class=\"elementor-container elementor-column-gap-default\">\n\t\t\t\t\t<div class=\"elementor-column elementor-col-100 elementor-top-column elementor-element elementor-element-5edeb94d\" data-id=\"5edeb94d\" data-element_type=\"column\" data-e-type=\"column\">\n\t\t\t<div class=\"elementor-widget-wrap\">\n\t\t\t\t\t\t\t<\/div>\n\t\t<\/div>\n\t\t\t\t\t<\/div>\n\t\t<\/section>\n\t\t\t\t<section class=\"elementor-section elementor-top-section elementor-element elementor-element-6131639b elementor-section-boxed elementor-section-height-default elementor-section-height-default\" data-id=\"6131639b\" data-element_type=\"section\" data-e-type=\"section\">\n\t\t\t\t\t\t<div class=\"elementor-container elementor-column-gap-default\">\n\t\t\t\t\t<div class=\"elementor-column elementor-col-100 elementor-top-column elementor-element elementor-element-7c43c53\" data-id=\"7c43c53\" data-element_type=\"column\" data-e-type=\"column\">\n\t\t\t<div class=\"elementor-widget-wrap elementor-element-populated\">\n\t\t\t\t\t\t<div class=\"elementor-element elementor-element-3134d40a elementor-widget elementor-widget-global elementor-global-20888 elementor-widget-heading\" data-id=\"3134d40a\" data-element_type=\"widget\" data-e-type=\"widget\" data-widget_type=\"heading.default\">\n\t\t\t\t<div class=\"elementor-widget-container\">\n\t\t\t\t\t<h4 class=\"elementor-heading-title elementor-size-default\">Frequently Asked Questions<\/h4>\t\t\t\t<\/div>\n\t\t\t\t<\/div>\n\t\t\t\t\t<\/div>\n\t\t<\/div>\n\t\t\t\t\t<\/div>\n\t\t<\/section>\n\t\t\t\t<section class=\"elementor-section elementor-top-section elementor-element elementor-element-368edd34 elementor-section-boxed elementor-section-height-default elementor-section-height-default\" data-id=\"368edd34\" data-element_type=\"section\" data-e-type=\"section\">\n\t\t\t\t\t\t<div class=\"elementor-container elementor-column-gap-default\">\n\t\t\t\t\t<div class=\"elementor-column elementor-col-16 elementor-top-column elementor-element elementor-element-2e17b697\" data-id=\"2e17b697\" data-element_type=\"column\" data-e-type=\"column\">\n\t\t\t<div class=\"elementor-widget-wrap\">\n\t\t\t\t\t\t\t<\/div>\n\t\t<\/div>\n\t\t\t\t<div class=\"elementor-column elementor-col-66 elementor-top-column elementor-element elementor-element-35414d3a\" data-id=\"35414d3a\" data-element_type=\"column\" data-e-type=\"column\">\n\t\t\t<div class=\"elementor-widget-wrap elementor-element-populated\">\n\t\t\t\t\t\t<div class=\"elementor-element elementor-element-4f39afd elementor-widget elementor-widget-toggle\" data-id=\"4f39afd\" data-element_type=\"widget\" data-e-type=\"widget\" data-widget_type=\"toggle.default\">\n\t\t\t\t<div class=\"elementor-widget-container\">\n\t\t\t\t\t\t\t<div class=\"elementor-toggle\">\n\t\t\t\t\t\t\t<div class=\"elementor-toggle-item\">\n\t\t\t\t\t<div id=\"elementor-tab-title-8301\" class=\"elementor-tab-title\" data-tab=\"1\" role=\"button\" aria-controls=\"elementor-tab-content-8301\" aria-expanded=\"false\">\n\t\t\t\t\t\t\t\t\t\t\t\t<a class=\"elementor-toggle-title\" tabindex=\"0\">Qual vai ser o cronograma?<\/a>\n\t\t\t\t\t<\/div>\n\n\t\t\t\t\t<div id=\"elementor-tab-content-8301\" class=\"elementor-tab-content elementor-clearfix\" data-tab=\"1\" role=\"region\" aria-labelledby=\"elementor-tab-title-8301\"><div class=\"exp-col-content-holder\">\n<div class=\"hidden-content\">\n<p class=\"hiddenContentp\">Os alunos ficam ocupados o dia inteiro e t\u00eam uma programa\u00e7\u00e3o educacional divertida, com um tempinho livre entre as atividades. Caf\u00e9 da manh\u00e3, aulas de ingl\u00eas, almo\u00e7o, atividade, jantar, atividade noturna\/programa de habilidades, lanche, hora de dormir.<\/p>\n<\/div>\n<\/div>\n<\/div>\n\t\t\t\t<\/div>\n\t\t\t\t\t\t\t<div class=\"elementor-toggle-item\">\n\t\t\t\t\t<div id=\"elementor-tab-title-8302\" class=\"elementor-tab-title\" data-tab=\"2\" role=\"button\" aria-controls=\"elementor-tab-content-8302\" aria-expanded=\"false\">\n\t\t\t\t\t\t\t\t\t\t\t\t<a class=\"elementor-toggle-title\" tabindex=\"0\">Qual \u00e9 a composi\u00e7\u00e3o por nacionalidade?<\/a>\n\t\t\t\t\t<\/div>\n\n\t\t\t\t\t<div id=\"elementor-tab-content-8302\" class=\"elementor-tab-content elementor-clearfix\" data-tab=\"2\" role=\"region\" aria-labelledby=\"elementor-tab-title-8302\"><div class=\"exp-col-content-holder\">\n<div class=\"hidden-content\">\n<p class=\"hiddenContentp\">Normalmente, a qualquer momento, temos entre 15 e 27 nacionalidades representadas na nossa escola.<\/p>\n<p>Saiba mais sobre <a href=\"https:\/\/www.iceireland.com\/nationality-mix\/\">a diversidade de nacionalidades.<\/a><\/p>\n<\/div>\n<\/div>\n<\/div>\n\t\t\t\t<\/div>\n\t\t\t\t\t\t\t<div class=\"elementor-toggle-item\">\n\t\t\t\t\t<div id=\"elementor-tab-title-8303\" class=\"elementor-tab-title\" data-tab=\"3\" role=\"button\" aria-controls=\"elementor-tab-content-8303\" aria-expanded=\"false\">\n\t\t\t\t\t\t\t\t\t\t\t\t<a class=\"elementor-toggle-title\" tabindex=\"0\">Tem algum custo extra ou adicional? E quanto dinheiro de bolso um estudante precisa?<\/a>\n\t\t\t\t\t<\/div>\n\n\t\t\t\t\t<div id=\"elementor-tab-content-8303\" class=\"elementor-tab-content elementor-clearfix\" data-tab=\"3\" role=\"region\" aria-labelledby=\"elementor-tab-title-8303\"><div class=\"hidden-content\">\n<p class=\"hiddenContentp\">O programa \u00e9 com tudo inclu\u00eddo, sem custos extras. A maioria dos alunos traz entre 80 e 100 euros de mesada por semana para comprar lembrancinhas, doces e tal.<\/p>\n<\/div>\n<\/div>\n\t\t\t\t<\/div>\n\t\t\t\t\t\t\t<div class=\"elementor-toggle-item\">\n\t\t\t\t\t<div id=\"elementor-tab-title-8304\" class=\"elementor-tab-title\" data-tab=\"4\" role=\"button\" aria-controls=\"elementor-tab-content-8304\" aria-expanded=\"false\">\n\t\t\t\t\t\t\t\t\t\t\t\t<a class=\"elementor-toggle-title\" tabindex=\"0\">Como fa\u00e7o para escolher as datas e hor\u00e1rios de chegada e partida?<\/a>\n\t\t\t\t\t<\/div>\n\n\t\t\t\t\t<div id=\"elementor-tab-content-8304\" class=\"elementor-tab-content elementor-clearfix\" data-tab=\"4\" role=\"region\" aria-labelledby=\"elementor-tab-title-8304\"><div class=\"hidden-content\">\n<p>Consideramos uma estadia de 2 semanas como 14 noites de hospedagem, 3 semanas como 21 noites e 4 semanas como 28 noites. A maioria dos alunos chega no domingo e parte no domingo seguinte. Oferecemos servi\u00e7o de recep\u00e7\u00e3o e traslado do aeroporto. Podemos organizar traslados de chegada\/partida entre 8h e 20h aos domingos. Se voc\u00ea precisar de datas ou traslados fora desses hor\u00e1rios, entre em contato conosco para verificar a disponibilidade e os pre\u00e7os.<\/p>\n<\/div>\n<\/div>\n\t\t\t\t<\/div>\n\t\t\t\t\t\t\t<div class=\"elementor-toggle-item\">\n\t\t\t\t\t<div id=\"elementor-tab-title-8305\" class=\"elementor-tab-title\" data-tab=\"5\" role=\"button\" aria-controls=\"elementor-tab-content-8305\" aria-expanded=\"false\">\n\t\t\t\t\t\t\t\t\t\t\t\t<a class=\"elementor-toggle-title\" tabindex=\"0\">Quantos alunos v\u00e3o ter por turma?<\/a>\n\t\t\t\t\t<\/div>\n\n\t\t\t\t\t<div id=\"elementor-tab-content-8305\" class=\"elementor-tab-content elementor-clearfix\" data-tab=\"5\" role=\"region\" aria-labelledby=\"elementor-tab-title-8305\"><div class=\"hidden-content\">\n<p class=\"hiddenContentp\">H\u00e1 no m\u00e1ximo 15 alunos por turma, com uma m\u00e9dia de 13 alunos por turma<\/p>\n<\/div>\n<\/div>\n\t\t\t\t<\/div>\n\t\t\t\t\t\t\t<div class=\"elementor-toggle-item\">\n\t\t\t\t\t<div id=\"elementor-tab-title-8306\" class=\"elementor-tab-title\" data-tab=\"6\" role=\"button\" aria-controls=\"elementor-tab-content-8306\" aria-expanded=\"false\">\n\t\t\t\t\t\t\t\t\t\t\t\t<a class=\"elementor-toggle-title\" tabindex=\"0\">Quais s\u00e3o as qualifica\u00e7\u00f5es dos seus professores?<\/a>\n\t\t\t\t\t<\/div>\n\n\t\t\t\t\t<div id=\"elementor-tab-content-8306\" class=\"elementor-tab-content elementor-clearfix\" data-tab=\"6\" role=\"region\" aria-labelledby=\"elementor-tab-title-8306\"><div class=\"hidden-content\">\n<p class=\"hiddenContentp\">Todos os nossos professores t\u00eam diploma de bacharelado e uma qualifica\u00e7\u00e3o adicional para o ensino de ingl\u00eas, e todos s\u00e3o reconhecidos como professores qualificados de ingl\u00eas pela ACELS.<\/p>\n<\/div>\n<\/div>\n\t\t\t\t<\/div>\n\t\t\t\t\t\t\t<div class=\"elementor-toggle-item\">\n\t\t\t\t\t<div id=\"elementor-tab-title-8307\" class=\"elementor-tab-title\" data-tab=\"7\" role=\"button\" aria-controls=\"elementor-tab-content-8307\" aria-expanded=\"false\">\n\t\t\t\t\t\t\t\t\t\t\t\t<a class=\"elementor-toggle-title\" tabindex=\"0\">Como voc\u00ea coloca os alunos no n\u00edvel certo de ingl\u00eas?<\/a>\n\t\t\t\t\t<\/div>\n\n\t\t\t\t\t<div id=\"elementor-tab-content-8307\" class=\"elementor-tab-content elementor-clearfix\" data-tab=\"7\" role=\"region\" aria-labelledby=\"elementor-tab-title-8307\"><div class=\"hidden-content\">\n<p>Fazemos testes com os alunos antes da chegada e, no primeiro dia, o professor avalia se eles est\u00e3o no n\u00edvel certo.<\/p>\n<p>Acompanhamos o progresso dos alunos, inclusive por meio de testes semanais.<\/p>\n<p>Os alunos podem mudar de n\u00edvel caso a gente ache que n\u00e3o est\u00e3o no n\u00edvel certo.<\/p>\n<\/div>\n<\/div>\n\t\t\t\t<\/div>\n\t\t\t\t\t\t\t<div class=\"elementor-toggle-item\">\n\t\t\t\t\t<div id=\"elementor-tab-title-8308\" class=\"elementor-tab-title\" data-tab=\"8\" role=\"button\" aria-controls=\"elementor-tab-content-8308\" aria-expanded=\"false\">\n\t\t\t\t\t\t\t\t\t\t\t\t<a class=\"elementor-toggle-title\" tabindex=\"0\">Quantos n\u00edveis de ingl\u00eas voc\u00ea tem?<\/a>\n\t\t\t\t\t<\/div>\n\n\t\t\t\t\t<div id=\"elementor-tab-content-8308\" class=\"elementor-tab-content elementor-clearfix\" data-tab=\"8\" role=\"region\" aria-labelledby=\"elementor-tab-title-8308\"><div class=\"hidden-content\">\n<p>Todos os nossos programas para jovens est\u00e3o alinhados com o QECR (Quadro Europeu Comum de Refer\u00eancia). Oferecemos n\u00edveis de A2 a C1, atendendo a alunos do n\u00edvel pr\u00e9-intermedi\u00e1rio ao avan\u00e7ado.<\/p>\n<\/div>\n<\/div>\n\t\t\t\t<\/div>\n\t\t\t\t\t\t\t<div class=\"elementor-toggle-item\">\n\t\t\t\t\t<div id=\"elementor-tab-title-8309\" class=\"elementor-tab-title\" data-tab=\"9\" role=\"button\" aria-controls=\"elementor-tab-content-8309\" aria-expanded=\"false\">\n\t\t\t\t\t\t\t\t\t\t\t\t<a class=\"elementor-toggle-title\" tabindex=\"0\">Voc\u00ea tem um n\u00famero de contato para emerg\u00eancias e algu\u00e9m que possa te ajudar?<\/a>\n\t\t\t\t\t<\/div>\n\n\t\t\t\t\t<div id=\"elementor-tab-content-8309\" class=\"elementor-tab-content elementor-clearfix\" data-tab=\"9\" role=\"region\" aria-labelledby=\"elementor-tab-title-8309\"><div class=\"hidden-content\">\n<p class=\"hiddenContentp\">Sim, temos um n\u00famero de contato de emerg\u00eancia 24 horas e estamos sempre \u00e0 disposi\u00e7\u00e3o para ajudar.<\/p>\n<\/div>\n<\/div>\n\t\t\t\t<\/div>\n\t\t\t\t\t\t\t<div class=\"elementor-toggle-item\">\n\t\t\t\t\t<div id=\"elementor-tab-title-83010\" class=\"elementor-tab-title\" data-tab=\"10\" role=\"button\" aria-controls=\"elementor-tab-content-83010\" aria-expanded=\"false\">\n\t\t\t\t\t\t\t\t\t\t\t\t<a class=\"elementor-toggle-title\" tabindex=\"0\">O que rola no primeiro dia de aula?<\/a>\n\t\t\t\t\t<\/div>\n\n\t\t\t\t\t<div id=\"elementor-tab-content-83010\" class=\"elementor-tab-content elementor-clearfix\" data-tab=\"10\" role=\"region\" aria-labelledby=\"elementor-tab-title-83010\"><div class=\"hidden-content\">\n<p class=\"hiddenContentp\">Na chegada, os alunos v\u00e3o ser acompanhados at\u00e9 o quarto e v\u00e3o fazer um passeio pelo campus, al\u00e9m de receberem informa\u00e7\u00f5es importantes sobre a vida no campus, as aulas e as atividades. Tamb\u00e9m v\u00e3o conhecer a sala de aula e o ponto de encontro para as atividades do dia seguinte. Depois, v\u00e3o participar das atividades programadas.<\/p>\n<\/div>\n<\/div>\n\t\t\t\t<\/div>\n\t\t\t\t\t\t\t<div class=\"elementor-toggle-item\">\n\t\t\t\t\t<div id=\"elementor-tab-title-83011\" class=\"elementor-tab-title\" data-tab=\"11\" role=\"button\" aria-controls=\"elementor-tab-content-83011\" aria-expanded=\"false\">\n\t\t\t\t\t\t\t\t\t\t\t\t<a class=\"elementor-toggle-title\" tabindex=\"0\">Voc\u00ea pode me passar uma carta-convite para fins de visto?<\/a>\n\t\t\t\t\t<\/div>\n\n\t\t\t\t\t<div id=\"elementor-tab-content-83011\" class=\"elementor-tab-content elementor-clearfix\" data-tab=\"11\" role=\"region\" aria-labelledby=\"elementor-tab-title-83011\"><div class=\"exp-col-content-holder\">\n<div class=\"hidden-content\">\n<p class=\"hiddenContentp\">Sim, a gente fornece cartas para todos os alunos que v\u00eam de fora da UE e precisam de visto para entrar na Irlanda.<\/p>\n<\/div>\n<\/div>\n<\/div>\n\t\t\t\t<\/div>\n\t\t\t\t\t\t\t<div class=\"elementor-toggle-item\">\n\t\t\t\t\t<div id=\"elementor-tab-title-83012\" class=\"elementor-tab-title\" data-tab=\"12\" role=\"button\" aria-controls=\"elementor-tab-content-83012\" aria-expanded=\"false\">\n\t\t\t\t\t\t\t\t\t\t\t\t<a class=\"elementor-toggle-title\" tabindex=\"0\">Tem Wi-Fi gr\u00e1tis na escola?<\/a>\n\t\t\t\t\t<\/div>\n\n\t\t\t\t\t<div id=\"elementor-tab-content-83012\" class=\"elementor-tab-content elementor-clearfix\" data-tab=\"12\" role=\"region\" aria-labelledby=\"elementor-tab-title-83012\"><p>Sim<\/p>\n<\/div>\n\t\t\t\t<\/div>\n\t\t\t\t\t\t\t<div class=\"elementor-toggle-item\">\n\t\t\t\t\t<div id=\"elementor-tab-title-83013\" class=\"elementor-tab-title\" data-tab=\"13\" role=\"button\" aria-controls=\"elementor-tab-content-83013\" aria-expanded=\"false\">\n\t\t\t\t\t\t\t\t\t\t\t\t<a class=\"elementor-toggle-title\" tabindex=\"0\">\u00c9 permitido usar celular?<\/a>\n\t\t\t\t\t<\/div>\n\n\t\t\t\t\t<div id=\"elementor-tab-content-83013\" class=\"elementor-tab-content elementor-clearfix\" data-tab=\"13\" role=\"region\" aria-labelledby=\"elementor-tab-title-83013\"><p>Sim, mas durante as aulas, as atividades e depois do apagar das luzes, os celulares precisam ficar desligados. Nosso acampamento tem como objetivo a comunica\u00e7\u00e3o e o desenvolvimento da flu\u00eancia.<\/p>\n<\/div>\n\t\t\t\t<\/div>\n\t\t\t\t\t\t\t<div class=\"elementor-toggle-item\">\n\t\t\t\t\t<div id=\"elementor-tab-title-83014\" class=\"elementor-tab-title\" data-tab=\"14\" role=\"button\" aria-controls=\"elementor-tab-content-83014\" aria-expanded=\"false\">\n\t\t\t\t\t\t\t\t\t\t\t\t<a class=\"elementor-toggle-title\" tabindex=\"0\">Quando eu pago as taxas?<\/a>\n\t\t\t\t\t<\/div>\n\n\t\t\t\t\t<div id=\"elementor-tab-content-83014\" class=\"elementor-tab-content elementor-clearfix\" data-tab=\"14\" role=\"region\" aria-labelledby=\"elementor-tab-title-83014\"><div class=\"exp-col-content-holder\">\n<div class=\"hidden-content\">\n<p class=\"hiddenContentp\">\u00c9 necess\u00e1rio pagar um dep\u00f3sito de 200 euros no momento da reserva. O restante do valor deve ser pago 4 semanas antes da chegada.<\/p>\n<\/div>\n<\/div>\n<\/div>\n\t\t\t\t<\/div>\n\t\t\t\t\t\t\t<div class=\"elementor-toggle-item\">\n\t\t\t\t\t<div id=\"elementor-tab-title-83015\" class=\"elementor-tab-title\" data-tab=\"15\" role=\"button\" aria-controls=\"elementor-tab-content-83015\" aria-expanded=\"false\">\n\t\t\t\t\t\t\t\t\t\t\t\t<a class=\"elementor-toggle-title\" tabindex=\"0\">Qual \u00e9 a pol\u00edtica de reembolso?<\/a>\n\t\t\t\t\t<\/div>\n\n\t\t\t\t\t<div id=\"elementor-tab-content-83015\" class=\"elementor-tab-content elementor-clearfix\" data-tab=\"15\" role=\"region\" aria-labelledby=\"elementor-tab-title-83015\"><div class=\"exp-col-content-holder\">\n<div class=\"hidden-content\">\n<ol>\n<li>Pol\u00edtica de cancelamentos e reembolsos:\n<p>Nossa \u201cGarantia de Reserva com Confian\u00e7a\u201d foi criada para oferecer flexibilidade e, ao mesmo tempo, garantir que possamos prestar o melhor servi\u00e7o a todos os alunos. Recomendamos fortemente que os alunos\/pais\/respons\u00e1veis\/organizadores de grupos fa\u00e7am um seguro de viagem para se protegerem contra mudan\u00e7as inesperadas nos planos de viagem. <\/p>\n<p>Cancelamento com 7 dias ou mais de anteced\u00eancia da chegada \u2013<\/p>\n<p>Reembolso<\/p>\n<p>total<\/p>\n<p>Cancelamento de 3 a 6 dias antes da chegada \u2013 Reembolso de 50%<\/p>\n<p>do valor<\/p>\n<p>total da<\/p>\n<p>reservaCancelamento de 1 a 2 dias antes da chegada \u2013 Sem reembolso<\/p>\n<p><strong>Observa\u00e7\u00f5es importantes:<\/strong><\/p>\n<p>Todos os cancelamentos devem ser feitos por escrito para <a href=\"mailto:info@iceireland.com\">info@iceireland.com<\/a> e confirmados pela Faculdade.<\/p>\n<ul>\n<li>Os reembolsos ser\u00e3o processados em at\u00e9 7 a 10 dias \u00fateis ap\u00f3s a confirma\u00e7\u00e3o do cancelamento.<\/li>\n<li>N\u00e3o haver\u00e1 reembolso em caso de n\u00e3o comparecimento ou sa\u00edda antecipada dos cursos.<\/li>\n<li>Para fins da nossa pol\u00edtica de reembolso, considera-se \u201cchegada\u201d \u00e0s 10h do dia da chegada, independentemente da hora real de chegada<\/li>\n<\/ul>\n<\/li>\n<\/ol>\n<\/div>\n<\/div>\n<\/div>\n\t\t\t\t<\/div>\n\t\t\t\t\t\t\t<div class=\"elementor-toggle-item\">\n\t\t\t\t\t<div id=\"elementor-tab-title-83016\" class=\"elementor-tab-title\" data-tab=\"16\" role=\"button\" aria-controls=\"elementor-tab-content-83016\" aria-expanded=\"false\">\n\t\t\t\t\t\t\t\t\t\t\t\t<a class=\"elementor-toggle-title\" tabindex=\"0\">A roupa do meu filho \u00e9 lavada pra ele?<\/a>\n\t\t\t\t\t<\/div>\n\n\t\t\t\t\t<div id=\"elementor-tab-content-83016\" class=\"elementor-tab-content elementor-clearfix\" data-tab=\"16\" role=\"region\" aria-labelledby=\"elementor-tab-title-83016\"><div class=\"exp-col-content-holder\">\n<div class=\"hidden-content\">\n<p class=\"hiddenContentp\">Sim, lavamos a roupa uma vez por semana para todos os alunos.<\/p>\n<\/div>\n<\/div>\n<\/div>\n\t\t\t\t<\/div>\n\t\t\t\t\t\t\t<div class=\"elementor-toggle-item\">\n\t\t\t\t\t<div id=\"elementor-tab-title-83017\" class=\"elementor-tab-title\" data-tab=\"17\" role=\"button\" aria-controls=\"elementor-tab-content-83017\" aria-expanded=\"false\">\n\t\t\t\t\t\t\t\t\t\t\t\t<a class=\"elementor-toggle-title\" tabindex=\"0\">Vou receber uma lista de itens da encomenda?<\/a>\n\t\t\t\t\t<\/div>\n\n\t\t\t\t\t<div id=\"elementor-tab-content-83017\" class=\"elementor-tab-content elementor-clearfix\" data-tab=\"17\" role=\"region\" aria-labelledby=\"elementor-tab-title-83017\"><div class=\"exp-col-content-holder\">\n<div class=\"hidden-content\">\n<p class=\"hiddenContentp\"><span style=\"color: #7a7a7a; font-family: Catamaran, sans-serif; font-size: 17px; font-style: normal; font-variant-ligatures: normal; font-variant-caps: normal; font-weight: 300; letter-spacing: normal; orphans: 2; text-align: left; text-indent: 0px; text-transform: none; white-space: normal; widows: 2; word-spacing: 0px; -webkit-text-stroke-width: 0px; background-color: #ffffff; text-decoration-thickness: initial; text-decoration-style: initial; text-decoration-color: initial; display: inline !important; float: none;\">Sim, voc\u00ea vai receber uma lista do que levar junto com o manual do aluno antes da chegada.<\/span><\/p>\n<\/div>\n<\/div>\n<div class=\"exp-col-content-holder\"> <\/div>\n<\/div>\n\t\t\t\t<\/div>\n\t\t\t\t\t\t\t<div class=\"elementor-toggle-item\">\n\t\t\t\t\t<div id=\"elementor-tab-title-83018\" class=\"elementor-tab-title\" data-tab=\"18\" role=\"button\" aria-controls=\"elementor-tab-content-83018\" aria-expanded=\"false\">\n\t\t\t\t\t\t\t\t\t\t\t\t<a class=\"elementor-toggle-title\" tabindex=\"0\">Meu filho pode sair sozinho do campus?<\/a>\n\t\t\t\t\t<\/div>\n\n\t\t\t\t\t<div id=\"elementor-tab-content-83018\" class=\"elementor-tab-content elementor-clearfix\" data-tab=\"18\" role=\"region\" aria-labelledby=\"elementor-tab-title-83018\"><div class=\"exp-col-content-holder\">\n<div class=\"hidden-content\">\n<div class=\"exp-col-content-holder\">\n<div class=\"hidden-content\">\n<p class=\"hiddenContentp\">N\u00e3o, os alunos n\u00e3o podem sair do campus sem permiss\u00e3o, exceto aos domingos, quando podem visitar a vila local, desde que tenham permiss\u00e3o da nossa equipe.<\/p>\n<\/div>\n<\/div>\n<\/div>\n<\/div>\n<div class=\"exp-col-content-holder\"> <\/div>\n<\/div>\n\t\t\t\t<\/div>\n\t\t\t\t\t\t\t<div class=\"elementor-toggle-item\">\n\t\t\t\t\t<div id=\"elementor-tab-title-83019\" class=\"elementor-tab-title\" data-tab=\"19\" role=\"button\" aria-controls=\"elementor-tab-content-83019\" aria-expanded=\"false\">\n\t\t\t\t\t\t\t\t\t\t\t\t<a class=\"elementor-toggle-title\" tabindex=\"0\">O pre\u00e7o j\u00e1 inclui os voos?<\/a>\n\t\t\t\t\t<\/div>\n\n\t\t\t\t\t<div id=\"elementor-tab-content-83019\" class=\"elementor-tab-content elementor-clearfix\" data-tab=\"19\" role=\"region\" aria-labelledby=\"elementor-tab-title-83019\"><div class=\"exp-col-content-holder\">\n<div class=\"hidden-content\">\n<p class=\"hiddenContentp\">N\u00e3o, voc\u00ea vai precisar reservar seus pr\u00f3prios voos<\/p>\n<\/div>\n<\/div>\n<\/div>\n\t\t\t\t<\/div>\n\t\t\t\t\t\t\t<div class=\"elementor-toggle-item\">\n\t\t\t\t\t<div id=\"elementor-tab-title-83020\" class=\"elementor-tab-title\" data-tab=\"20\" role=\"button\" aria-controls=\"elementor-tab-content-83020\" aria-expanded=\"false\">\n\t\t\t\t\t\t\t\t\t\t\t\t<a class=\"elementor-toggle-title\" tabindex=\"0\">A maioria dos alunos vem em grupo ou viaja sozinha para o ICE?<\/a>\n\t\t\t\t\t<\/div>\n\n\t\t\t\t\t<div id=\"elementor-tab-content-83020\" class=\"elementor-tab-content elementor-clearfix\" data-tab=\"20\" role=\"region\" aria-labelledby=\"elementor-tab-title-83020\"><p><span style=\"color: #7a7a7a; font-family: Catamaran, sans-serif; font-size: 17px; font-style: normal; font-variant-ligatures: normal; font-variant-caps: normal; font-weight: 300; letter-spacing: normal; orphans: 2; text-align: left; text-indent: 0px; text-transform: none; white-space: normal; widows: 2; word-spacing: 0px; -webkit-text-stroke-width: 0px; background-color: #ffffff; text-decoration-thickness: initial; text-decoration-style: initial; text-decoration-color: initial; display: inline !important; float: none;\">Cerca de 40% dos nossos alunos v\u00eam sozinhos e o resto vem em grupos j\u00e1 organizados. Quem vem sozinho vai ficar com outras pessoas nas atividades da tarde e \u00e9 dividido por idade, ent\u00e3o fica f\u00e1cil fazer novos amigos.<\/span><\/p>\n<\/div>\n\t\t\t\t<\/div>\n\t\t\t\t\t\t\t<div class=\"elementor-toggle-item\">\n\t\t\t\t\t<div id=\"elementor-tab-title-83021\" class=\"elementor-tab-title\" data-tab=\"21\" role=\"button\" aria-controls=\"elementor-tab-content-83021\" aria-expanded=\"false\">\n\t\t\t\t\t\t\t\t\t\t\t\t<a class=\"elementor-toggle-title\" tabindex=\"0\">Voc\u00ea aceitaria uma crian\u00e7a de 10 anos ou um jovem de 18 anos?<\/a>\n\t\t\t\t\t<\/div>\n\n\t\t\t\t\t<div id=\"elementor-tab-content-83021\" class=\"elementor-tab-content elementor-clearfix\" data-tab=\"21\" role=\"region\" aria-labelledby=\"elementor-tab-title-83021\"><div class=\"exp-col-content-holder\">\n<div class=\"hidden-content\">\n<div class=\"elementor-toggle-item\">\n<div id=\"elementor-tab-content-58821\" class=\"elementor-tab-content elementor-clearfix elementor-active\" role=\"tabpanel\" data-tab=\"21\" aria-labelledby=\"elementor-tab-title-58821\">\n<div class=\"exp-col-content-holder\">\n<div class=\"hidden-content\">\n<div class=\"elementor-toggle-item\">\n<div id=\"elementor-tab-content-10721\" class=\"elementor-tab-content elementor-clearfix elementor-active\" role=\"tabpanel\" data-tab=\"21\" aria-labelledby=\"elementor-tab-title-10721\">\n<div class=\"exp-col-content-holder\">\n<div class=\"hidden-content\">\n<p>N\u00e3o, a faixa et\u00e1ria \u00e9 de 11 a 17 anos. Mas, em certas circunst\u00e2ncias, se uma crian\u00e7a completar 18 anos e ainda estiver no ensino m\u00e9dio at\u00e9 o ver\u00e3o em que o acampamento vai rolar, a gente pode aceit\u00e1-la no programa.<\/p>\n<\/div>\n<\/div>\n<\/div>\n<\/div>\n<div class=\"elementor-toggle-item\"> <\/div>\n<\/div>\n<\/div>\n<\/div>\n<\/div>\n<\/div>\n<\/div>\n<\/div>\n\t\t\t\t<\/div>\n\t\t\t\t\t\t\t<div class=\"elementor-toggle-item\">\n\t\t\t\t\t<div id=\"elementor-tab-title-83022\" class=\"elementor-tab-title\" data-tab=\"22\" role=\"button\" aria-controls=\"elementor-tab-content-83022\" aria-expanded=\"false\">\n\t\t\t\t\t\t\t\t\t\t\t\t<a class=\"elementor-toggle-title\" tabindex=\"0\">Vou receber um pacote informativo antes da chegada?<\/a>\n\t\t\t\t\t<\/div>\n\n\t\t\t\t\t<div id=\"elementor-tab-content-83022\" class=\"elementor-tab-content elementor-clearfix\" data-tab=\"22\" role=\"region\" aria-labelledby=\"elementor-tab-title-83022\"><p><span style=\"color: #7a7a7a; font-family: Catamaran, sans-serif; font-size: 17px; font-style: normal; font-variant-ligatures: normal; font-variant-caps: normal; font-weight: 300; letter-spacing: normal; orphans: 2; text-align: left; text-indent: 0px; text-transform: none; white-space: normal; widows: 2; word-spacing: 0px; -webkit-text-stroke-width: 0px; background-color: #ffffff; text-decoration-thickness: initial; text-decoration-style: initial; text-decoration-color: initial; display: inline !important; float: none;\">Sim, todos os alunos recebem um Manual do Aluno, que inclui uma lista do que levar antes da chegada.<\/span><\/p>\n<\/div>\n\t\t\t\t<\/div>\n\t\t\t\t\t\t\t<div class=\"elementor-toggle-item\">\n\t\t\t\t\t<div id=\"elementor-tab-title-83023\" class=\"elementor-tab-title\" data-tab=\"23\" role=\"button\" aria-controls=\"elementor-tab-content-83023\" aria-expanded=\"false\">\n\t\t\t\t\t\t\t\t\t\t\t\t<a class=\"elementor-toggle-title\" tabindex=\"0\">E se meu filho n\u00e3o estiver satisfeito com o quarto, o colega de quarto, a turma ou qualquer outro aspecto da estadia dele?<\/a>\n\t\t\t\t\t<\/div>\n\n\t\t\t\t\t<div id=\"elementor-tab-content-83023\" class=\"elementor-tab-content elementor-clearfix\" data-tab=\"23\" role=\"region\" aria-labelledby=\"elementor-tab-title-83023\"><div class=\"exp-col-content-holder\">\n<div class=\"hidden-content\">\n<p class=\"hiddenContentp\"><span style=\"color: #7a7a7a; font-family: Catamaran, sans-serif; font-size: 17px; font-style: normal; font-variant-ligatures: normal; font-variant-caps: normal; font-weight: 300; letter-spacing: normal; orphans: 2; text-align: left; text-indent: 0px; text-transform: none; white-space: normal; widows: 2; word-spacing: 0px; -webkit-text-stroke-width: 0px; background-color: #ffffff; text-decoration-thickness: initial; text-decoration-style: initial; text-decoration-color: initial; display: inline !important; float: none;\">Estamos sempre \u00e0 disposi\u00e7\u00e3o para ajudar e dar todo o apoio poss\u00edvel para garantir que seu filho seja feliz.<\/span><\/p>\n<\/div>\n<\/div>\n<\/div>\n\t\t\t\t<\/div>\n\t\t\t\t\t\t\t<div class=\"elementor-toggle-item\">\n\t\t\t\t\t<div id=\"elementor-tab-title-83024\" class=\"elementor-tab-title\" data-tab=\"24\" role=\"button\" aria-controls=\"elementor-tab-content-83024\" aria-expanded=\"false\">\n\t\t\t\t\t\t\t\t\t\t\t\t<a class=\"elementor-toggle-title\" tabindex=\"0\">Meu filho vai ficar sem supervis\u00e3o em algum momento?<\/a>\n\t\t\t\t\t<\/div>\n\n\t\t\t\t\t<div id=\"elementor-tab-content-83024\" class=\"elementor-tab-content elementor-clearfix\" data-tab=\"24\" role=\"region\" aria-labelledby=\"elementor-tab-title-83024\"><div>\n<div>\n<p><span style=\"color: #7a7a7a; font-family: Catamaran, sans-serif; font-size: 17px; font-style: normal; font-variant-ligatures: normal; font-variant-caps: normal; font-weight: 300; letter-spacing: normal; orphans: 2; text-align: left; text-indent: 0px; text-transform: none; white-space: normal; widows: 2; word-spacing: 0px; -webkit-text-stroke-width: 0px; background-color: #ffffff; text-decoration-thickness: initial; text-decoration-style: initial; text-decoration-color: initial; display: inline !important; float: none;\">Embora tenhamos funcion\u00e1rios no campus 24 horas por dia, os alunos nem sempre est\u00e3o sob supervis\u00e3o e v\u00e3o ter tempo livre.<\/span><\/p>\n<\/div>\n<\/div>\n<\/div>\n\t\t\t\t<\/div>\n\t\t\t\t\t\t\t<div class=\"elementor-toggle-item\">\n\t\t\t\t\t<div id=\"elementor-tab-title-83025\" class=\"elementor-tab-title\" data-tab=\"25\" role=\"button\" aria-controls=\"elementor-tab-content-83025\" aria-expanded=\"false\">\n\t\t\t\t\t\t\t\t\t\t\t\t<a class=\"elementor-toggle-title\" tabindex=\"0\">Como funciona o transporte do aeroporto para o meu filho?<\/a>\n\t\t\t\t\t<\/div>\n\n\t\t\t\t\t<div id=\"elementor-tab-content-83025\" class=\"elementor-tab-content elementor-clearfix\" data-tab=\"25\" role=\"region\" aria-labelledby=\"elementor-tab-title-83025\"><p>Um membro da nossa equipe fica esperando seu filho no aeroporto com uma placa. Tamb\u00e9m nos certificamos de ter o n\u00famero do celular do seu filho e de que ele tenha o n\u00famero do nosso motorista e tamb\u00e9m o nosso n\u00famero de emerg\u00eancia, caso haja algum atraso, etc.<\/p>\n<\/div>\n\t\t\t\t<\/div>\n\t\t\t\t\t\t\t<div class=\"elementor-toggle-item\">\n\t\t\t\t\t<div id=\"elementor-tab-title-83026\" class=\"elementor-tab-title\" data-tab=\"26\" role=\"button\" aria-controls=\"elementor-tab-content-83026\" aria-expanded=\"false\">\n\t\t\t\t\t\t\t\t\t\t\t\t<a class=\"elementor-toggle-title\" tabindex=\"0\">Voc\u00ea pode ajudar meu filho a fazer o check-in no aeroporto?<\/a>\n\t\t\t\t\t<\/div>\n\n\t\t\t\t\t<div id=\"elementor-tab-content-83026\" class=\"elementor-tab-content elementor-clearfix\" data-tab=\"26\" role=\"region\" aria-labelledby=\"elementor-tab-title-83026\"><div class=\"elementor-toggle-item\">\n<div id=\"elementor-tab-content-10726\" class=\"elementor-tab-content elementor-clearfix elementor-active\" role=\"tabpanel\" data-tab=\"26\" aria-labelledby=\"elementor-tab-title-10726\">\n<div class=\"exp-col-content-holder\">\n<div class=\"hidden-content\">\n<p class=\"hiddenContentp\">Sim, basta pedir ajuda na hora da partida e nosso motorista vai ajudar seu filho a fazer o check-in e lev\u00e1-lo at\u00e9 a \u00e1rea de seguran\u00e7a, se voc\u00ea quiser, e n\u00e3o tem nenhum custo extra por isso.<\/p>\n<\/div>\n<\/div>\n<\/div>\n<\/div>\n<div class=\"elementor-toggle-item\"> <\/div>\n<\/div>\n\t\t\t\t<\/div>\n\t\t\t\t\t\t\t<div class=\"elementor-toggle-item\">\n\t\t\t\t\t<div id=\"elementor-tab-title-83027\" class=\"elementor-tab-title\" data-tab=\"27\" role=\"button\" aria-controls=\"elementor-tab-content-83027\" aria-expanded=\"false\">\n\t\t\t\t\t\t\t\t\t\t\t\t<a class=\"elementor-toggle-title\" tabindex=\"0\">Voc\u00ea pode fazer o check-in do meu filho na hora da partida usando o servi\u00e7o para menores desacompanhados ou preencher o termo de responsabilidade da Aer Lingus? Isso tem algum custo extra?<\/a>\n\t\t\t\t\t<\/div>\n\n\t\t\t\t\t<div id=\"elementor-tab-content-83027\" class=\"elementor-tab-content elementor-clearfix\" data-tab=\"27\" role=\"region\" aria-labelledby=\"elementor-tab-title-83027\"><div class=\"exp-col-content-holder\">\n<div class=\"hidden-content\">\n<p class=\"hiddenContentp\"><span style=\"color: #7a7a7a; font-family: Catamaran, sans-serif; font-size: 17px; font-style: normal; font-variant-ligatures: normal; font-variant-caps: normal; font-weight: 300; letter-spacing: normal; orphans: 2; text-align: left; text-indent: 0px; text-transform: none; white-space: normal; widows: 2; word-spacing: 0px; -webkit-text-stroke-width: 0px; background-color: #ffffff; text-decoration-thickness: initial; text-decoration-style: initial; text-decoration-color: initial; display: inline !important; float: none;\">Sim, ficamos felizes em fazer qualquer check-in sem custo extra. Por favor, avisa a gente na hora da reserva.<\/span><\/p>\n<\/div>\n<\/div>\n<\/div>\n\t\t\t\t<\/div>\n\t\t\t\t\t\t\t<div class=\"elementor-toggle-item\">\n\t\t\t\t\t<div id=\"elementor-tab-title-83028\" class=\"elementor-tab-title\" data-tab=\"28\" role=\"button\" aria-controls=\"elementor-tab-content-83028\" aria-expanded=\"false\">\n\t\t\t\t\t\t\t\t\t\t\t\t<a class=\"elementor-toggle-title\" tabindex=\"0\">Voc\u00eas atendem a dietas especiais?<\/a>\n\t\t\t\t\t<\/div>\n\n\t\t\t\t\t<div id=\"elementor-tab-content-83028\" class=\"elementor-tab-content elementor-clearfix\" data-tab=\"28\" role=\"region\" aria-labelledby=\"elementor-tab-title-83028\"><div class=\"exp-col-content-holder\">\n<div class=\"hidden-content\">\n<div class=\"elementor-toggle-item\">\n<div id=\"elementor-tab-content-10728\" class=\"elementor-tab-content elementor-clearfix elementor-active\" role=\"tabpanel\" data-tab=\"28\" aria-labelledby=\"elementor-tab-title-10728\">\n<div class=\"exp-col-content-holder\">\n<div class=\"hidden-content\">\n<p class=\"hiddenContentp\">Sim, podemos atender a algumas dietas especiais, dentro do razo\u00e1vel; \u00e9 s\u00f3 avisar a gente antes de fazer a reserva. \u00c0s vezes, pode haver um custo adicional.<\/p>\n<\/div>\n<\/div>\n<\/div>\n<\/div>\n<div class=\"elementor-toggle-item\"> <\/div>\n<\/div>\n<\/div>\n<\/div>\n\t\t\t\t<\/div>\n\t\t\t\t\t\t\t<div class=\"elementor-toggle-item\">\n\t\t\t\t\t<div id=\"elementor-tab-title-83029\" class=\"elementor-tab-title\" data-tab=\"29\" role=\"button\" aria-controls=\"elementor-tab-content-83029\" aria-expanded=\"false\">\n\t\t\t\t\t\t\t\t\t\t\t\t<a class=\"elementor-toggle-title\" tabindex=\"0\">Meu filho pode pegar um t\u00e1xi do aeroporto direto para a resid\u00eancia, caso a gente n\u00e3o opte pelo servi\u00e7o de traslado do aeroporto?<\/a>\n\t\t\t\t\t<\/div>\n\n\t\t\t\t\t<div id=\"elementor-tab-content-83029\" class=\"elementor-tab-content elementor-clearfix\" data-tab=\"29\" role=\"region\" aria-labelledby=\"elementor-tab-title-83029\"><div class=\"exp-col-content-holder\">\n<div class=\"hidden-content\">\n<div class=\"elementor-toggle-item\">\n<div id=\"elementor-tab-content-10729\" class=\"elementor-tab-content elementor-clearfix elementor-active\" role=\"tabpanel\" data-tab=\"29\" aria-labelledby=\"elementor-tab-title-10729\">\n<div class=\"exp-col-content-holder\">\n<div class=\"hidden-content\">\n<p class=\"hiddenContentp\">Sim, a escolha \u00e9 sua. No entanto, por motivos de seguran\u00e7a, recomendamos que todas as crian\u00e7as utilizem nosso servi\u00e7o de traslado para serem recebidas no aeroporto. Al\u00e9m disso, o servi\u00e7o de imigra\u00e7\u00e3o do Aeroporto de Dublin informa que todas as crian\u00e7as menores de 18 anos devem ter algu\u00e9m para receb\u00ea-las no aeroporto.<\/p>\n<\/div>\n<\/div>\n<\/div>\n<\/div>\n<div class=\"elementor-toggle-item\"> <\/div>\n<\/div>\n<\/div>\n<\/div>\n\t\t\t\t<\/div>\n\t\t\t\t\t\t\t<div class=\"elementor-toggle-item\">\n\t\t\t\t\t<div id=\"elementor-tab-title-83030\" class=\"elementor-tab-title\" data-tab=\"30\" role=\"button\" aria-controls=\"elementor-tab-content-83030\" aria-expanded=\"false\">\n\t\t\t\t\t\t\t\t\t\t\t\t<a class=\"elementor-toggle-title\" tabindex=\"0\">Posso deixar meu filho diretamente na resid\u00eancia?<\/a>\n\t\t\t\t\t<\/div>\n\n\t\t\t\t\t<div id=\"elementor-tab-content-83030\" class=\"elementor-tab-content elementor-clearfix\" data-tab=\"30\" role=\"region\" aria-labelledby=\"elementor-tab-title-83030\"><div class=\"exp-col-content-holder\">\n<div class=\"hidden-content\">\n<p>Sim, vamos combinar um hor\u00e1rio com a resid\u00eancia.<\/p>\n<\/div>\n<\/div>\n<\/div>\n\t\t\t\t<\/div>\n\t\t\t\t\t\t\t<div class=\"elementor-toggle-item\">\n\t\t\t\t\t<div id=\"elementor-tab-title-83031\" class=\"elementor-tab-title\" data-tab=\"31\" role=\"button\" aria-controls=\"elementor-tab-content-83031\" aria-expanded=\"false\">\n\t\t\t\t\t\t\t\t\t\t\t\t<a class=\"elementor-toggle-title\" tabindex=\"0\">Que tipo de certificado meu filho vai receber ao final do curso?<\/a>\n\t\t\t\t\t<\/div>\n\n\t\t\t\t\t<div id=\"elementor-tab-content-83031\" class=\"elementor-tab-content elementor-clearfix\" data-tab=\"31\" role=\"region\" aria-labelledby=\"elementor-tab-title-83031\"><div class=\"exp-col-content-holder\">\n<div class=\"hidden-content\">\n<p class=\"hiddenContentp\">Seu filho vai receber um certificado de conclus\u00e3o e frequ\u00eancia, al\u00e9m de um relat\u00f3rio individual do professor sobre o progresso dele.<\/p>\n<\/div>\n<\/div>\n<\/div>\n\t\t\t\t<\/div>\n\t\t\t\t\t\t\t<div class=\"elementor-toggle-item\">\n\t\t\t\t\t<div id=\"elementor-tab-title-83032\" class=\"elementor-tab-title\" data-tab=\"32\" role=\"button\" aria-controls=\"elementor-tab-content-83032\" aria-expanded=\"false\">\n\t\t\t\t\t\t\t\t\t\t\t\t<a class=\"elementor-toggle-title\" tabindex=\"0\">Em quartos de que tamanho os alunos v\u00e3o ficar?<\/a>\n\t\t\t\t\t<\/div>\n\n\t\t\t\t\t<div id=\"elementor-tab-content-83032\" class=\"elementor-tab-content elementor-clearfix\" data-tab=\"32\" role=\"region\" aria-labelledby=\"elementor-tab-title-83032\"><p>Em Glenstal, os quartos acomodam de 2 a 8 alunos.<\/p>\n<\/div>\n\t\t\t\t<\/div>\n\t\t\t\t\t\t\t<div class=\"elementor-toggle-item\">\n\t\t\t\t\t<div id=\"elementor-tab-title-83033\" class=\"elementor-tab-title\" data-tab=\"33\" role=\"button\" aria-controls=\"elementor-tab-content-83033\" aria-expanded=\"false\">\n\t\t\t\t\t\t\t\t\t\t\t\t<a class=\"elementor-toggle-title\" tabindex=\"0\">Os quartos t\u00eam banheiro privativo?<\/a>\n\t\t\t\t\t<\/div>\n\n\t\t\t\t\t<div id=\"elementor-tab-content-83033\" class=\"elementor-tab-content elementor-clearfix\" data-tab=\"33\" role=\"region\" aria-labelledby=\"elementor-tab-title-83033\"><p>A maioria dos quartos n\u00e3o tem banheiro privativo; eles t\u00eam banheiros e chuveiros compartilhados.<\/p>\n<\/div>\n\t\t\t\t<\/div>\n\t\t\t\t\t\t\t<div class=\"elementor-toggle-item\">\n\t\t\t\t\t<div id=\"elementor-tab-title-83034\" class=\"elementor-tab-title\" data-tab=\"34\" role=\"button\" aria-controls=\"elementor-tab-content-83034\" aria-expanded=\"false\">\n\t\t\t\t\t\t\t\t\t\t\t\t<a class=\"elementor-toggle-title\" tabindex=\"0\">Os meninos e as meninas ficam em \u00e1reas diferentes da resid\u00eancia?<\/a>\n\t\t\t\t\t<\/div>\n\n\t\t\t\t\t<div id=\"elementor-tab-content-83034\" class=\"elementor-tab-content elementor-clearfix\" data-tab=\"34\" role=\"region\" aria-labelledby=\"elementor-tab-title-83034\"><p>Sim, os meninos e as meninas ficam em \u00e1reas diferentes da resid\u00eancia.<\/p>\n<\/div>\n\t\t\t\t<\/div>\n\t\t\t\t\t\t\t<div class=\"elementor-toggle-item\">\n\t\t\t\t\t<div id=\"elementor-tab-title-83035\" class=\"elementor-tab-title\" data-tab=\"35\" role=\"button\" aria-controls=\"elementor-tab-content-83035\" aria-expanded=\"false\">\n\t\t\t\t\t\t\t\t\t\t\t\t<a class=\"elementor-toggle-title\" tabindex=\"0\">A resid\u00eancia fica no Col\u00e9gio\/Abadia ou em outro pr\u00e9dio?<\/a>\n\t\t\t\t\t<\/div>\n\n\t\t\t\t\t<div id=\"elementor-tab-content-83035\" class=\"elementor-tab-content elementor-clearfix\" data-tab=\"35\" role=\"region\" aria-labelledby=\"elementor-tab-title-83035\"><p>Sim, as duas nossas resid\u00eancias ficam dentro do pr\u00e9dio principal.<\/p>\n<\/div>\n\t\t\t\t<\/div>\n\t\t\t\t\t\t\t<div class=\"elementor-toggle-item\">\n\t\t\t\t\t<div id=\"elementor-tab-title-83036\" class=\"elementor-tab-title\" data-tab=\"36\" role=\"button\" aria-controls=\"elementor-tab-content-83036\" aria-expanded=\"false\">\n\t\t\t\t\t\t\t\t\t\t\t\t<a class=\"elementor-toggle-title\" tabindex=\"0\">Tem caf\u00e9 da manh\u00e3, almo\u00e7o e jantar quentes?<\/a>\n\t\t\t\t\t<\/div>\n\n\t\t\t\t\t<div id=\"elementor-tab-content-83036\" class=\"elementor-tab-content elementor-clearfix\" data-tab=\"36\" role=\"region\" aria-labelledby=\"elementor-tab-title-83036\"><div class=\"elementor-toggle-item\">\n<div id=\"elementor-tab-content-10736\" class=\"elementor-tab-content elementor-clearfix elementor-active\" role=\"tabpanel\" data-tab=\"36\" aria-labelledby=\"elementor-tab-title-10736\">\n<p>Sim, sempre tem uma op\u00e7\u00e3o quente dispon\u00edvel no caf\u00e9 da manh\u00e3, no almo\u00e7o e no jantar, e os alunos tomam um lanchinho antes de dormir.<\/p>\n<\/div>\n<\/div>\n<div class=\"elementor-toggle-item\"> <\/div>\n<\/div>\n\t\t\t\t<\/div>\n\t\t\t\t\t\t\t<div class=\"elementor-toggle-item\">\n\t\t\t\t\t<div id=\"elementor-tab-title-83037\" class=\"elementor-tab-title\" data-tab=\"37\" role=\"button\" aria-controls=\"elementor-tab-content-83037\" aria-expanded=\"false\">\n\t\t\t\t\t\t\t\t\t\t\t\t<a class=\"elementor-toggle-title\" tabindex=\"0\">Sempre tem \u00e1gua dispon\u00edvel?<\/a>\n\t\t\t\t\t<\/div>\n\n\t\t\t\t\t<div id=\"elementor-tab-content-83037\" class=\"elementor-tab-content elementor-clearfix\" data-tab=\"37\" role=\"region\" aria-labelledby=\"elementor-tab-title-83037\"><p>Sim, ao chegarem, os alunos recebem uma garrafa de \u00e1gua ecol\u00f3gica que podem reabastecer ao longo do dia em um dos muitos bebedouros da escola.<\/p>\n<\/div>\n\t\t\t\t<\/div>\n\t\t\t\t\t\t\t<div class=\"elementor-toggle-item\">\n\t\t\t\t\t<div id=\"elementor-tab-title-83038\" class=\"elementor-tab-title\" data-tab=\"38\" role=\"button\" aria-controls=\"elementor-tab-content-83038\" aria-expanded=\"false\">\n\t\t\t\t\t\t\t\t\t\t\t\t<a class=\"elementor-toggle-title\" tabindex=\"0\">Como \u00e9 que a resid\u00eancia fica vigiada \u00e0 noite?<\/a>\n\t\t\t\t\t<\/div>\n\n\t\t\t\t\t<div id=\"elementor-tab-content-83038\" class=\"elementor-tab-content elementor-clearfix\" data-tab=\"38\" role=\"region\" aria-labelledby=\"elementor-tab-title-83038\"><p>Os respons\u00e1veis pelo dormit\u00f3rio dormem em quartos pr\u00f3ximos \u00e0s \u00e1reas dos alunos e ficam de plant\u00e3o. Al\u00e9m disso, um supervisor noturno fica acordado a noite toda.<\/p>\n<\/div>\n\t\t\t\t<\/div>\n\t\t\t\t\t\t\t<div class=\"elementor-toggle-item\">\n\t\t\t\t\t<div id=\"elementor-tab-title-83039\" class=\"elementor-tab-title\" data-tab=\"39\" role=\"button\" aria-controls=\"elementor-tab-content-83039\" aria-expanded=\"false\">\n\t\t\t\t\t\t\t\t\t\t\t\t<a class=\"elementor-toggle-title\" tabindex=\"0\">O que \u00e9 o QECR e como entendo os n\u00edveis \u2013 A2, B1, B2, C1?<\/a>\n\t\t\t\t\t<\/div>\n\n\t\t\t\t\t<div id=\"elementor-tab-content-83039\" class=\"elementor-tab-content elementor-clearfix\" data-tab=\"39\" role=\"region\" aria-labelledby=\"elementor-tab-title-83039\"><p>O QECR \u00e9 o Quadro Europeu Comum de Refer\u00eancia para as L\u00ednguas, criado para oferecer uma base comum para a descri\u00e7\u00e3o expl\u00edcita de objetivos, conte\u00fados e m\u00e9todos no ensino de segundas l\u00ednguas ou l\u00ednguas estrangeiras. Todos os programas do ICE seguem essa escala; oferecemos aulas dos n\u00edveis A2 ao C1. Para mais informa\u00e7\u00f5es sobre o QECR, <a href=\"https:\/\/www.coe.int\/en\/web\/common-european-framework-reference-languages\/level-descriptions\" target=\"_blank\" rel=\"noopener\">clica aqui<\/a>.<\/p>\n<\/div>\n\t\t\t\t<\/div>\n\t\t\t\t\t\t\t<div class=\"elementor-toggle-item\">\n\t\t\t\t\t<div id=\"elementor-tab-title-83040\" class=\"elementor-tab-title\" data-tab=\"40\" role=\"button\" aria-controls=\"elementor-tab-content-83040\" aria-expanded=\"false\">\n\t\t\t\t\t\t\t\t\t\t\t\t<a class=\"elementor-toggle-title\" tabindex=\"0\">Os programas do ICE est\u00e3o alinhados com o QECR?<\/a>\n\t\t\t\t\t<\/div>\n\n\t\t\t\t\t<div id=\"elementor-tab-content-83040\" class=\"elementor-tab-content elementor-clearfix\" data-tab=\"40\" role=\"region\" aria-labelledby=\"elementor-tab-title-83040\"><p>Sim, todos os nossos programas seguem o QECR e oferecemos n\u00edveis de A2 a C1, ou seja, de pr\u00e9-intermedi\u00e1rio a avan\u00e7ado, em todos os nossos programas.<\/p>\n<\/div>\n\t\t\t\t<\/div>\n\t\t\t\t\t\t\t<div class=\"elementor-toggle-item\">\n\t\t\t\t\t<div id=\"elementor-tab-title-83041\" class=\"elementor-tab-title\" data-tab=\"41\" role=\"button\" aria-controls=\"elementor-tab-content-83041\" aria-expanded=\"false\">\n\t\t\t\t\t\t\t\t\t\t\t\t<a class=\"elementor-toggle-title\" tabindex=\"0\">O que vai estar escrito no meu certificado de conclus\u00e3o do curso?<\/a>\n\t\t\t\t\t<\/div>\n\n\t\t\t\t\t<div id=\"elementor-tab-content-83041\" class=\"elementor-tab-content elementor-clearfix\" data-tab=\"41\" role=\"region\" aria-labelledby=\"elementor-tab-title-83041\"><p>O certificado de conclus\u00e3o do nosso curso vai registrar o n\u00famero de horas que voc\u00ea estudou na nossa escola e vai indicar que voc\u00ea progrediu, com base nos descritores do QECR, para um determinado n\u00edvel do QECR.<\/p>\n<p>Por exemplo: Sofia Rodrigo frequentou um curso de ingl\u00eas com 40 horas de dura\u00e7\u00e3o e progrediu, de acordo com os descritores do QECR, para o n\u00edvel intermedi\u00e1rio alto (B2).<\/p>\n<\/div>\n\t\t\t\t<\/div>\n\t\t\t\t\t\t\t\t<\/div>\n\t\t\t\t\t\t<\/div>\n\t\t\t\t<\/div>\n\t\t\t\t\t<\/div>\n\t\t<\/div>\n\t\t\t\t<div class=\"elementor-column elementor-col-16 elementor-top-column elementor-element elementor-element-21b84d5c\" data-id=\"21b84d5c\" data-element_type=\"column\" data-e-type=\"column\">\n\t\t\t<div class=\"elementor-widget-wrap\">\n\t\t\t\t\t\t\t<\/div>\n\t\t<\/div>\n\t\t\t\t\t<\/div>\n\t\t<\/section>\n\t\t\t\t<section class=\"elementor-section elementor-top-section elementor-element elementor-element-3d68226c cta-anchor elementor-section-boxed elementor-section-height-default elementor-section-height-default\" data-id=\"3d68226c\" data-element_type=\"section\" data-e-type=\"section\" id=\"cta-anchor\">\n\t\t\t\t\t\t<div class=\"elementor-container elementor-column-gap-default\">\n\t\t\t\t\t<div class=\"elementor-column elementor-col-100 elementor-top-column elementor-element elementor-element-64565624\" data-id=\"64565624\" data-element_type=\"column\" data-e-type=\"column\">\n\t\t\t<div class=\"elementor-widget-wrap elementor-element-populated\">\n\t\t\t\t\t\t<section class=\"elementor-section elementor-inner-section elementor-element elementor-element-47292ae1 elementor-section-boxed elementor-section-height-default elementor-section-height-default\" data-id=\"47292ae1\" data-element_type=\"section\" data-e-type=\"section\">\n\t\t\t\t\t\t<div class=\"elementor-container elementor-column-gap-default\">\n\t\t\t\t\t<div class=\"elementor-column elementor-col-50 elementor-inner-column elementor-element elementor-element-22f2f144\" data-id=\"22f2f144\" data-element_type=\"column\" data-e-type=\"column\">\n\t\t\t<div class=\"elementor-widget-wrap elementor-element-populated\">\n\t\t\t\t\t\t<div class=\"elementor-element elementor-element-46aba8e0 elementor-widget elementor-widget-global elementor-global-20891 elementor-widget-html\" data-id=\"46aba8e0\" data-element_type=\"widget\" data-e-type=\"widget\" data-widget_type=\"html.default\">\n\t\t\t\t<div class=\"elementor-widget-container\">\n\t\t\t\t\t<a id=\"cta\" class=\"cta\"><\/a>\t\t\t\t<\/div>\n\t\t\t\t<\/div>\n\t\t\t\t\t<\/div>\n\t\t<\/div>\n\t\t\t\t<div class=\"elementor-column elementor-col-50 elementor-inner-column elementor-element elementor-element-499f50a7\" data-id=\"499f50a7\" data-element_type=\"column\" data-e-type=\"column\">\n\t\t\t<div class=\"elementor-widget-wrap\">\n\t\t\t\t\t\t\t<\/div>\n\t\t<\/div>\n\t\t\t\t\t<\/div>\n\t\t<\/section>\n\t\t\t\t\t<\/div>\n\t\t<\/div>\n\t\t\t\t\t<\/div>\n\t\t<\/section>\n\t\t\t\t<section class=\"elementor-section elementor-top-section elementor-element elementor-element-15dcceda elementor-section-stretched elementor-section-content-middle elementor-reverse-mobile cta3 elementor-section-boxed elementor-section-height-default elementor-section-height-default\" data-id=\"15dcceda\" data-element_type=\"section\" data-e-type=\"section\" id=\"cta3\" data-settings=\"{&quot;background_background&quot;:&quot;gradient&quot;,&quot;stretch_section&quot;:&quot;section-stretched&quot;,&quot;shape_divider_top&quot;:&quot;mountains&quot;}\">\n\t\t\t\t\t\t\t<div class=\"elementor-background-overlay\"><\/div>\n\t\t\t\t\t\t<div class=\"elementor-shape elementor-shape-top\" aria-hidden=\"true\" data-negative=\"false\">\n\t\t\t<svg xmlns=\"http:\/\/www.w3.org\/2000\/svg\" viewBox=\"0 0 1000 100\" preserveAspectRatio=\"none\">\n\t<path class=\"elementor-shape-fill\" opacity=\"0.33\" d=\"M473,67.3c-203.9,88.3-263.1-34-320.3,0C66,119.1,0,59.7,0,59.7V0h1000v59.7 c0,0-62.1,26.1-94.9,29.3c-32.8,3.3-62.8-12.3-75.8-22.1C806,49.6,745.3,8.7,694.9,4.7S492.4,59,473,67.3z\"\/>\n\t<path class=\"elementor-shape-fill\" opacity=\"0.66\" d=\"M734,67.3c-45.5,0-77.2-23.2-129.1-39.1c-28.6-8.7-150.3-10.1-254,39.1 s-91.7-34.4-149.2,0C115.7,118.3,0,39.8,0,39.8V0h1000v36.5c0,0-28.2-18.5-92.1-18.5C810.2,18.1,775.7,67.3,734,67.3z\"\/>\n\t<path class=\"elementor-shape-fill\" d=\"M766.1,28.9c-200-57.5-266,65.5-395.1,19.5C242,1.8,242,5.4,184.8,20.6C128,35.8,132.3,44.9,89.9,52.5C28.6,63.7,0,0,0,0 h1000c0,0-9.9,40.9-83.6,48.1S829.6,47,766.1,28.9z\"\/>\n<\/svg>\t\t<\/div>\n\t\t\t\t\t<div class=\"elementor-container elementor-column-gap-no\">\n\t\t\t\t\t<div class=\"elementor-column elementor-col-100 elementor-top-column elementor-element elementor-element-232901ce\" data-id=\"232901ce\" data-element_type=\"column\" data-e-type=\"column\">\n\t\t\t<div class=\"elementor-widget-wrap elementor-element-populated\">\n\t\t\t\t\t\t<div class=\"elementor-element elementor-element-597d5773 elementor-widget elementor-widget-global elementor-global-20825 elementor-widget-heading\" data-id=\"597d5773\" data-element_type=\"widget\" data-e-type=\"widget\" data-widget_type=\"heading.default\">\n\t\t\t\t<div class=\"elementor-widget-container\">\n\t\t\t\t\t<h2 class=\"elementor-heading-title elementor-size-default\">Brochures &amp; Price Lists\u200b<\/h2>\t\t\t\t<\/div>\n\t\t\t\t<\/div>\n\t\t\t\t\t<\/div>\n\t\t<\/div>\n\t\t\t\t\t<\/div>\n\t\t<\/section>\n\t\t\t\t<section class=\"elementor-section elementor-top-section elementor-element elementor-element-23e8e3c0 elementor-section-stretched brochures elementor-section-boxed elementor-section-height-default elementor-section-height-default\" data-id=\"23e8e3c0\" data-element_type=\"section\" data-e-type=\"section\" id=\"brochures\" data-settings=\"{&quot;background_background&quot;:&quot;classic&quot;,&quot;stretch_section&quot;:&quot;section-stretched&quot;,&quot;shape_divider_top&quot;:&quot;mountains&quot;}\">\n\t\t\t\t\t<div class=\"elementor-shape elementor-shape-top\" aria-hidden=\"true\" data-negative=\"false\">\n\t\t\t<svg xmlns=\"http:\/\/www.w3.org\/2000\/svg\" viewBox=\"0 0 1000 100\" preserveAspectRatio=\"none\">\n\t<path class=\"elementor-shape-fill\" opacity=\"0.33\" d=\"M473,67.3c-203.9,88.3-263.1-34-320.3,0C66,119.1,0,59.7,0,59.7V0h1000v59.7 c0,0-62.1,26.1-94.9,29.3c-32.8,3.3-62.8-12.3-75.8-22.1C806,49.6,745.3,8.7,694.9,4.7S492.4,59,473,67.3z\"\/>\n\t<path class=\"elementor-shape-fill\" opacity=\"0.66\" d=\"M734,67.3c-45.5,0-77.2-23.2-129.1-39.1c-28.6-8.7-150.3-10.1-254,39.1 s-91.7-34.4-149.2,0C115.7,118.3,0,39.8,0,39.8V0h1000v36.5c0,0-28.2-18.5-92.1-18.5C810.2,18.1,775.7,67.3,734,67.3z\"\/>\n\t<path class=\"elementor-shape-fill\" d=\"M766.1,28.9c-200-57.5-266,65.5-395.1,19.5C242,1.8,242,5.4,184.8,20.6C128,35.8,132.3,44.9,89.9,52.5C28.6,63.7,0,0,0,0 h1000c0,0-9.9,40.9-83.6,48.1S829.6,47,766.1,28.9z\"\/>\n<\/svg>\t\t<\/div>\n\t\t\t\t\t<div class=\"elementor-container elementor-column-gap-default\">\n\t\t\t\t\t<div class=\"elementor-column elementor-col-100 elementor-top-column elementor-element elementor-element-bbb5cf2\" data-id=\"bbb5cf2\" data-element_type=\"column\" data-e-type=\"column\">\n\t\t\t<div class=\"elementor-widget-wrap elementor-element-populated\">\n\t\t\t\t\t\t<section class=\"elementor-section elementor-inner-section elementor-element elementor-element-2bed6dc1 elementor-section-boxed elementor-section-height-default elementor-section-height-default\" data-id=\"2bed6dc1\" data-element_type=\"section\" data-e-type=\"section\">\n\t\t\t\t\t\t<div class=\"elementor-container elementor-column-gap-wide\">\n\t\t\t\t\t<div class=\"elementor-column elementor-col-50 elementor-inner-column elementor-element elementor-element-51276e6e\" data-id=\"51276e6e\" data-element_type=\"column\" data-e-type=\"column\">\n\t\t\t<div class=\"elementor-widget-wrap elementor-element-populated\">\n\t\t\t\t\t\t<div class=\"elementor-element elementor-element-47d2e91d elementor-invisible elementor-widget elementor-widget-global elementor-global-37894 elementor-global-20831 elementor-widget-image\" data-id=\"47d2e91d\" data-element_type=\"widget\" data-e-type=\"widget\" data-settings=\"{&quot;_animation&quot;:&quot;slideInLeft&quot;}\" data-widget_type=\"image.default\">\n\t\t\t\t<div class=\"elementor-widget-container\">\n\t\t\t\t\t\t\t\t\t\t\t\t\t\t\t\t<a href=\"https:\/\/online.fliphtml5.com\/fbxmh\/apva\/\" target=\"_blank\">\n\t\t\t\t\t\t\t<img decoding=\"async\" width=\"768\" height=\"1085\" src=\"https:\/\/www.iceireland.com\/wp-content\/uploads\/2026\/08\/ICE-Brochure-2027-768x1085.png\" class=\"attachment-medium_large size-medium_large wp-image-37863\" alt=\"\" srcset=\"https:\/\/www.iceireland.com\/wp-content\/uploads\/2026\/08\/ICE-Brochure-2027-768x1085.png 768w, https:\/\/www.iceireland.com\/wp-content\/uploads\/2026\/08\/ICE-Brochure-2027-212x300.png 212w, https:\/\/www.iceireland.com\/wp-content\/uploads\/2026\/08\/ICE-Brochure-2027-725x1024.png 725w, https:\/\/www.iceireland.com\/wp-content\/uploads\/2026\/08\/ICE-Brochure-2027-1087x1536.png 1087w, https:\/\/www.iceireland.com\/wp-content\/uploads\/2026\/08\/ICE-Brochure-2027-1450x2048.png 1450w, https:\/\/www.iceireland.com\/wp-content\/uploads\/2026\/08\/ICE-Brochure-2027.png 1618w\" sizes=\"(max-width: 768px) 100vw, 768px\" \/>\t\t\t\t\t\t\t\t<\/a>\n\t\t\t\t\t\t\t\t\t\t\t\t\t\t\t<\/div>\n\t\t\t\t<\/div>\n\t\t\t\t\t<\/div>\n\t\t<\/div>\n\t\t\t\t<div class=\"elementor-column elementor-col-50 elementor-inner-column elementor-element elementor-element-61827cdf\" data-id=\"61827cdf\" data-element_type=\"column\" data-e-type=\"column\">\n\t\t\t<div class=\"elementor-widget-wrap elementor-element-populated\">\n\t\t\t\t\t\t<div class=\"elementor-element elementor-element-7734c9a2 e-transform elementor-invisible elementor-widget elementor-widget-global elementor-global-37926 elementor-global-20834 elementor-widget-image\" data-id=\"7734c9a2\" data-element_type=\"widget\" data-e-type=\"widget\" data-settings=\"{&quot;_animation&quot;:&quot;slideInRight&quot;,&quot;_transform_scaleX_effect&quot;:{&quot;unit&quot;:&quot;px&quot;,&quot;size&quot;:&quot;&quot;,&quot;sizes&quot;:[]},&quot;_transform_scaleX_effect_tablet&quot;:{&quot;unit&quot;:&quot;px&quot;,&quot;size&quot;:&quot;&quot;,&quot;sizes&quot;:[]},&quot;_transform_scaleX_effect_mobile&quot;:{&quot;unit&quot;:&quot;px&quot;,&quot;size&quot;:&quot;&quot;,&quot;sizes&quot;:[]},&quot;_transform_scaleY_effect&quot;:{&quot;unit&quot;:&quot;px&quot;,&quot;size&quot;:&quot;&quot;,&quot;sizes&quot;:[]},&quot;_transform_scaleY_effect_tablet&quot;:{&quot;unit&quot;:&quot;px&quot;,&quot;size&quot;:&quot;&quot;,&quot;sizes&quot;:[]},&quot;_transform_scaleY_effect_mobile&quot;:{&quot;unit&quot;:&quot;px&quot;,&quot;size&quot;:&quot;&quot;,&quot;sizes&quot;:[]}}\" data-widget_type=\"image.default\">\n\t\t\t\t<div class=\"elementor-widget-container\">\n\t\t\t\t\t\t\t\t\t\t\t\t\t\t\t\t<a href=\"https:\/\/online.fliphtml5.com\/fbxmh\/hixj\/\" target=\"_blank\">\n\t\t\t\t\t\t\t<img loading=\"lazy\" decoding=\"async\" width=\"768\" height=\"1086\" src=\"https:\/\/www.iceireland.com\/wp-content\/uploads\/2026\/08\/ICE-Courses-Fees-2027-768x1086.png\" class=\"attachment-medium_large size-medium_large wp-image-38353\" alt=\"\" srcset=\"https:\/\/www.iceireland.com\/wp-content\/uploads\/2026\/08\/ICE-Courses-Fees-2027-768x1086.png 768w, https:\/\/www.iceireland.com\/wp-content\/uploads\/2026\/08\/ICE-Courses-Fees-2027-212x300.png 212w, https:\/\/www.iceireland.com\/wp-content\/uploads\/2026\/08\/ICE-Courses-Fees-2027-724x1024.png 724w, https:\/\/www.iceireland.com\/wp-content\/uploads\/2026\/08\/ICE-Courses-Fees-2027-1086x1536.png 1086w, https:\/\/www.iceireland.com\/wp-content\/uploads\/2026\/08\/ICE-Courses-Fees-2027.png 1414w\" sizes=\"(max-width: 768px) 100vw, 768px\" \/>\t\t\t\t\t\t\t\t<\/a>\n\t\t\t\t\t\t\t\t\t\t\t\t\t\t\t<\/div>\n\t\t\t\t<\/div>\n\t\t\t\t\t<\/div>\n\t\t<\/div>\n\t\t\t\t\t<\/div>\n\t\t<\/section>\n\t\t\t\t<div class=\"elementor-element elementor-element-21ecef35 elementor-align-center elementor-widget elementor-widget-global elementor-global-20828 elementor-widget-button\" data-id=\"21ecef35\" data-element_type=\"widget\" data-e-type=\"widget\" data-widget_type=\"button.default\">\n\t\t\t\t<div class=\"elementor-widget-container\">\n\t\t\t\t\t\t\t\t\t<div class=\"elementor-button-wrapper\">\n\t\t\t\t\t<a class=\"elementor-button elementor-button-link elementor-size-xl elementor-animation-grow\" href=\"https:\/\/www.bookingiceireland.com\/\" target=\"_blank\" id=\"enroll\">\n\t\t\t\t\t\t<span class=\"elementor-button-content-wrapper\">\n\t\t\t\t\t\t\t\t\t<span class=\"elementor-button-text\">Enroll Now<\/span>\n\t\t\t\t\t<\/span>\n\t\t\t\t\t<\/a>\n\t\t\t\t<\/div>\n\t\t\t\t\t\t\t\t<\/div>\n\t\t\t\t<\/div>\n\t\t\t\t\t<\/div>\n\t\t<\/div>\n\t\t\t\t\t<\/div>\n\t\t<\/section>\n\t\t\t\t<\/div>\n\t\t","protected":false},"excerpt":{"rendered":"<p>Abadia de GlenstalPrograma Residencial 2027 Limerick \u2013 Irlanda4 de julho \u2013 1\u00ba de agosto11 a 17 anosPrograma de Ingl\u00eas e Atividades Diversas A Abadia de Glenstal \u00e9 um dos internatos mais famosos da Irlanda. Os alunos que participarem do nosso Acampamento Internacional de Ver\u00e3o para Jovens em Glenstal v\u00e3o conhecer de perto a vida nesse [&hellip;]<\/p>\n","protected":false},"author":3,"featured_media":0,"parent":38041,"menu_order":0,"comment_status":"closed","ping_status":"closed","template":"","meta":{"content-type":"","footnotes":""},"class_list":["post-38140","page","type-page","status-publish","hentry"],"yoast_head":"<!-- This site is optimized with the Yoast SEO plugin v27.8 - https:\/\/yoast.com\/product\/yoast-seo-wordpress\/ -->\n<title>O principal acampamento residencial de ingl\u00eas para jovens na Irlanda \u2014 Inscri\u00e7\u00f5es abertas para julho de 2023<\/title>\n<meta name=\"description\" content=\"Escola de ingl\u00eas premiada que oferece um acampamento residencial na famosa Abadia de Glenstal, proporcionando um incr\u00edvel acampamento de ingl\u00eas e aventura nessa escola hist\u00f3rica.\" \/>\n<meta name=\"robots\" content=\"index, follow, max-snippet:-1, max-image-preview:large, max-video-preview:-1\" \/>\n<link rel=\"canonical\" href=\"https:\/\/www.iceireland.com\/pt-br\/acampamento-de-verao-de-ingles-na-irlanda\/acampamento-de-ingles-residencial-na-irlanda-a-informacao-da-irlanda\/\" \/>\n<meta property=\"og:locale\" content=\"pt_BR\" \/>\n<meta property=\"og:type\" content=\"article\" \/>\n<meta property=\"og:title\" content=\"O principal acampamento residencial de ingl\u00eas para jovens na Irlanda \u2014 Inscri\u00e7\u00f5es abertas para julho de 2023\" \/>\n<meta property=\"og:description\" content=\"Escola de ingl\u00eas premiada que oferece um acampamento residencial na famosa Abadia de Glenstal, proporcionando um incr\u00edvel acampamento de ingl\u00eas e aventura nessa escola hist\u00f3rica.\" \/>\n<meta property=\"og:url\" content=\"https:\/\/www.iceireland.com\/pt-br\/acampamento-de-verao-de-ingles-na-irlanda\/acampamento-de-ingles-residencial-na-irlanda-a-informacao-da-irlanda\/\" \/>\n<meta property=\"og:site_name\" content=\"Irish College of English\" \/>\n<meta property=\"article:modified_time\" content=\"2026-08-24T09:43:36+00:00\" \/>\n<meta property=\"og:image\" content=\"https:\/\/www.iceireland.com\/wp-content\/uploads\/2026\/08\/Glenstal-Programme-2027.png\" \/>\n\t<meta property=\"og:image:width\" content=\"1500\" \/>\n\t<meta property=\"og:image:height\" content=\"1000\" \/>\n\t<meta property=\"og:image:type\" content=\"image\/png\" \/>\n<meta name=\"twitter:label1\" content=\"Est. tempo de leitura\" \/>\n\t<meta name=\"twitter:data1\" content=\"13 minutos\" \/>\n<script type=\"application\/ld+json\" class=\"yoast-schema-graph\">{\"@context\":\"https:\\\/\\\/schema.org\",\"@graph\":[{\"@type\":\"WebPage\",\"@id\":\"https:\\\/\\\/www.iceireland.com\\\/pt-br\\\/acampamento-de-verao-de-ingles-na-irlanda\\\/acampamento-de-ingles-residencial-na-irlanda-a-informacao-da-irlanda\\\/\",\"url\":\"https:\\\/\\\/www.iceireland.com\\\/pt-br\\\/acampamento-de-verao-de-ingles-na-irlanda\\\/acampamento-de-ingles-residencial-na-irlanda-a-informacao-da-irlanda\\\/\",\"name\":\"O principal acampamento residencial de ingl\u00eas para jovens na Irlanda \u2014 Inscri\u00e7\u00f5es abertas para julho de 2023\",\"isPartOf\":{\"@id\":\"https:\\\/\\\/www.iceireland.com\\\/pt-br\\\/#website\"},\"primaryImageOfPage\":{\"@id\":\"https:\\\/\\\/www.iceireland.com\\\/pt-br\\\/acampamento-de-verao-de-ingles-na-irlanda\\\/acampamento-de-ingles-residencial-na-irlanda-a-informacao-da-irlanda\\\/#primaryimage\"},\"image\":{\"@id\":\"https:\\\/\\\/www.iceireland.com\\\/pt-br\\\/acampamento-de-verao-de-ingles-na-irlanda\\\/acampamento-de-ingles-residencial-na-irlanda-a-informacao-da-irlanda\\\/#primaryimage\"},\"thumbnailUrl\":\"https:\\\/\\\/www.iceireland.com\\\/wp-content\\\/uploads\\\/2026\\\/08\\\/Glenstal-Programme-2027.png\",\"datePublished\":\"2023-08-08T10:30:33+00:00\",\"dateModified\":\"2026-08-24T09:43:36+00:00\",\"description\":\"Escola de ingl\u00eas premiada que oferece um acampamento residencial na famosa Abadia de Glenstal, proporcionando um incr\u00edvel acampamento de ingl\u00eas e aventura nessa escola hist\u00f3rica.\",\"breadcrumb\":{\"@id\":\"https:\\\/\\\/www.iceireland.com\\\/pt-br\\\/acampamento-de-verao-de-ingles-na-irlanda\\\/acampamento-de-ingles-residencial-na-irlanda-a-informacao-da-irlanda\\\/#breadcrumb\"},\"inLanguage\":\"pt-BR\",\"potentialAction\":[{\"@type\":\"ReadAction\",\"target\":[\"https:\\\/\\\/www.iceireland.com\\\/pt-br\\\/acampamento-de-verao-de-ingles-na-irlanda\\\/acampamento-de-ingles-residencial-na-irlanda-a-informacao-da-irlanda\\\/\"]}]},{\"@type\":\"ImageObject\",\"inLanguage\":\"pt-BR\",\"@id\":\"https:\\\/\\\/www.iceireland.com\\\/pt-br\\\/acampamento-de-verao-de-ingles-na-irlanda\\\/acampamento-de-ingles-residencial-na-irlanda-a-informacao-da-irlanda\\\/#primaryimage\",\"url\":\"https:\\\/\\\/www.iceireland.com\\\/wp-content\\\/uploads\\\/2026\\\/08\\\/Glenstal-Programme-2027.png\",\"contentUrl\":\"https:\\\/\\\/www.iceireland.com\\\/wp-content\\\/uploads\\\/2026\\\/08\\\/Glenstal-Programme-2027.png\"},{\"@type\":\"BreadcrumbList\",\"@id\":\"https:\\\/\\\/www.iceireland.com\\\/pt-br\\\/acampamento-de-verao-de-ingles-na-irlanda\\\/acampamento-de-ingles-residencial-na-irlanda-a-informacao-da-irlanda\\\/#breadcrumb\",\"itemListElement\":[{\"@type\":\"ListItem\",\"position\":1,\"name\":\"Home\",\"item\":\"https:\\\/\\\/www.iceireland.com\\\/pt-br\\\/\"},{\"@type\":\"ListItem\",\"position\":2,\"name\":\"Acampamento Internacional de Ver\u00e3o de Ingl\u00eas para Jovens na Irlanda\",\"item\":\"https:\\\/\\\/www.iceireland.com\\\/pt-br\\\/acampamento-de-verao-de-ingles-na-irlanda\\\/\"},{\"@type\":\"ListItem\",\"position\":3,\"name\":\"Abadia de Glenstal\"}]},{\"@type\":\"WebSite\",\"@id\":\"https:\\\/\\\/www.iceireland.com\\\/pt-br\\\/#website\",\"url\":\"https:\\\/\\\/www.iceireland.com\\\/pt-br\\\/\",\"name\":\"Irish College of English\",\"description\":\"English School in Dublin, Malahide\",\"publisher\":{\"@id\":\"https:\\\/\\\/www.iceireland.com\\\/pt-br\\\/#organization\"},\"potentialAction\":[{\"@type\":\"SearchAction\",\"target\":{\"@type\":\"EntryPoint\",\"urlTemplate\":\"https:\\\/\\\/www.iceireland.com\\\/pt-br\\\/?s={search_term_string}\"},\"query-input\":{\"@type\":\"PropertyValueSpecification\",\"valueRequired\":true,\"valueName\":\"search_term_string\"}}],\"inLanguage\":\"pt-BR\"},{\"@type\":\"Organization\",\"@id\":\"https:\\\/\\\/www.iceireland.com\\\/pt-br\\\/#organization\",\"name\":\"Irish College of English\",\"url\":\"https:\\\/\\\/www.iceireland.com\\\/pt-br\\\/\",\"logo\":{\"@type\":\"ImageObject\",\"inLanguage\":\"pt-BR\",\"@id\":\"https:\\\/\\\/www.iceireland.com\\\/pt-br\\\/#\\\/schema\\\/logo\\\/image\\\/\",\"url\":\"https:\\\/\\\/www.iceireland.com\\\/wp-content\\\/uploads\\\/2022\\\/03\\\/logo.png\",\"contentUrl\":\"https:\\\/\\\/www.iceireland.com\\\/wp-content\\\/uploads\\\/2022\\\/03\\\/logo.png\",\"width\":593,\"height\":92,\"caption\":\"Irish College of English\"},\"image\":{\"@id\":\"https:\\\/\\\/www.iceireland.com\\\/pt-br\\\/#\\\/schema\\\/logo\\\/image\\\/\"}}]}<\/script>\n<!-- \/ Yoast SEO plugin. -->","yoast_head_json":{"title":"O principal acampamento residencial de ingl\u00eas para jovens na Irlanda \u2014 Inscri\u00e7\u00f5es abertas para julho de 2023","description":"Escola de ingl\u00eas premiada que oferece um acampamento residencial na famosa Abadia de Glenstal, proporcionando um incr\u00edvel acampamento de ingl\u00eas e aventura nessa escola hist\u00f3rica.","robots":{"index":"index","follow":"follow","max-snippet":"max-snippet:-1","max-image-preview":"max-image-preview:large","max-video-preview":"max-video-preview:-1"},"canonical":"https:\/\/www.iceireland.com\/pt-br\/acampamento-de-verao-de-ingles-na-irlanda\/acampamento-de-ingles-residencial-na-irlanda-a-informacao-da-irlanda\/","og_locale":"pt_BR","og_type":"article","og_title":"O principal acampamento residencial de ingl\u00eas para jovens na Irlanda \u2014 Inscri\u00e7\u00f5es abertas para julho de 2023","og_description":"Escola de ingl\u00eas premiada que oferece um acampamento residencial na famosa Abadia de Glenstal, proporcionando um incr\u00edvel acampamento de ingl\u00eas e aventura nessa escola hist\u00f3rica.","og_url":"https:\/\/www.iceireland.com\/pt-br\/acampamento-de-verao-de-ingles-na-irlanda\/acampamento-de-ingles-residencial-na-irlanda-a-informacao-da-irlanda\/","og_site_name":"Irish College of English","article_modified_time":"2026-08-24T09:43:36+00:00","og_image":[{"width":1500,"height":1000,"url":"https:\/\/www.iceireland.com\/wp-content\/uploads\/2026\/08\/Glenstal-Programme-2027.png","type":"image\/png"}],"twitter_misc":{"Est. tempo de leitura":"13 minutos"},"schema":{"@context":"https:\/\/schema.org","@graph":[{"@type":"WebPage","@id":"https:\/\/www.iceireland.com\/pt-br\/acampamento-de-verao-de-ingles-na-irlanda\/acampamento-de-ingles-residencial-na-irlanda-a-informacao-da-irlanda\/","url":"https:\/\/www.iceireland.com\/pt-br\/acampamento-de-verao-de-ingles-na-irlanda\/acampamento-de-ingles-residencial-na-irlanda-a-informacao-da-irlanda\/","name":"O principal acampamento residencial de ingl\u00eas para jovens na Irlanda \u2014 Inscri\u00e7\u00f5es abertas para julho de 2023","isPartOf":{"@id":"https:\/\/www.iceireland.com\/pt-br\/#website"},"primaryImageOfPage":{"@id":"https:\/\/www.iceireland.com\/pt-br\/acampamento-de-verao-de-ingles-na-irlanda\/acampamento-de-ingles-residencial-na-irlanda-a-informacao-da-irlanda\/#primaryimage"},"image":{"@id":"https:\/\/www.iceireland.com\/pt-br\/acampamento-de-verao-de-ingles-na-irlanda\/acampamento-de-ingles-residencial-na-irlanda-a-informacao-da-irlanda\/#primaryimage"},"thumbnailUrl":"https:\/\/www.iceireland.com\/wp-content\/uploads\/2026\/08\/Glenstal-Programme-2027.png","datePublished":"2023-08-08T10:30:33+00:00","dateModified":"2026-08-24T09:43:36+00:00","description":"Escola de ingl\u00eas premiada que oferece um acampamento residencial na famosa Abadia de Glenstal, proporcionando um incr\u00edvel acampamento de ingl\u00eas e aventura nessa escola hist\u00f3rica.","breadcrumb":{"@id":"https:\/\/www.iceireland.com\/pt-br\/acampamento-de-verao-de-ingles-na-irlanda\/acampamento-de-ingles-residencial-na-irlanda-a-informacao-da-irlanda\/#breadcrumb"},"inLanguage":"pt-BR","potentialAction":[{"@type":"ReadAction","target":["https:\/\/www.iceireland.com\/pt-br\/acampamento-de-verao-de-ingles-na-irlanda\/acampamento-de-ingles-residencial-na-irlanda-a-informacao-da-irlanda\/"]}]},{"@type":"ImageObject","inLanguage":"pt-BR","@id":"https:\/\/www.iceireland.com\/pt-br\/acampamento-de-verao-de-ingles-na-irlanda\/acampamento-de-ingles-residencial-na-irlanda-a-informacao-da-irlanda\/#primaryimage","url":"https:\/\/www.iceireland.com\/wp-content\/uploads\/2026\/08\/Glenstal-Programme-2027.png","contentUrl":"https:\/\/www.iceireland.com\/wp-content\/uploads\/2026\/08\/Glenstal-Programme-2027.png"},{"@type":"BreadcrumbList","@id":"https:\/\/www.iceireland.com\/pt-br\/acampamento-de-verao-de-ingles-na-irlanda\/acampamento-de-ingles-residencial-na-irlanda-a-informacao-da-irlanda\/#breadcrumb","itemListElement":[{"@type":"ListItem","position":1,"name":"Home","item":"https:\/\/www.iceireland.com\/pt-br\/"},{"@type":"ListItem","position":2,"name":"Acampamento Internacional de Ver\u00e3o de Ingl\u00eas para Jovens na Irlanda","item":"https:\/\/www.iceireland.com\/pt-br\/acampamento-de-verao-de-ingles-na-irlanda\/"},{"@type":"ListItem","position":3,"name":"Abadia de Glenstal"}]},{"@type":"WebSite","@id":"https:\/\/www.iceireland.com\/pt-br\/#website","url":"https:\/\/www.iceireland.com\/pt-br\/","name":"Irish College of English","description":"English School in Dublin, Malahide","publisher":{"@id":"https:\/\/www.iceireland.com\/pt-br\/#organization"},"potentialAction":[{"@type":"SearchAction","target":{"@type":"EntryPoint","urlTemplate":"https:\/\/www.iceireland.com\/pt-br\/?s={search_term_string}"},"query-input":{"@type":"PropertyValueSpecification","valueRequired":true,"valueName":"search_term_string"}}],"inLanguage":"pt-BR"},{"@type":"Organization","@id":"https:\/\/www.iceireland.com\/pt-br\/#organization","name":"Irish College of English","url":"https:\/\/www.iceireland.com\/pt-br\/","logo":{"@type":"ImageObject","inLanguage":"pt-BR","@id":"https:\/\/www.iceireland.com\/pt-br\/#\/schema\/logo\/image\/","url":"https:\/\/www.iceireland.com\/wp-content\/uploads\/2022\/03\/logo.png","contentUrl":"https:\/\/www.iceireland.com\/wp-content\/uploads\/2022\/03\/logo.png","width":593,"height":92,"caption":"Irish College of English"},"image":{"@id":"https:\/\/www.iceireland.com\/pt-br\/#\/schema\/logo\/image\/"}}]}},"_links":{"self":[{"href":"https:\/\/www.iceireland.com\/pt-br\/wp-json\/wp\/v2\/pages\/38140","targetHints":{"allow":["GET"]}}],"collection":[{"href":"https:\/\/www.iceireland.com\/pt-br\/wp-json\/wp\/v2\/pages"}],"about":[{"href":"https:\/\/www.iceireland.com\/pt-br\/wp-json\/wp\/v2\/types\/page"}],"author":[{"embeddable":true,"href":"https:\/\/www.iceireland.com\/pt-br\/wp-json\/wp\/v2\/users\/3"}],"replies":[{"embeddable":true,"href":"https:\/\/www.iceireland.com\/pt-br\/wp-json\/wp\/v2\/comments?post=38140"}],"version-history":[{"count":2,"href":"https:\/\/www.iceireland.com\/pt-br\/wp-json\/wp\/v2\/pages\/38140\/revisions"}],"predecessor-version":[{"id":38182,"href":"https:\/\/www.iceireland.com\/pt-br\/wp-json\/wp\/v2\/pages\/38140\/revisions\/38182"}],"up":[{"embeddable":true,"href":"https:\/\/www.iceireland.com\/pt-br\/wp-json\/wp\/v2\/pages\/38041"}],"wp:attachment":[{"href":"https:\/\/www.iceireland.com\/pt-br\/wp-json\/wp\/v2\/media?parent=38140"}],"curies":[{"name":"wp","href":"https:\/\/api.w.org\/{rel}","templated":true}]}}