{"id":32044,"date":"2014-10-20T13:40:15","date_gmt":"2014-10-20T13:40:15","guid":{"rendered":"https:\/\/www.iceireland.com\/cultural-and-social-programmes\/"},"modified":"2026-01-30T16:31:35","modified_gmt":"2026-01-30T16:31:35","slug":"cultural-and-social-programmes","status":"publish","type":"page","link":"https:\/\/www.iceireland.com\/tr\/useful-info\/cultural-and-social-programmes\/","title":{"rendered":"Yeti\u015fkin Aktiviteleri &amp; Etkinlikler, K\u00fclt\u00fcrel ve Sosyal Programlar"},"content":{"rendered":"<h3>K\u00fclt\u00fcrel ve Sosyal Programlar<\/h3>\n<p>Irish College of English&#8217;te \u00f6\u011frencilerin aktif bir sosyal hayata sahip olmalar\u0131n\u0131, her milletten \u00f6\u011frencilerle ve \u0130rlandal\u0131larla kayna\u015fmalar\u0131n\u0131 ve ayr\u0131ca \u0130rlanda&#8217;n\u0131n \u00fcnl\u00fc k\u00fclt\u00fcrel, tarihi ve do\u011fal g\u00fczelliklerini g\u00f6rme f\u0131rsat\u0131na sahip olmalar\u0131n\u0131 te\u015fvik ediyoruz.<\/p>\n<p>Okulda \u00fccretsiz konu\u015fma dersleri, haftada bir g\u00fcn \u015fehir turlar\u0131, d\u0131\u015far\u0131da bar geceleri veya okul i\u00e7i partiler d\u00fczenliyoruz.<\/p>\n<p>\u00d6\u011frencilerin kat\u0131labilece\u011fi d\u00fczenli turlar\u0131m\u0131z\/gezilerimiz \u00fccretsizdir veya \u00f6\u011frenciler sadece giri\u015f \u00fccreti \u00f6derler. Bunlar aras\u0131nda Dublin \u015eehir Merkezi oryantasyonu, Trinity College, Guinness Storehouse gibi turistik yerlere ziyaretler, Dublin d\u0131\u015f\u0131nda Cumartesi otob\u00fcs gezileri vb. yer almaktad\u0131r. <\/p>\n<p>Ayr\u0131ca \u00fclke \u00e7ap\u0131nda ger\u00e7ekle\u015fen ilgin\u00e7 etkinlikleri, hafta sonu seyahatleri i\u00e7in fikirleri vb. listeleyen bir duyuru panomuz da var.<\/p>\n<p>Personelimiz, \u00f6\u011frencilerin turlar vb. d\u00fczenlemelerine yard\u0131mc\u0131 olmaktan her zaman mutluluk duymaktad\u0131r. Daha g\u00fcncel Sosyal Haberler ve Etkinlikler i\u00e7in bizi Sosyal Medyada takip edin. <\/p>\n<h3>Yeti\u015fkin Sosyal Program\u0131<\/h3>\n<p>Irish College of English&#8217;te \u00f6\u011frenciler canl\u0131 bir sosyal hayat\u0131n tad\u0131n\u0131 \u00e7\u0131kar\u0131r. Okula iki dakikal\u0131k y\u00fcr\u00fcme mesafesinde \u00fc\u00e7 pub ile bu zor de\u011fil! Dublin \u015eehir Merkezi trenle sadece 20 dakika uzakl\u0131ktad\u0131r, bu nedenle b\u00fcy\u00fck \u015fehirde b\u00fcy\u00fck gecelerin tad\u0131n\u0131 \u00e7\u0131karmak kolayd\u0131r.  <\/p>\n<p>Okulda samimi bir atmosfer vard\u0131r ve yeni arkada\u015flar edinmek her zaman kolayd\u0131r. Organize bir sosyal program\u0131m\u0131z olmasa da, okulun etkinlikler ve fikirler i\u00e7eren bir seyahat ve sosyal duyuru panosu vard\u0131r. <\/p>\n<p>Yaz aylar\u0131 boyunca yeti\u015fkin \u00f6\u011frencilere haftal\u0131k Cumartesi gezileri sunuyoruz. Geziler aras\u0131nda Kilkenny, Glendalough ve Belfast yer almaktad\u0131r. <\/p>\n","protected":false},"excerpt":{"rendered":"<p>K\u00fclt\u00fcrel ve Sosyal Programlar Irish College of English&#8217;te \u00f6\u011frencilerin aktif bir sosyal hayata sahip olmalar\u0131n\u0131, her milletten \u00f6\u011frencilerle ve \u0130rlandal\u0131larla kayna\u015fmalar\u0131n\u0131 ve ayr\u0131ca \u0130rlanda&#8217;n\u0131n \u00fcnl\u00fc k\u00fclt\u00fcrel, tarihi ve do\u011fal g\u00fczelliklerini g\u00f6rme f\u0131rsat\u0131na sahip olmalar\u0131n\u0131 te\u015fvik ediyoruz. Okulda \u00fccretsiz konu\u015fma dersleri, haftada bir g\u00fcn \u015fehir turlar\u0131, d\u0131\u015far\u0131da bar geceleri veya okul i\u00e7i partiler d\u00fczenliyoruz. \u00d6\u011frencilerin kat\u0131labilece\u011fi [&hellip;]<\/p>\n","protected":false},"author":1,"featured_media":0,"parent":32237,"menu_order":0,"comment_status":"open","ping_status":"open","template":"","meta":{"content-type":"","footnotes":""},"class_list":["post-32044","page","type-page","status-publish","hentry"],"yoast_head":"<!-- This site is optimized with the Yoast SEO plugin v27.3 - https:\/\/yoast.com\/product\/yoast-seo-wordpress\/ -->\n<title>Yeti\u015fkin Aktiviteleri &amp; Etkinlikler, K\u00fclt\u00fcrel ve Sosyal Programlar - Irish College of English<\/title>\n<meta name=\"description\" content=\"Irish College of English&#039;te \u00f6\u011frencilerin aktif bir sosyal hayata sahip olmalar\u0131n\u0131, t\u00fcm milletlerden \u00f6\u011frencilerle ve \u0130rlandal\u0131larla kayna\u015fmalar\u0131n\u0131 ve ayr\u0131ca \u0130rlanda&#039;n\u0131n baz\u0131 b\u00f6lgelerini g\u00f6rme f\u0131rsat\u0131 bulmalar\u0131n\u0131 te\u015fvik ediyoruz.\" \/>\n<meta name=\"robots\" content=\"index, follow, max-snippet:-1, max-image-preview:large, max-video-preview:-1\" \/>\n<link rel=\"canonical\" href=\"https:\/\/www.iceireland.com\/tr\/useful-info\/cultural-and-social-programmes\/\" \/>\n<meta property=\"og:locale\" content=\"tr_TR\" \/>\n<meta property=\"og:type\" content=\"article\" \/>\n<meta property=\"og:title\" content=\"Yeti\u015fkin Aktiviteleri &amp; Etkinlikler, K\u00fclt\u00fcrel ve Sosyal Programlar - Irish College of English\" \/>\n<meta property=\"og:description\" content=\"Irish College of English&#039;te \u00f6\u011frencilerin aktif bir sosyal hayata sahip olmalar\u0131n\u0131, t\u00fcm milletlerden \u00f6\u011frencilerle ve \u0130rlandal\u0131larla kayna\u015fmalar\u0131n\u0131 ve ayr\u0131ca \u0130rlanda&#039;n\u0131n baz\u0131 b\u00f6lgelerini g\u00f6rme f\u0131rsat\u0131 bulmalar\u0131n\u0131 te\u015fvik ediyoruz.\" \/>\n<meta property=\"og:url\" content=\"https:\/\/www.iceireland.com\/tr\/useful-info\/cultural-and-social-programmes\/\" \/>\n<meta property=\"og:site_name\" content=\"Irish College of English\" \/>\n<meta property=\"article:modified_time\" content=\"2026-01-30T16:31:35+00:00\" \/>\n<meta name=\"twitter:label1\" content=\"Tahmini okuma s\u00fcresi\" \/>\n\t<meta name=\"twitter:data1\" content=\"1 dakika\" \/>\n<script type=\"application\/ld+json\" class=\"yoast-schema-graph\">{\"@context\":\"https:\\\/\\\/schema.org\",\"@graph\":[{\"@type\":\"WebPage\",\"@id\":\"https:\\\/\\\/www.iceireland.com\\\/tr\\\/useful-info\\\/cultural-and-social-programmes\\\/\",\"url\":\"https:\\\/\\\/www.iceireland.com\\\/tr\\\/useful-info\\\/cultural-and-social-programmes\\\/\",\"name\":\"Yeti\u015fkin Aktiviteleri &amp; Etkinlikler, K\u00fclt\u00fcrel ve Sosyal Programlar - Irish College of English\",\"isPartOf\":{\"@id\":\"https:\\\/\\\/www.iceireland.com\\\/tr\\\/#website\"},\"datePublished\":\"2014-10-20T13:40:15+00:00\",\"dateModified\":\"2026-01-30T16:31:35+00:00\",\"description\":\"Irish College of English'te \u00f6\u011frencilerin aktif bir sosyal hayata sahip olmalar\u0131n\u0131, t\u00fcm milletlerden \u00f6\u011frencilerle ve \u0130rlandal\u0131larla kayna\u015fmalar\u0131n\u0131 ve ayr\u0131ca \u0130rlanda'n\u0131n baz\u0131 b\u00f6lgelerini g\u00f6rme f\u0131rsat\u0131 bulmalar\u0131n\u0131 te\u015fvik ediyoruz.\",\"breadcrumb\":{\"@id\":\"https:\\\/\\\/www.iceireland.com\\\/tr\\\/useful-info\\\/cultural-and-social-programmes\\\/#breadcrumb\"},\"inLanguage\":\"tr\",\"potentialAction\":[{\"@type\":\"ReadAction\",\"target\":[\"https:\\\/\\\/www.iceireland.com\\\/tr\\\/useful-info\\\/cultural-and-social-programmes\\\/\"]}]},{\"@type\":\"BreadcrumbList\",\"@id\":\"https:\\\/\\\/www.iceireland.com\\\/tr\\\/useful-info\\\/cultural-and-social-programmes\\\/#breadcrumb\",\"itemListElement\":[{\"@type\":\"ListItem\",\"position\":1,\"name\":\"Home\",\"item\":\"https:\\\/\\\/www.iceireland.com\\\/tr\\\/\"},{\"@type\":\"ListItem\",\"position\":2,\"name\":\"Faydal\u0131 Bilgiler\",\"item\":\"https:\\\/\\\/www.iceireland.com\\\/tr\\\/useful-info\\\/\"},{\"@type\":\"ListItem\",\"position\":3,\"name\":\"Yeti\u015fkin Aktiviteleri &amp; Etkinlikler, K\u00fclt\u00fcrel ve Sosyal Programlar\"}]},{\"@type\":\"WebSite\",\"@id\":\"https:\\\/\\\/www.iceireland.com\\\/tr\\\/#website\",\"url\":\"https:\\\/\\\/www.iceireland.com\\\/tr\\\/\",\"name\":\"Irish College of English\",\"description\":\"English School in Dublin, Malahide\",\"publisher\":{\"@id\":\"https:\\\/\\\/www.iceireland.com\\\/tr\\\/#organization\"},\"potentialAction\":[{\"@type\":\"SearchAction\",\"target\":{\"@type\":\"EntryPoint\",\"urlTemplate\":\"https:\\\/\\\/www.iceireland.com\\\/tr\\\/?s={search_term_string}\"},\"query-input\":{\"@type\":\"PropertyValueSpecification\",\"valueRequired\":true,\"valueName\":\"search_term_string\"}}],\"inLanguage\":\"tr\"},{\"@type\":\"Organization\",\"@id\":\"https:\\\/\\\/www.iceireland.com\\\/tr\\\/#organization\",\"name\":\"Irish College of English\",\"url\":\"https:\\\/\\\/www.iceireland.com\\\/tr\\\/\",\"logo\":{\"@type\":\"ImageObject\",\"inLanguage\":\"tr\",\"@id\":\"https:\\\/\\\/www.iceireland.com\\\/tr\\\/#\\\/schema\\\/logo\\\/image\\\/\",\"url\":\"https:\\\/\\\/www.iceireland.com\\\/wp-content\\\/uploads\\\/2022\\\/03\\\/logo.png\",\"contentUrl\":\"https:\\\/\\\/www.iceireland.com\\\/wp-content\\\/uploads\\\/2022\\\/03\\\/logo.png\",\"width\":593,\"height\":92,\"caption\":\"Irish College of English\"},\"image\":{\"@id\":\"https:\\\/\\\/www.iceireland.com\\\/tr\\\/#\\\/schema\\\/logo\\\/image\\\/\"}}]}<\/script>\n<!-- \/ Yoast SEO plugin. -->","yoast_head_json":{"title":"Yeti\u015fkin Aktiviteleri &amp; Etkinlikler, K\u00fclt\u00fcrel ve Sosyal Programlar - Irish College of English","description":"Irish College of English'te \u00f6\u011frencilerin aktif bir sosyal hayata sahip olmalar\u0131n\u0131, t\u00fcm milletlerden \u00f6\u011frencilerle ve \u0130rlandal\u0131larla kayna\u015fmalar\u0131n\u0131 ve ayr\u0131ca \u0130rlanda'n\u0131n baz\u0131 b\u00f6lgelerini g\u00f6rme f\u0131rsat\u0131 bulmalar\u0131n\u0131 te\u015fvik ediyoruz.","robots":{"index":"index","follow":"follow","max-snippet":"max-snippet:-1","max-image-preview":"max-image-preview:large","max-video-preview":"max-video-preview:-1"},"canonical":"https:\/\/www.iceireland.com\/tr\/useful-info\/cultural-and-social-programmes\/","og_locale":"tr_TR","og_type":"article","og_title":"Yeti\u015fkin Aktiviteleri &amp; Etkinlikler, K\u00fclt\u00fcrel ve Sosyal Programlar - Irish College of English","og_description":"Irish College of English'te \u00f6\u011frencilerin aktif bir sosyal hayata sahip olmalar\u0131n\u0131, t\u00fcm milletlerden \u00f6\u011frencilerle ve \u0130rlandal\u0131larla kayna\u015fmalar\u0131n\u0131 ve ayr\u0131ca \u0130rlanda'n\u0131n baz\u0131 b\u00f6lgelerini g\u00f6rme f\u0131rsat\u0131 bulmalar\u0131n\u0131 te\u015fvik ediyoruz.","og_url":"https:\/\/www.iceireland.com\/tr\/useful-info\/cultural-and-social-programmes\/","og_site_name":"Irish College of English","article_modified_time":"2026-01-30T16:31:35+00:00","twitter_misc":{"Tahmini okuma s\u00fcresi":"1 dakika"},"schema":{"@context":"https:\/\/schema.org","@graph":[{"@type":"WebPage","@id":"https:\/\/www.iceireland.com\/tr\/useful-info\/cultural-and-social-programmes\/","url":"https:\/\/www.iceireland.com\/tr\/useful-info\/cultural-and-social-programmes\/","name":"Yeti\u015fkin Aktiviteleri &amp; Etkinlikler, K\u00fclt\u00fcrel ve Sosyal Programlar - Irish College of English","isPartOf":{"@id":"https:\/\/www.iceireland.com\/tr\/#website"},"datePublished":"2014-10-20T13:40:15+00:00","dateModified":"2026-01-30T16:31:35+00:00","description":"Irish College of English'te \u00f6\u011frencilerin aktif bir sosyal hayata sahip olmalar\u0131n\u0131, t\u00fcm milletlerden \u00f6\u011frencilerle ve \u0130rlandal\u0131larla kayna\u015fmalar\u0131n\u0131 ve ayr\u0131ca \u0130rlanda'n\u0131n baz\u0131 b\u00f6lgelerini g\u00f6rme f\u0131rsat\u0131 bulmalar\u0131n\u0131 te\u015fvik ediyoruz.","breadcrumb":{"@id":"https:\/\/www.iceireland.com\/tr\/useful-info\/cultural-and-social-programmes\/#breadcrumb"},"inLanguage":"tr","potentialAction":[{"@type":"ReadAction","target":["https:\/\/www.iceireland.com\/tr\/useful-info\/cultural-and-social-programmes\/"]}]},{"@type":"BreadcrumbList","@id":"https:\/\/www.iceireland.com\/tr\/useful-info\/cultural-and-social-programmes\/#breadcrumb","itemListElement":[{"@type":"ListItem","position":1,"name":"Home","item":"https:\/\/www.iceireland.com\/tr\/"},{"@type":"ListItem","position":2,"name":"Faydal\u0131 Bilgiler","item":"https:\/\/www.iceireland.com\/tr\/useful-info\/"},{"@type":"ListItem","position":3,"name":"Yeti\u015fkin Aktiviteleri &amp; Etkinlikler, K\u00fclt\u00fcrel ve Sosyal Programlar"}]},{"@type":"WebSite","@id":"https:\/\/www.iceireland.com\/tr\/#website","url":"https:\/\/www.iceireland.com\/tr\/","name":"Irish College of English","description":"English School in Dublin, Malahide","publisher":{"@id":"https:\/\/www.iceireland.com\/tr\/#organization"},"potentialAction":[{"@type":"SearchAction","target":{"@type":"EntryPoint","urlTemplate":"https:\/\/www.iceireland.com\/tr\/?s={search_term_string}"},"query-input":{"@type":"PropertyValueSpecification","valueRequired":true,"valueName":"search_term_string"}}],"inLanguage":"tr"},{"@type":"Organization","@id":"https:\/\/www.iceireland.com\/tr\/#organization","name":"Irish College of English","url":"https:\/\/www.iceireland.com\/tr\/","logo":{"@type":"ImageObject","inLanguage":"tr","@id":"https:\/\/www.iceireland.com\/tr\/#\/schema\/logo\/image\/","url":"https:\/\/www.iceireland.com\/wp-content\/uploads\/2022\/03\/logo.png","contentUrl":"https:\/\/www.iceireland.com\/wp-content\/uploads\/2022\/03\/logo.png","width":593,"height":92,"caption":"Irish College of English"},"image":{"@id":"https:\/\/www.iceireland.com\/tr\/#\/schema\/logo\/image\/"}}]}},"_links":{"self":[{"href":"https:\/\/www.iceireland.com\/tr\/wp-json\/wp\/v2\/pages\/32044","targetHints":{"allow":["GET"]}}],"collection":[{"href":"https:\/\/www.iceireland.com\/tr\/wp-json\/wp\/v2\/pages"}],"about":[{"href":"https:\/\/www.iceireland.com\/tr\/wp-json\/wp\/v2\/types\/page"}],"author":[{"embeddable":true,"href":"https:\/\/www.iceireland.com\/tr\/wp-json\/wp\/v2\/users\/1"}],"replies":[{"embeddable":true,"href":"https:\/\/www.iceireland.com\/tr\/wp-json\/wp\/v2\/comments?post=32044"}],"version-history":[{"count":1,"href":"https:\/\/www.iceireland.com\/tr\/wp-json\/wp\/v2\/pages\/32044\/revisions"}],"predecessor-version":[{"id":32045,"href":"https:\/\/www.iceireland.com\/tr\/wp-json\/wp\/v2\/pages\/32044\/revisions\/32045"}],"up":[{"embeddable":true,"href":"https:\/\/www.iceireland.com\/tr\/wp-json\/wp\/v2\/pages\/32237"}],"wp:attachment":[{"href":"https:\/\/www.iceireland.com\/tr\/wp-json\/wp\/v2\/media?parent=32044"}],"curies":[{"name":"wp","href":"https:\/\/api.w.org\/{rel}","templated":true}]}}