{"id":32184,"date":"2014-10-20T13:28:21","date_gmt":"2014-10-20T13:28:21","guid":{"rendered":"https:\/\/www.iceireland.com\/student-visa-for-study-in-ireland\/"},"modified":"2026-01-30T16:31:34","modified_gmt":"2026-01-30T16:31:34","slug":"student-visa-for-study-in-ireland","status":"publish","type":"page","link":"https:\/\/www.iceireland.com\/tr\/useful-info\/student-visa-for-study-in-ireland\/","title":{"rendered":"\u0130rlanda&#8217;da E\u011fitim i\u00e7in \u00d6\u011frenci Vizesi"},"content":{"rendered":"<p>Akademik Y\u0131l Program\u0131m\u0131z (25 haftal\u0131k e\u011fitim) \u0130rlanda&#8217;da \u00f6\u011frenci e\u011fitim vizesine ihtiya\u00e7 duyan \u00f6\u011frenciler i\u00e7in uygundur ve bu kurs i\u00e7in vize konusunda yard\u0131m sunuyoruz. Bu programa kaydolduktan sonra size e\u011fitim vizesi ba\u015fvurusu i\u00e7in kullanabilece\u011finiz bir kabul mektubu verece\u011fiz. <a href=\"https:\/\/www.iceireland.com\/?page_id=2109\">Yeti\u015fkinlere Y\u00f6nelik Tam Zamanl\u0131 \u0130ngilizce Kurslar\u0131<\/a> hakk\u0131nda daha fazla bilgi edinmek i\u00e7in l\u00fctfen ba\u011flant\u0131ya t\u0131klay\u0131n.  <\/p>\n<p>AB\/AEA <strong>\u00d6\u011frencileri:<\/strong><br \/>\nAB\/AEA&#8217;dan gelen \u00f6\u011frencilerin \u0130rlanda&#8217;da \u0130ngilizce e\u011fitimi almak i\u00e7in \u00f6\u011frenci vizesine ihtiya\u00e7 duymad\u0131klar\u0131n\u0131 l\u00fctfen unutmay\u0131n.<\/p>\n<p>\u0130rlanda <strong>Vize Ba\u015fvurusu i\u00e7in Gerekli Belgeler:<\/strong><br \/>\n\u0130rlanda&#8217;da e\u011fitim g\u00f6rmek i\u00e7in vizeye ihtiyac\u0131n\u0131z varsa, vize ba\u015fvurunuzla birlikte size en yak\u0131n \u0130rlanda b\u00fcy\u00fckel\u00e7ili\u011fine veya konsoloslu\u011funa sunman\u0131z gereken belgelerin bir listesini burada bulabilirsiniz:<\/p>\n<ul>\n<li>The Irish College of English&#8217;ten (E\u011fitim Bakanl\u0131\u011f\u0131 taraf\u0131ndan tan\u0131nan) bir akademik y\u0131l s\u00fcrecek tam zamanl\u0131 bir e\u011fitim kursuna kabul edildi\u011finizi teyit eden bir kabul mektubu. Uygun programlar, E\u011fitim ve Bilim Bakanl\u0131\u011f\u0131&#8217;n\u0131n AB\/AEA ve \u0130svi\u00e7re d\u0131\u015f\u0131ndan gelen \u00f6\u011frencilerin istihdama eri\u015fimi amac\u0131yla E\u011fitim ve Bilim Bakan\u0131 taraf\u0131ndan onaylanan programlar\u0131n Uluslararas\u0131la\u015ft\u0131rma kayd\u0131nda yer almaktad\u0131r <\/li>\n<li>Kurs \u00fccretlerinin tamam\u0131n\u0131n \u00f6dendi\u011fine dair kan\u0131t. (E\u011fitim vizenizin reddedilmesi halinde, idari \u00fccretler i\u00e7in al\u0131koydu\u011fumuz 200 \u20ac hari\u00e7, \u00fccretlerinizin tamam\u0131n\u0131 iade edece\u011fiz) <\/li>\n<li>\u0130rlanda&#8217;da kald\u0131\u011f\u0131n\u0131z s\u00fcrenin en az\u0131ndan ilk k\u0131sm\u0131nda ge\u00e7iminizi sa\u011flamak i\u00e7in yeterli paraya sahip oldu\u011funuza dair kan\u0131t.<\/li>\n<li>E\u011fitim niteliklerinizin kopyalar\u0131.<\/li>\n<li>Sa\u011fl\u0131k Sigortan\u0131z oldu\u011funa dair kan\u0131t.<\/li>\n<\/ul>\n<p>&nbsp;<\/p>\n<h3><strong>Ek Bilgi<\/strong><\/h3>\n<h3>\u0130rlanda&#8217;da \u00c7al\u0131\u015fma ve E\u011fitim:<\/h3>\n<p>\u0130rlanda&#8217;da vize \u00f6\u011frencisi olarak, Garda Ulusal G\u00f6\u00e7menlik B\u00fcrosu&#8217;na (GNIB &#8211; \u0130rlanda Polisi) tam zamanl\u0131 bir \u00f6\u011frenci olarak kaydolman\u0131z gerekir ve daha sonra kendinizi desteklemek i\u00e7in \u0130rlanda&#8217;da yar\u0131 zamanl\u0131 (haftada en fazla 20 saate kadar ve tatil d\u00f6nemlerinde tam zamanl\u0131) \u00e7al\u0131\u015fman\u0131za da izin verilir. Irish College of English&#8217;te bu s\u00fcre\u00e7te size yard\u0131mc\u0131 olacak ve rehberlik edece\u011fiz. <\/p>\n<p>Daha fazla bilgi i\u00e7in bak\u0131n\u0131z: <a href=\"www.justice.ie\" target=\"_blank\" rel=\"noopener noreferrer\">http:\/\/www.justice.ie<\/a><\/p>\n<p style=\"text-align: justify;\">AEA \u00fcyesi olmayan \u00f6\u011frenciler i\u00e7in Akademik Y\u0131l Program\u0131, 8 ayl\u0131k bir e\u011fitim d\u00f6nemi i\u00e7erisinde Pazartesi&#8217;den Cuma&#8217;ya sabah 9.00 &#8211; \u00f6\u011fleden sonra 12.15 saatleri aras\u0131nda haftada 15 saat olmak \u00fczere 25 haftal\u0131k bir e\u011fitim kursudur. Kurs, <strong>S\u00f6zl\u00fc ve Yaz\u0131l\u0131 \u0130ngilizce&#8217;de \u0130leti\u015fim i\u00e7in H\u0131zl\u0131 \u00d6\u011frenmeye<\/strong> odaklanmaktad\u0131r. Y\u00fcksek nitelikli \u0130ngilizce \u00f6\u011fretmenlerimiz, \u00f6\u011frencilere net \u00f6\u011frenme hedefleri belirler ve \u0130ngilizce telaffuz, dilbilgisi ve kelime da\u011farc\u0131\u011f\u0131n\u0131 geli\u015ftirmek i\u00e7in konu\u015fma, yazma, dinleme ve okuma alanlar\u0131nda dil prati\u011fi sa\u011flamak i\u00e7in en son modern \u00f6\u011fretim tekniklerini kullan\u0131r. \u00d6\u011frenciler TIE s\u0131nav\u0131na haz\u0131rlanacak ve kursun sonunda s\u0131nava gireceklerdir.   <\/p>\n<ul>\n<li style=\"text-align: justify;\">TIE ile Genel \u0130ngilizce, kurs kodu: GET1. CEFR giri\u015f seviyesi A2, CEFR \u00e7\u0131k\u0131\u015f seviyesi B1. <\/li>\n<li style=\"text-align: justify;\">TIE ile Genel \u0130ngilizce, kurs kodu: GET2. CEFR giri\u015f seviyesi B1, CEFR \u00e7\u0131k\u0131\u015f seviyesi B2 <\/li>\n<li style=\"text-align: justify;\">TIE ile Genel \u0130ngilizce, kurs kodu: GET3. CEFR giri\u015f seviyesi B2, CEFR \u00e7\u0131k\u0131\u015f seviyesi C1 <\/li>\n<\/ul>\n<p>&nbsp;<\/p>\n<p style=\"text-align: justify;\"><strong><em>\u0130rlanda&#8217;da \u00c7al\u0131\u015fmak<\/em><\/strong><\/p>\n<p style=\"text-align: justify;\">AEA\/AB \u00fcyesi olmayan \u00f6\u011frenciler, kald\u0131klar\u0131 s\u00fcre boyunca haftada 20 saat \u00e7al\u0131\u015fma hakk\u0131na sahiptir. \u00d6\u011frencilere, derslerden arta kalan zamanlarda tatilde olmalar\u0131 ko\u015fuluyla haftada 40 saat \u00e7al\u0131\u015fma izni verilir: <\/p>\n<p style=\"text-align: justify;\">15<sup><span style=\"font-size: small;\">inci<\/span><\/sup> Aral\u0131k &#8211; 15<sup><span style=\"font-size: small;\">inci<\/span><\/sup> Ocak<\/p>\n<p style=\"text-align: justify;\">May\u0131s &#8211; A\u011fustos dahil<\/p>\n<p>&nbsp;<\/p>\n<p style=\"text-align: justify;\"><strong><em>Tatiller  <\/em><\/strong><\/p>\n<p style=\"text-align: justify;\">AEA\/AB \u00fcyesi olmayan \u00f6\u011frencilere, 8 ayl\u0131k bir e\u011fitim d\u00f6nemi i\u00e7inde, haftada 15 saat, 09.00 &#8211; 12.15 saatleri aras\u0131nda, Pazartesi&#8217;den Cuma&#8217;ya tamamlanan en az 25 haftal\u0131k bir kurs i\u00e7in rezervasyon yapt\u0131rm\u0131\u015f olmalar\u0131 ko\u015fuluyla 8 haftal\u0131k bir tatil s\u00fcresi tan\u0131nmaktad\u0131r.<\/p>\n<p style=\"text-align: justify;\">\u00d6\u011frenciler herhangi bir tatile \u00e7\u0131kmadan \u00f6nce en az 8 hafta e\u011fitim alm\u0131\u015f olmal\u0131d\u0131r.<\/p>\n<p style=\"text-align: justify;\">\u00c7al\u0131\u015f\u0131lan her 3 hafta i\u00e7in \u00f6\u011frenciler 1 hafta tatil yapabilirler.<\/p>\n<p style=\"text-align: justify;\">Aral\u0131k ay\u0131nda okullar\u0131n kapal\u0131 oldu\u011fu d\u00f6nem boyunca devam eden bir kursa kat\u0131lan \u00f6\u011frencilere otomatik olarak 4 haftal\u0131k bir tatil s\u00fcresi verilecektir.<\/p>\n<p>&nbsp;<\/p>\n<p style=\"text-align: justify;\"><strong><em>Kat\u0131l\u0131m D\u00fczeyleri<\/em><\/strong><\/p>\n<p style=\"text-align: justify;\">Vize \u015fartlar\u0131n\u0131n bir par\u00e7as\u0131 olarak \u00f6\u011frenciler en az %85 devaml\u0131l\u0131k oran\u0131na sahip olmak zorundad\u0131r.<\/p>\n<p style=\"text-align: justify;\">Yoklama g\u00fcnl\u00fck olarak kaydedilecek ve \u00f6\u011frencilerin her g\u00fcn okula giri\u015f ve \u00e7\u0131k\u0131\u015f yapmalar\u0131 gerekecektir. \u00d6\u011frenciler derse 15 dakikadan fazla ge\u00e7 kal\u0131rlarsa veya dersten 15 dakikadan fazla erken \u00e7\u0131karlarsa o g\u00fcn i\u00e7in yoklamalar\u0131 say\u0131lmayacakt\u0131r. \u00d6\u011frenciler her g\u00fcn Ian McElhinney ile birlikte okula giri\u015f ve \u00e7\u0131k\u0131\u015f yapacaklard\u0131r. S\u0131n\u0131f \u00f6\u011fretmeni de \u00e7apraz referans i\u00e7in ba\u011f\u0131ms\u0131z bir yoklama kayd\u0131 tutacakt\u0131r.   <\/p>\n<p style=\"text-align: justify;\">Devam kay\u0131tlar\u0131, E\u011fitim Direkt\u00f6r\u00fc Jane O&#8217;Hagan&#8217;\u0131n g\u00f6zetiminde Ian McElhinney taraf\u0131ndan haftal\u0131k olarak mutabakat alt\u0131na al\u0131nacakt\u0131r. Devam oran\u0131 %85&#8217;in alt\u0131nda olan \u00f6\u011frencilere bir uyar\u0131 mektubu verilecektir. <\/p>\n<p style=\"text-align: justify;\"><strong><em> <\/em><\/strong><\/p>\n<p style=\"text-align: justify;\"><strong><em>Hastal\u0131k \u0130zni<\/em><\/strong><\/p>\n<p style=\"text-align: justify;\">\u00d6\u011frenciler, derslere kat\u0131lamayacak kadar rahats\u0131zlarsa, hastal\u0131klar\u0131n\u0131n ilk g\u00fcn\u00fcnde okulu e-posta<a href=\"mailto:info@iceireland.com\">(info@iceireland.com)<\/a> yoluyla bilgilendirmelidir. Hastal\u0131k nedeniyle art arda 2 g\u00fcnden fazla devams\u0131zl\u0131k yapan \u00f6\u011frenciler, okula devams\u0131zl\u0131klar\u0131n\u0131 hakl\u0131 g\u00f6steren bir sa\u011fl\u0131k raporu sunmal\u0131d\u0131r. Sa\u011fl\u0131k raporu taranmal\u0131 ve okula e-posta ile g\u00f6nderilmeli ya da okula d\u00f6n\u00fclen ilk g\u00fcn ibraz edilmelidir. Herhangi bir hastal\u0131k izni d\u00f6neminde yoklama yap\u0131lmayacak, ancak a\u00e7\u0131klanan t\u00fcm devams\u0131zl\u0131klar\u0131n kayd\u0131 tutulacakt\u0131r.   <\/p>\n<p style=\"text-align: justify;\">Hastal\u0131k nedeniyle devams\u0131zl\u0131k yapan ancak sa\u011fl\u0131k raporu sunamayan \u00f6\u011frencilerin devam seviyeleri %85&#8217;in alt\u0131na d\u00fc\u015febilir ve \u00f6nceki durumlar\u0131na ba\u011fl\u0131 olarak uyar\u0131 mektubu veya okuldan at\u0131lma cezas\u0131 alabilirler.<\/p>\n<p style=\"text-align: justify;\"><strong><em> <\/em><\/strong><\/p>\n<p style=\"text-align: justify;\"><strong><em>Planlanmam\u0131\u015f \u0130zin<\/em><\/strong><\/p>\n<p style=\"text-align: justify;\">Programlanmam\u0131\u015f ara talep etmek i\u00e7in \u00f6\u011frenciler, m\u00fcmk\u00fcnse, kendi durumlar\u0131n\u0131 ve programlanm\u0131\u015f derslere ara verme gereksinimlerini g\u00f6r\u00fc\u015fmek \u00fczere okulun E\u011fitim Direkt\u00f6r\u00fc ile bir araya gelmelidir. \u00d6\u011frencinin i\u015f g\u00f6remez durumda olmas\u0131 veya hastaneye yat\u0131r\u0131lmas\u0131 halinde, \u00f6\u011frencinin veya bir yak\u0131n\u0131n\u0131n g\u00f6nderece\u011fi bir e-posta dikkate al\u0131nacakt\u0131r. Her durumda \u00f6\u011frenci, ara verme talebinin de\u011ferlendirmeye al\u0131nabilmesi i\u00e7in hastal\u0131k veya yas kan\u0131t\u0131 sunmal\u0131d\u0131r.  <\/p>\n<p style=\"text-align: justify;\">Planlanmam\u0131\u015f molalar a\u015fa\u011f\u0131daki ko\u015fullar alt\u0131nda dikkate al\u0131nacakt\u0131r:<\/p>\n<p style=\"text-align: justify;\">Bir t\u0131p doktoru taraf\u0131ndan hastal\u0131ktan iyile\u015fme s\u00fcresi boyunca s\u00fcrekli bak\u0131m ve ilgi gerektirdi\u011fi belgelenen bir aile \u00fcyesinin hastal\u0131\u011f\u0131.<\/p>\n<p style=\"text-align: justify;\">Bir aile \u00fcyesiyle ilgili yas.<\/p>\n<p style=\"text-align: justify;\">M\u00fcd\u00fcr\u00fcn talebin samimiyetsiz oldu\u011funu d\u00fc\u015f\u00fcnmesi, yas hastal\u0131\u011f\u0131na ili\u015fkin herhangi bir kan\u0131t sunulmamas\u0131, \u00f6\u011frencilerin devam d\u00fczeylerinin %85&#8217;in alt\u0131nda olmas\u0131 durumunda talepler reddedilebilir.<\/p>\n<p style=\"text-align: justify;\">Onaylans\u0131n ya da reddedilsin t\u00fcm izin talepleri \u00f6\u011frencinin dosyas\u0131na kaydedilecektir.<\/p>\n<p style=\"text-align: justify;\"><strong><em> <\/em><\/strong><\/p>\n<p style=\"text-align: justify;\"><strong><em>Devams\u0131zl\u0131k ve Okuldan At\u0131lma<\/em><\/strong><\/p>\n<p style=\"text-align: justify;\">Ian McElhinney t\u00fcm uyar\u0131 mektuplar\u0131n\u0131n d\u00fczenlenmesinden sorumludur. Uyar\u0131 mektuplar\u0131 normal posta ve e-posta yoluyla g\u00f6nderilecektir. \u00d6\u011frencilerin \u0130rlanda&#8217;da bulunduklar\u0131 s\u0131rada adreslerinde meydana gelen de\u011fi\u015fiklikleri okula bildirmeleri beklenmektedir.  <\/p>\n<p style=\"text-align: justify;\">Bir \u00f6\u011frencinin devaml\u0131l\u0131\u011f\u0131 ba\u015flang\u0131\u00e7ta %85&#8217;in alt\u0131na d\u00fc\u015ft\u00fc\u011f\u00fcnde, okul \u00f6\u011frencilere ilk uyar\u0131 mektubunu verecek ve \u00f6\u011frencilerin 4 haftas\u0131 olacakt\u0131r:<\/p>\n<p style=\"text-align: justify;\">(a) devaml\u0131l\u0131klar\u0131n\u0131 en az %85&#8217;e \u00e7\u0131karmak veya<\/p>\n<p style=\"text-align: justify;\">(b) e\u011fer bu m\u00fcmk\u00fcn de\u011filse derslerinin %100&#8217;\u00fcne kat\u0131lmalar\u0131 gerekir<\/p>\n<p style=\"text-align: justify;\">Buna uyulmamas\u0131 halinde \u00f6\u011frenci ikinci bir uyar\u0131 mektubu alacak ve okul idari personeli ile bir toplant\u0131 yapmak zorunda kalacakt\u0131r. Yine \u00f6\u011frencilerin 4 haftas\u0131 olacakt\u0131r: <\/p>\n<p style=\"text-align: justify;\"><strong><em> <\/em><\/strong><\/p>\n<p style=\"text-align: justify;\">(a) devaml\u0131l\u0131klar\u0131n\u0131 en az %85&#8217;e \u00e7\u0131karmak veya<\/p>\n<p style=\"text-align: justify;\">(b) e\u011fer bu m\u00fcmk\u00fcn de\u011filse derslerinin %100&#8217;\u00fcne kat\u0131lmalar\u0131 gerekir<\/p>\n<p style=\"text-align: justify;\">Buna uyulmamas\u0131 halinde \u00f6\u011frenci \u00fc\u00e7\u00fcnc\u00fc bir uyar\u0131 mektubu alacak ve \u00f6\u011frenci ile okulun E\u011fitim Direkt\u00f6r\u00fc aras\u0131nda bir toplant\u0131 d\u00fczenlenecektir. \u00d6\u011frencilerin 4 hafta s\u00fcresi olacakt\u0131r: <\/p>\n<p style=\"text-align: justify;\"><strong><em> <\/em><\/strong><\/p>\n<p style=\"text-align: justify;\">(a) devaml\u0131l\u0131klar\u0131n\u0131 en az %85&#8217;e \u00e7\u0131karmak veya<\/p>\n<p style=\"text-align: justify;\">(b) e\u011fer bu m\u00fcmk\u00fcn de\u011filse derslerinin %100&#8217;\u00fcne kat\u0131lmalar\u0131 gerekir<\/p>\n<p style=\"text-align: justify;\"><strong><em> <\/em><\/strong><\/p>\n<p style=\"text-align: justify;\">Bu yaz\u0131l\u0131 ve s\u00f6zl\u00fc uyar\u0131n\u0131n ihlali halinde \u00f6\u011frenci \u0130rlanda \u0130ngiliz Koleji&#8217;nden at\u0131lacak, GNIB&#8217;ye \u00f6\u011frencinin derse gelmedi\u011fini, vize y\u00fck\u00fcml\u00fcl\u00fcklerini ihlal etti\u011fini, kurs ve sa\u011fl\u0131k sigortas\u0131n\u0131n sona erdi\u011fini bildiren bir mektup g\u00f6nderilecektir.<\/p>\n<p>&nbsp;<\/p>\n<p style=\"text-align: justify;\"><strong><em>S\u0131nav<\/em><\/strong><\/p>\n<p style=\"text-align: justify;\">AB \u00fcyesi olmayan \u00f6\u011frencilerin program\u0131n sonunda resmi bir s\u0131nav\u0131 tamamlamalar\u0131 gerekmektedir. Akademik Y\u0131l Program\u0131na kat\u0131lan \u00f6\u011frenciler TIE s\u0131nav\u0131na haz\u0131rlanacak ve kurslar\u0131n\u0131n son haftas\u0131nda s\u0131nava gireceklerdir. <\/p>\n<p style=\"text-align: justify;\">Akademik Y\u0131l TIE Kursu, TIE s\u0131nav\u0131 ile sona erecektir<a href=\"http:\/\/www.tie.ie\">(www.tie.ie)<\/a>. TIE s\u0131nav\u0131, \u0130rlanda&#8217;da \u0130ngilizce Dil Okullar\u0131 Dan\u0131\u015fma Konseyi (ACELS) himayesinde geli\u015ftirilen uluslararas\u0131 bir EFL s\u0131nav\u0131d\u0131r. S\u0131nav, her bir \u00f6\u011frenci taraf\u0131ndan se\u00e7ilen i\u00e7erikle g\u00f6rev tabanl\u0131d\u0131r.  <\/p>\n<p style=\"text-align: justify;\">Akademik Y\u0131l TIE Kursuna kay\u0131tl\u0131 \u00f6\u011frenciler, kurslar\u0131n\u0131n sonunda TIE s\u0131nav\u0131na girmekle y\u00fck\u00fcml\u00fcd\u00fcrler. TIE s\u0131nav\u0131n\u0131n \u00fccreti \u0130rlanda&#8217;ya varmadan ve kursa ba\u015flamadan \u00f6nce \u00f6denmelidir. <\/p>\n<p style=\"text-align: justify;\">\u00d6\u011frenci, geli\u015finin ilk haftas\u0131nda Ian McElhinney ile g\u00f6r\u00fc\u015fecek ve program\u0131n ba\u015f\u0131nda \u0130rlanda \u0130ngiliz Koleji&#8217;nin \u00f6\u011frenciyi program sonu s\u0131navlar\u0131na sokaca\u011f\u0131n\u0131 ve s\u0131navlar\u0131n zorunlu oldu\u011funu belirten bir anla\u015fma imzalayacakt\u0131r. \u00d6\u011frenci, s\u0131nav\u0131n zorunlu oldu\u011funu anlad\u0131\u011f\u0131n\u0131 ve s\u0131nava girece\u011fini kabul etti\u011fini belirten s\u00f6zle\u015fmeyi imzalamal\u0131d\u0131r. Bu toplant\u0131 s\u0131ras\u0131nda bir s\u0131nav tarihi belirlenecek ve \u00f6\u011frenciler s\u0131nava kaydedilecektir.  <\/p>\n<p style=\"text-align: justify;\">\u00d6\u011frencilerle, s\u0131nav tarihinden 4 hafta \u00f6nce s\u0131nav tarihlerini ve s\u0131nav saatlerini hat\u0131rlatan okul idari personeli taraf\u0131ndan ileti\u015fime ge\u00e7ilecektir.<\/p>\n<p style=\"text-align: justify;\">Okul, s\u0131nav sonu\u00e7lar\u0131n\u0131 s\u0131nav tarihinden yakla\u015f\u0131k 2 hafta sonra alacakt\u0131r. Okul, s\u0131nav sonu\u00e7lar\u0131n\u0131n al\u0131nmaya haz\u0131r oldu\u011funu \u00f6\u011frenciye e-posta yoluyla bildirecektir. \u00d6\u011frenci \u00fclkeyi \u00e7oktan terk etmi\u015fse, sertifika ve sonu\u00e7lar PDF e-posta ile g\u00f6nderilecek ve orijinalleri kendilerine postalanacakt\u0131r. Al\u0131nan notlar\u0131n bir kayd\u0131 talep \u00fczerine \u00f6\u011frencilere, INIS&#8217;e ve ilgili dahili personele sunulacak ve ilgili veri koruma izinleri \u00f6\u011frencilerle bu do\u011frultuda kararla\u015ft\u0131r\u0131lacakt\u0131r.   <\/p>\n<p>&nbsp;<\/p>\n<p style=\"text-align: justify;\"><strong><em>Sigorta<\/em><\/strong><\/p>\n<p style=\"text-align: justify;\">\u00d6\u011frenci vizesine ihtiya\u00e7 duyan \u00f6\u011frenciler, \u0130rlanda&#8217;da kalacaklar\u0131 s\u00fcreyi kapsayacak yeterli sa\u011fl\u0131k sigortas\u0131na sahip olmal\u0131d\u0131r. Poli\u00e7e \u0130ngilizce olmal\u0131d\u0131r. Okul, bir \u00f6\u011frenci gelmeden \u00f6nce veya var\u0131\u015fta sa\u011fl\u0131k sigortas\u0131 d\u00fczenleyebilir. Maliyeti 105 Euro&#8217;dur. Bu poli\u00e7e \u0130rlanda G\u00f6\u00e7menlik B\u00fcrosu yetkililerinin gerekliliklerini kar\u015f\u0131lamaktad\u0131r.    <\/p>\n<p>&nbsp;<\/p>\n<p style=\"text-align: justify;\"><strong><em>\u00d6\u011frenciler i\u00e7in Koruma<\/em><\/strong><\/p>\n<p style=\"text-align: justify;\">Gerekirse okul, bir program\u0131n zaman\u0131ndan \u00f6nce sona ermesi durumunda \u00f6\u011frencilerin korunmas\u0131na y\u00f6nelik d\u00fczenlemelere sahiptir; \u00f6rne\u011fin, bir \u00f6\u011frencinin \u0130rlanda&#8217;da \u0130ngilizce Pazarlama<a href=\"http:\/\/www.mei.ie\/\">(www.mei.ie)<\/a> \u00fcyeli\u011fi arac\u0131l\u0131\u011f\u0131yla program\u0131 ba\u015fka bir sa\u011flay\u0131c\u0131 (sa\u011flay\u0131c\u0131lar) ile tamamlamas\u0131 i\u00e7in d\u00fczenlemeler. \u00d6\u011frenci koruma d\u00fczenlemeleri, bir \u00f6\u011frencinin bir programa kaydolmas\u0131ndan \u00f6\u011frencinin program\u0131 ve program sonu s\u0131navlar\u0131n\u0131 ba\u015far\u0131yla tamamlamas\u0131na kadar ge\u00e7en s\u00fcreyi kapsar. <\/p>\n<p>&nbsp;<\/p>\n<p style=\"text-align: justify;\"><strong><em>\u00d6\u011frenci \u0130adeleri  <\/em><\/strong><\/p>\n<ul style=\"text-align: justify;\">\n<li>Kursun ba\u015flamas\u0131ndan itibaren 21 g\u00fcn i\u00e7inde yap\u0131lan iptallerde veya \u00f6\u011frencinin program\u0131 tamamlayamamas\u0131 durumunda para iadesi yap\u0131lmaz.<\/li>\n<li>Depozitolar hi\u00e7bir ko\u015fulda iade edilmez.<\/li>\n<li>Var\u0131\u015ftan 21 g\u00fcnden daha uzun s\u00fcre \u00f6nce bildirimde bulunulmas\u0131 halinde k\u0131smi geri \u00f6deme yap\u0131lacakt\u0131r. Bu k\u0131smi geri \u00f6deme a\u015fa\u011f\u0131daki gibidir &#8211; depozitolar iade edilmez, kalan \u00f6\u011frenim \u00fccretleri iade edilir. Ev sahibi aile konaklama rezervasyonu yap\u0131ld\u0131\u011f\u0131nda, aileleri telafi etmek i\u00e7in ek 100 Euro iade edilmeyecektir.  <\/li>\n<li>Yo\u011fun&#8217;dan daha az saatlik di\u011fer kurslara ge\u00e7en \u00f6\u011frenciler i\u00e7in para iadesi yap\u0131lmaz.<\/li>\n<li>Kurs s\u0131ras\u0131nda ka\u00e7\u0131r\u0131lan g\u00fcnler, ge\u00e7 var\u0131\u015f veya erken ayr\u0131l\u0131\u015f ya da resmi tatiller i\u00e7in \u00fccret iadesi yap\u0131lmaz.<\/li>\n<\/ul>\n<p style=\"text-align: justify;\">Para iadeleri, iptal tarihini takip eden en fazla 20 i\u015f g\u00fcn\u00fc i\u00e7inde yap\u0131lacak ve Deirdre Rochford <a href=\"mailto:drochford@iceireland.com\">drochford@iceireland.com<\/a> taraf\u0131ndan i\u015fleme al\u0131nacakt\u0131r. Vize ba\u015fvurusunun reddedilmesi halinde, karar\u0131n sa\u011flay\u0131c\u0131ya ula\u015fmas\u0131n\u0131 takip eden 20 i\u015f g\u00fcn\u00fc i\u00e7erisinde 200 Avro tutar\u0131ndaki iptal \u00fccreti d\u00fc\u015f\u00fclerek para iadesi yap\u0131lacakt\u0131r. <\/p>\n<p style=\"text-align: justify;\"><strong><em>\u015eikayetler ve \u015eikayetler<\/em><\/strong><\/p>\n<p style=\"text-align: justify;\">\u00d6\u011frencilerin \u015fikayetleri veya yak\u0131nmalar\u0131 varsa bunlar\u0131 derhal ofise bildirmeleri gerekmektedir.<\/p>\n<p style=\"text-align: justify;\">Buna \u015funlar dahildir (\u00f6zel liste de\u011fildir);<\/p>\n<ul style=\"text-align: justify;\">\n<li>Ev sahibi aile \/ konaklama sorunlar\u0131<\/li>\n<li>S\u0131n\u0131f sorunlar\u0131 (seviye\/\u00f6\u011fretmen\/di\u011fer \u00f6\u011frenciler\/ders program\u0131\/kurs s\u00fcresi\/final s\u0131navlar\u0131 vb.<\/li>\n<\/ul>\n<p style=\"text-align: justify;\">Bu \u015fikayetlerle ilgilenmekten sorumlu ki\u015fi Susan McElhinney&#8217;dir <a href=\"mailto:info@iceireland.com\">info@iceireland.com<\/a>. Irish College of English, t\u00fcm \u015fikayet ve sorunlar\u0131 48 saat ve en fazla 7 g\u00fcn i\u00e7inde \u00e7\u00f6zmeyi hedeflemektedir. <\/p>\n<p>&nbsp;<\/p>\n<p style=\"text-align: justify;\"><strong>Akreditasyonlar  <\/strong><\/p>\n<p style=\"text-align: justify;\"><a href=\"http:\/\/www.acels.ie\/\" target=\"_blank\" rel=\"noopener noreferrer\">ACELS<\/a><\/p>\n<p style=\"text-align: justify;\"><a href=\"http:\/\/www.tie.ie\/\" target=\"_blank\" rel=\"noopener noreferrer\">KRAVAT<\/a><\/p>\n<p style=\"text-align: justify;\"><a href=\"http:\/\/mei.ie\/\" target=\"_blank\" rel=\"noopener noreferrer\">MEI<\/a><\/p>\n","protected":false},"excerpt":{"rendered":"<p>Akademik Y\u0131l Program\u0131m\u0131z (25 haftal\u0131k e\u011fitim) \u0130rlanda&#8217;da \u00f6\u011frenci e\u011fitim vizesine ihtiya\u00e7 duyan \u00f6\u011frenciler i\u00e7in uygundur ve bu kurs i\u00e7in vize konusunda yard\u0131m sunuyoruz. Bu programa kaydolduktan sonra size e\u011fitim vizesi ba\u015fvurusu i\u00e7in kullanabilece\u011finiz bir kabul mektubu verece\u011fiz. Yeti\u015fkinlere Y\u00f6nelik Tam Zamanl\u0131 \u0130ngilizce Kurslar\u0131 hakk\u0131nda daha fazla bilgi edinmek i\u00e7in l\u00fctfen ba\u011flant\u0131ya t\u0131klay\u0131n. AB\/AEA \u00d6\u011frencileri: AB\/AEA&#8217;dan [&hellip;]<\/p>\n","protected":false},"author":1,"featured_media":0,"parent":32237,"menu_order":0,"comment_status":"open","ping_status":"open","template":"","meta":{"content-type":"","footnotes":""},"class_list":["post-32184","page","type-page","status-publish","hentry"],"yoast_head":"<!-- This site is optimized with the Yoast SEO plugin v27.3 - https:\/\/yoast.com\/product\/yoast-seo-wordpress\/ -->\n<title>\u0130rlanda&#039;da E\u011fitim i\u00e7in \u00d6\u011frenci Vizesi - Irish College of English<\/title>\n<meta name=\"description\" content=\"\u0130rlanda&#039;da e\u011fitim g\u00f6rmek i\u00e7in vizeye ihtiyac\u0131n\u0131z varsa, vize ba\u015fvurunuzla birlikte size en yak\u0131n \u0130rlanda b\u00fcy\u00fckel\u00e7ili\u011fine veya konsoloslu\u011funa sunman\u0131z gereken belgelerin bir listesini burada bulabilirsiniz:\" \/>\n<meta name=\"robots\" content=\"index, follow, max-snippet:-1, max-image-preview:large, max-video-preview:-1\" \/>\n<link rel=\"canonical\" href=\"https:\/\/www.iceireland.com\/tr\/useful-info\/student-visa-for-study-in-ireland\/\" \/>\n<meta property=\"og:locale\" content=\"tr_TR\" \/>\n<meta property=\"og:type\" content=\"article\" \/>\n<meta property=\"og:title\" content=\"\u0130rlanda&#039;da E\u011fitim i\u00e7in \u00d6\u011frenci Vizesi - Irish College of English\" \/>\n<meta property=\"og:description\" content=\"\u0130rlanda&#039;da e\u011fitim g\u00f6rmek i\u00e7in vizeye ihtiyac\u0131n\u0131z varsa, vize ba\u015fvurunuzla birlikte size en yak\u0131n \u0130rlanda b\u00fcy\u00fckel\u00e7ili\u011fine veya konsoloslu\u011funa sunman\u0131z gereken belgelerin bir listesini burada bulabilirsiniz:\" \/>\n<meta property=\"og:url\" content=\"https:\/\/www.iceireland.com\/tr\/useful-info\/student-visa-for-study-in-ireland\/\" \/>\n<meta property=\"og:site_name\" content=\"Irish College of English\" \/>\n<meta property=\"article:modified_time\" content=\"2026-01-30T16:31:34+00:00\" \/>\n<meta name=\"twitter:label1\" content=\"Tahmini okuma s\u00fcresi\" \/>\n\t<meta name=\"twitter:data1\" content=\"10 dakika\" \/>\n<script type=\"application\/ld+json\" class=\"yoast-schema-graph\">{\"@context\":\"https:\\\/\\\/schema.org\",\"@graph\":[{\"@type\":\"WebPage\",\"@id\":\"https:\\\/\\\/www.iceireland.com\\\/tr\\\/useful-info\\\/student-visa-for-study-in-ireland\\\/\",\"url\":\"https:\\\/\\\/www.iceireland.com\\\/tr\\\/useful-info\\\/student-visa-for-study-in-ireland\\\/\",\"name\":\"\u0130rlanda'da E\u011fitim i\u00e7in \u00d6\u011frenci Vizesi - Irish College of English\",\"isPartOf\":{\"@id\":\"https:\\\/\\\/www.iceireland.com\\\/tr\\\/#website\"},\"datePublished\":\"2014-10-20T13:28:21+00:00\",\"dateModified\":\"2026-01-30T16:31:34+00:00\",\"description\":\"\u0130rlanda'da e\u011fitim g\u00f6rmek i\u00e7in vizeye ihtiyac\u0131n\u0131z varsa, vize ba\u015fvurunuzla birlikte size en yak\u0131n \u0130rlanda b\u00fcy\u00fckel\u00e7ili\u011fine veya konsoloslu\u011funa sunman\u0131z gereken belgelerin bir listesini burada bulabilirsiniz:\",\"breadcrumb\":{\"@id\":\"https:\\\/\\\/www.iceireland.com\\\/tr\\\/useful-info\\\/student-visa-for-study-in-ireland\\\/#breadcrumb\"},\"inLanguage\":\"tr\",\"potentialAction\":[{\"@type\":\"ReadAction\",\"target\":[\"https:\\\/\\\/www.iceireland.com\\\/tr\\\/useful-info\\\/student-visa-for-study-in-ireland\\\/\"]}]},{\"@type\":\"BreadcrumbList\",\"@id\":\"https:\\\/\\\/www.iceireland.com\\\/tr\\\/useful-info\\\/student-visa-for-study-in-ireland\\\/#breadcrumb\",\"itemListElement\":[{\"@type\":\"ListItem\",\"position\":1,\"name\":\"Home\",\"item\":\"https:\\\/\\\/www.iceireland.com\\\/tr\\\/\"},{\"@type\":\"ListItem\",\"position\":2,\"name\":\"Faydal\u0131 Bilgiler\",\"item\":\"https:\\\/\\\/www.iceireland.com\\\/tr\\\/useful-info\\\/\"},{\"@type\":\"ListItem\",\"position\":3,\"name\":\"\u0130rlanda&#8217;da E\u011fitim i\u00e7in \u00d6\u011frenci Vizesi\"}]},{\"@type\":\"WebSite\",\"@id\":\"https:\\\/\\\/www.iceireland.com\\\/tr\\\/#website\",\"url\":\"https:\\\/\\\/www.iceireland.com\\\/tr\\\/\",\"name\":\"Irish College of English\",\"description\":\"English School in Dublin, Malahide\",\"publisher\":{\"@id\":\"https:\\\/\\\/www.iceireland.com\\\/tr\\\/#organization\"},\"potentialAction\":[{\"@type\":\"SearchAction\",\"target\":{\"@type\":\"EntryPoint\",\"urlTemplate\":\"https:\\\/\\\/www.iceireland.com\\\/tr\\\/?s={search_term_string}\"},\"query-input\":{\"@type\":\"PropertyValueSpecification\",\"valueRequired\":true,\"valueName\":\"search_term_string\"}}],\"inLanguage\":\"tr\"},{\"@type\":\"Organization\",\"@id\":\"https:\\\/\\\/www.iceireland.com\\\/tr\\\/#organization\",\"name\":\"Irish College of English\",\"url\":\"https:\\\/\\\/www.iceireland.com\\\/tr\\\/\",\"logo\":{\"@type\":\"ImageObject\",\"inLanguage\":\"tr\",\"@id\":\"https:\\\/\\\/www.iceireland.com\\\/tr\\\/#\\\/schema\\\/logo\\\/image\\\/\",\"url\":\"https:\\\/\\\/www.iceireland.com\\\/wp-content\\\/uploads\\\/2022\\\/03\\\/logo.png\",\"contentUrl\":\"https:\\\/\\\/www.iceireland.com\\\/wp-content\\\/uploads\\\/2022\\\/03\\\/logo.png\",\"width\":593,\"height\":92,\"caption\":\"Irish College of English\"},\"image\":{\"@id\":\"https:\\\/\\\/www.iceireland.com\\\/tr\\\/#\\\/schema\\\/logo\\\/image\\\/\"}}]}<\/script>\n<!-- \/ Yoast SEO plugin. -->","yoast_head_json":{"title":"\u0130rlanda'da E\u011fitim i\u00e7in \u00d6\u011frenci Vizesi - Irish College of English","description":"\u0130rlanda'da e\u011fitim g\u00f6rmek i\u00e7in vizeye ihtiyac\u0131n\u0131z varsa, vize ba\u015fvurunuzla birlikte size en yak\u0131n \u0130rlanda b\u00fcy\u00fckel\u00e7ili\u011fine veya konsoloslu\u011funa sunman\u0131z gereken belgelerin bir listesini burada bulabilirsiniz:","robots":{"index":"index","follow":"follow","max-snippet":"max-snippet:-1","max-image-preview":"max-image-preview:large","max-video-preview":"max-video-preview:-1"},"canonical":"https:\/\/www.iceireland.com\/tr\/useful-info\/student-visa-for-study-in-ireland\/","og_locale":"tr_TR","og_type":"article","og_title":"\u0130rlanda'da E\u011fitim i\u00e7in \u00d6\u011frenci Vizesi - Irish College of English","og_description":"\u0130rlanda'da e\u011fitim g\u00f6rmek i\u00e7in vizeye ihtiyac\u0131n\u0131z varsa, vize ba\u015fvurunuzla birlikte size en yak\u0131n \u0130rlanda b\u00fcy\u00fckel\u00e7ili\u011fine veya konsoloslu\u011funa sunman\u0131z gereken belgelerin bir listesini burada bulabilirsiniz:","og_url":"https:\/\/www.iceireland.com\/tr\/useful-info\/student-visa-for-study-in-ireland\/","og_site_name":"Irish College of English","article_modified_time":"2026-01-30T16:31:34+00:00","twitter_misc":{"Tahmini okuma s\u00fcresi":"10 dakika"},"schema":{"@context":"https:\/\/schema.org","@graph":[{"@type":"WebPage","@id":"https:\/\/www.iceireland.com\/tr\/useful-info\/student-visa-for-study-in-ireland\/","url":"https:\/\/www.iceireland.com\/tr\/useful-info\/student-visa-for-study-in-ireland\/","name":"\u0130rlanda'da E\u011fitim i\u00e7in \u00d6\u011frenci Vizesi - Irish College of English","isPartOf":{"@id":"https:\/\/www.iceireland.com\/tr\/#website"},"datePublished":"2014-10-20T13:28:21+00:00","dateModified":"2026-01-30T16:31:34+00:00","description":"\u0130rlanda'da e\u011fitim g\u00f6rmek i\u00e7in vizeye ihtiyac\u0131n\u0131z varsa, vize ba\u015fvurunuzla birlikte size en yak\u0131n \u0130rlanda b\u00fcy\u00fckel\u00e7ili\u011fine veya konsoloslu\u011funa sunman\u0131z gereken belgelerin bir listesini burada bulabilirsiniz:","breadcrumb":{"@id":"https:\/\/www.iceireland.com\/tr\/useful-info\/student-visa-for-study-in-ireland\/#breadcrumb"},"inLanguage":"tr","potentialAction":[{"@type":"ReadAction","target":["https:\/\/www.iceireland.com\/tr\/useful-info\/student-visa-for-study-in-ireland\/"]}]},{"@type":"BreadcrumbList","@id":"https:\/\/www.iceireland.com\/tr\/useful-info\/student-visa-for-study-in-ireland\/#breadcrumb","itemListElement":[{"@type":"ListItem","position":1,"name":"Home","item":"https:\/\/www.iceireland.com\/tr\/"},{"@type":"ListItem","position":2,"name":"Faydal\u0131 Bilgiler","item":"https:\/\/www.iceireland.com\/tr\/useful-info\/"},{"@type":"ListItem","position":3,"name":"\u0130rlanda&#8217;da E\u011fitim i\u00e7in \u00d6\u011frenci Vizesi"}]},{"@type":"WebSite","@id":"https:\/\/www.iceireland.com\/tr\/#website","url":"https:\/\/www.iceireland.com\/tr\/","name":"Irish College of English","description":"English School in Dublin, Malahide","publisher":{"@id":"https:\/\/www.iceireland.com\/tr\/#organization"},"potentialAction":[{"@type":"SearchAction","target":{"@type":"EntryPoint","urlTemplate":"https:\/\/www.iceireland.com\/tr\/?s={search_term_string}"},"query-input":{"@type":"PropertyValueSpecification","valueRequired":true,"valueName":"search_term_string"}}],"inLanguage":"tr"},{"@type":"Organization","@id":"https:\/\/www.iceireland.com\/tr\/#organization","name":"Irish College of English","url":"https:\/\/www.iceireland.com\/tr\/","logo":{"@type":"ImageObject","inLanguage":"tr","@id":"https:\/\/www.iceireland.com\/tr\/#\/schema\/logo\/image\/","url":"https:\/\/www.iceireland.com\/wp-content\/uploads\/2022\/03\/logo.png","contentUrl":"https:\/\/www.iceireland.com\/wp-content\/uploads\/2022\/03\/logo.png","width":593,"height":92,"caption":"Irish College of English"},"image":{"@id":"https:\/\/www.iceireland.com\/tr\/#\/schema\/logo\/image\/"}}]}},"_links":{"self":[{"href":"https:\/\/www.iceireland.com\/tr\/wp-json\/wp\/v2\/pages\/32184","targetHints":{"allow":["GET"]}}],"collection":[{"href":"https:\/\/www.iceireland.com\/tr\/wp-json\/wp\/v2\/pages"}],"about":[{"href":"https:\/\/www.iceireland.com\/tr\/wp-json\/wp\/v2\/types\/page"}],"author":[{"embeddable":true,"href":"https:\/\/www.iceireland.com\/tr\/wp-json\/wp\/v2\/users\/1"}],"replies":[{"embeddable":true,"href":"https:\/\/www.iceireland.com\/tr\/wp-json\/wp\/v2\/comments?post=32184"}],"version-history":[{"count":1,"href":"https:\/\/www.iceireland.com\/tr\/wp-json\/wp\/v2\/pages\/32184\/revisions"}],"predecessor-version":[{"id":32238,"href":"https:\/\/www.iceireland.com\/tr\/wp-json\/wp\/v2\/pages\/32184\/revisions\/32238"}],"up":[{"embeddable":true,"href":"https:\/\/www.iceireland.com\/tr\/wp-json\/wp\/v2\/pages\/32237"}],"wp:attachment":[{"href":"https:\/\/www.iceireland.com\/tr\/wp-json\/wp\/v2\/media?parent=32184"}],"curies":[{"name":"wp","href":"https:\/\/api.w.org\/{rel}","templated":true}]}}